{"id":2231,"date":"2023-10-02T13:46:30","date_gmt":"2023-10-02T13:46:30","guid":{"rendered":"http:\/\/odgovoren-za-zdravje.si\/?page_id=2231"},"modified":"2024-02-09T12:59:04","modified_gmt":"2024-02-09T12:59:04","slug":"cepljenje-proti-c19","status":"publish","type":"page","link":"https:\/\/odgovoren-za-zdravje.si\/?page_id=2231","title":{"rendered":"CEPLJENJE PROTI C-19"},"content":{"rendered":"<div id=\"pl-gb2231-69ef6eb397700\"  class=\"panel-layout\" ><div id=\"pg-gb2231-69ef6eb397700-0\"  class=\"panel-grid panel-has-style\" ><div class=\"siteorigin-panels-stretch panel-row-style panel-row-style-for-gb2231-69ef6eb397700-0\" data-stretch-type=\"full-width-stretch\" ><div id=\"pgc-gb2231-69ef6eb397700-0-0\"  class=\"panel-grid-cell\" ><div id=\"panel-gb2231-69ef6eb397700-0-0-0\" class=\"so-panel widget widget_sow-image panel-first-child panel-last-child\" data-index=\"0\" ><div\n\t\t\t\n\t\t\tclass=\"so-widget-sow-image so-widget-sow-image-default-8b5b6f678277-2231\"\n\t\t\t\n\t\t>\n<div class=\"sow-image-container\">\n\t\t<img \n\tsrc=\"https:\/\/odgovoren-za-zdravje.si\/wp-content\/uploads\/2023\/10\/Cepljenje-naslovna-slika-1.png\" width=\"2560\" height=\"600\" srcset=\"https:\/\/odgovoren-za-zdravje.si\/wp-content\/uploads\/2023\/10\/Cepljenje-naslovna-slika-1.png 2560w, https:\/\/odgovoren-za-zdravje.si\/wp-content\/uploads\/2023\/10\/Cepljenje-naslovna-slika-1-300x70.png 300w, https:\/\/odgovoren-za-zdravje.si\/wp-content\/uploads\/2023\/10\/Cepljenje-naslovna-slika-1-1024x240.png 1024w, https:\/\/odgovoren-za-zdravje.si\/wp-content\/uploads\/2023\/10\/Cepljenje-naslovna-slika-1-768x180.png 768w, https:\/\/odgovoren-za-zdravje.si\/wp-content\/uploads\/2023\/10\/Cepljenje-naslovna-slika-1-1536x360.png 1536w, https:\/\/odgovoren-za-zdravje.si\/wp-content\/uploads\/2023\/10\/Cepljenje-naslovna-slika-1-2048x480.png 2048w\" sizes=\"(max-width: 2560px) 100vw, 2560px\" title=\"Cepljenje &#8211; naslovna slika (1)\" alt=\"\" \t\tclass=\"so-widget-image\"\/>\n\t<\/div>\n\n<\/div><\/div><\/div><\/div><\/div><div id=\"pg-gb2231-69ef6eb397700-1\"  class=\"panel-grid panel-no-style\" ><div id=\"pgc-gb2231-69ef6eb397700-1-0\"  class=\"panel-grid-cell\" ><div id=\"panel-gb2231-69ef6eb397700-1-0-0\" class=\"so-panel widget widget_themegrill_flash_heading tg-widget section-title-wrapper panel-first-child panel-last-child\" data-index=\"1\" >\t<h3 class=\"section-title\">CEPLJENJE PROTI C-19<\/h3>\n<\/div><\/div><\/div><div id=\"pg-gb2231-69ef6eb397700-2\"  class=\"panel-grid panel-has-style\" ><div class=\"slikaintekst-boks panel-row-style panel-row-style-for-gb2231-69ef6eb397700-2\" ><div id=\"pgc-gb2231-69ef6eb397700-2-0\"  class=\"panel-grid-cell\" ><div id=\"panel-gb2231-69ef6eb397700-2-0-0\" class=\"so-panel widget widget_sow-editor panel-first-child panel-last-child\" data-index=\"2\" ><div class=\"panel-widget-style panel-widget-style-for-gb2231-69ef6eb397700-2-0-0\" ><div\n\t\t\t\n\t\t\tclass=\"so-widget-sow-editor so-widget-sow-editor-base\"\n\t\t\t\n\t\t>\n<div class=\"siteorigin-widget-tinymce textwidget\">\n\t<p class=\"western\" lang=\"sl-SI\" align=\"center\"><span style=\"color: #1f2937;\">\u201c<span style=\"font-family: Calibri, serif;\"><span style=\"font-size: medium;\"><span style=\"font-family: Helvetica, serif;\"><i><b>Sodelujo\u010da dr\u017eava \u010dlanica priznava, da\u00a0<\/b><\/i><\/span><\/span><span style=\"font-family: Helvetica, serif;\"><i><b>dolgoro\u010dni u\u010dinki<\/b><\/i><\/span><span style=\"font-family: Helvetica, serif;\"><i><b>\u00a0in\u00a0<\/b><\/i><\/span><span style=\"font-family: Helvetica, serif;\"><i><b>u\u010dinkovitost cepiva<\/b><\/i><\/span><span style=\"font-family: Helvetica, serif;\"><i><b>\u00a0trenutno niso znani in da lahko obstajajo \u0161kodljivi u\u010dinki cepiva, ki trenutno niso znani.\u201c<\/b><\/i><\/span><\/span><\/span><\/p>\n<p class=\"western\" lang=\"sl-SI\" align=\"center\"><span style=\"font-family: Calibri, serif;\"><span style=\"font-size: medium;\"><span style=\"color: #1f2937;\"><span style=\"font-family: Helvetica, serif;\"><i>(<a href=\"https:\/\/odgovoren-za-zdravje.si\/wp-content\/uploads\/2022\/10\/NAROCILNICA-prevod.pdf\">pogodba<\/a> z<\/i><\/span><\/span><span style=\"color: #1f2937;\"><span style=\"font-family: Helvetica, serif;\"><i>a dobavo cepiv med na\u0161o vlado in podjetjem Pfizer).<\/i><\/span><\/span><\/span><\/span><\/p>\n<\/div>\n<\/div><\/div><\/div><\/div><\/div><\/div><div id=\"pg-gb2231-69ef6eb397700-3\"  class=\"panel-grid panel-has-style\" ><div class=\"slikaintekst-boks3 panel-row-style panel-row-style-for-gb2231-69ef6eb397700-3\" ><div id=\"pgc-gb2231-69ef6eb397700-3-0\"  class=\"panel-grid-cell\" ><div id=\"panel-gb2231-69ef6eb397700-3-0-0\" class=\"so-panel widget widget_sow-image panel-first-child panel-last-child\" data-index=\"3\" ><div\n\t\t\t\n\t\t\tclass=\"so-widget-sow-image so-widget-sow-image-default-8b5b6f678277-2231\"\n\t\t\t\n\t\t>\n<div class=\"sow-image-container\">\n\t\t<img \n\tsrc=\"https:\/\/odgovoren-za-zdravje.si\/wp-content\/uploads\/2023\/10\/Razvoj-cepiv-slika.png\" width=\"1000\" height=\"800\" srcset=\"https:\/\/odgovoren-za-zdravje.si\/wp-content\/uploads\/2023\/10\/Razvoj-cepiv-slika.png 1000w, https:\/\/odgovoren-za-zdravje.si\/wp-content\/uploads\/2023\/10\/Razvoj-cepiv-slika-300x240.png 300w, https:\/\/odgovoren-za-zdravje.si\/wp-content\/uploads\/2023\/10\/Razvoj-cepiv-slika-768x614.png 768w\" sizes=\"(max-width: 1000px) 100vw, 1000px\" title=\"Razvoj cepiv &#8211; slika\" alt=\"\" \t\tclass=\"so-widget-image\"\/>\n\t<\/div>\n\n<\/div><\/div><\/div><div id=\"pgc-gb2231-69ef6eb397700-3-1\"  class=\"panel-grid-cell\" ><div id=\"panel-gb2231-69ef6eb397700-3-1-0\" class=\"so-panel widget widget_sow-editor panel-first-child panel-last-child\" data-index=\"4\" ><div\n\t\t\t\n\t\t\tclass=\"so-widget-sow-editor so-widget-sow-editor-base\"\n\t\t\t\n\t\t>\n<div class=\"siteorigin-widget-tinymce textwidget\">\n\t<p lang=\"sl-SI\" style=\"text-align: justify;\" align=\"left\"><span style=\"font-family: Liberation Serif, serif;\"><span style=\"font-size: medium;\"><span style=\"font-family: Helvetica, serif;\">Navadno <\/span><span style=\"color: #000000;\"><span style=\"font-family: Helvetica, serif;\"><b>razvoj cepiva traja najmanj 5 do ponavadi 10 do 15 let,<\/b><\/span><\/span><span style=\"color: #000000;\"><span style=\"font-family: Helvetica, serif;\"> da se lahko dobro razi\u0161\u010de vse, tudi srednjero\u010dne in dolgoro\u010dne vplive na zdravje. Otroke cepljenih nose\u010dnic spremljajo \u0161e vsaj do 7. leta. Cepiva proti C-19 so bila razvita in odobrena za uporabo v le nekaj mesecih, <\/span><\/span><span style=\"color: #000000;\"><span style=\"font-family: Helvetica, serif;\">saj domnevno <\/span><\/span><span style=\"color: #000000;\"><span style=\"font-family: Helvetica, serif;\"><i><b>\u201cni bilo na voljo drugih u\u010dinkovitih in varnih zdravil in, ker je bila bolezen tako smrtonosna in nevarna\u201c.<\/b><\/i><\/span><\/span><b> <\/b><span style=\"color: #000000;\"><span style=\"font-family: Helvetica, serif;\">In seveda, ker naj bi se cepiva izkazala za <\/span><\/span><span style=\"color: #000000;\"><span style=\"font-family: Helvetica, serif;\"><b>\u201cvarna in u\u010dinkovita\u201c, <\/b><\/span><\/span><span style=\"color: #000000;\"><span style=\"font-family: Helvetica, serif;\">celo za nose\u010dnice in otroke. <\/span><\/span><span style=\"color: #000000;\"><span style=\"font-family: Helvetica, serif;\"><b>Je bilo cepljenje z novo, ne dovolj preizku\u0161eno tehnologijo res edina varna in u\u010dinkovita re\u0161itev?<\/b><\/span><\/span><\/span><\/span><\/p>\n<\/div>\n<\/div><\/div><\/div><\/div><\/div><div id=\"pg-gb2231-69ef6eb397700-4\"  class=\"panel-grid panel-no-style\" ><div id=\"pgc-gb2231-69ef6eb397700-4-0\"  class=\"panel-grid-cell\" ><div id=\"panel-gb2231-69ef6eb397700-4-0-0\" class=\"so-panel widget widget_sow-editor panel-first-child panel-last-child\" data-index=\"5\" ><div class=\"besedilo-strani panel-widget-style panel-widget-style-for-gb2231-69ef6eb397700-4-0-0\" ><div\n\t\t\t\n\t\t\tclass=\"so-widget-sow-editor so-widget-sow-editor-base\"\n\t\t\t\n\t\t>\n<div class=\"siteorigin-widget-tinymce textwidget\">\n\t<h3 lang=\"sl-SI\" style=\"text-align: center;\" align=\"center\">Kako (ne)u\u010dinkovito in (ne)varno je cepljenje?<\/h3>\n<\/div>\n<\/div><\/div><\/div><\/div><\/div><div id=\"pg-gb2231-69ef6eb397700-5\"  class=\"panel-grid panel-has-style\" ><div class=\"slikaintekst-boks panel-row-style panel-row-style-for-gb2231-69ef6eb397700-5\" ><div id=\"pgc-gb2231-69ef6eb397700-5-0\"  class=\"panel-grid-cell\" ><div id=\"panel-gb2231-69ef6eb397700-5-0-0\" class=\"so-panel widget widget_sow-editor panel-first-child panel-last-child\" data-index=\"6\" ><div class=\"panel-widget-style panel-widget-style-for-gb2231-69ef6eb397700-5-0-0\" ><div\n\t\t\t\n\t\t\tclass=\"so-widget-sow-editor so-widget-sow-editor-base\"\n\t\t\t\n\t\t>\n<div class=\"siteorigin-widget-tinymce textwidget\">\n\t<p class=\"western\" lang=\"sl-SI\" align=\"center\"><span style=\"font-family: Calibri, serif;\"><span style=\"font-size: medium;\"><span style=\"color: #000000;\"><span style=\"font-family: Helvetica, serif;\"><b>\u0160tevilni strokovnjaki opozarjajo <\/b><\/span><\/span><span style=\"font-family: Helvetica, serif;\"><b>na prete\u010do nevarnost zdravstvene, socialne in gospodarske krize zaradi dolgoro\u010dnih posledic vnosa genskih pripravkov v organizem in pozivajo k ukrepanju.<\/b><\/span><\/span><\/span><\/p>\n<\/div>\n<\/div><\/div><\/div><\/div><\/div><\/div><div id=\"pg-gb2231-69ef6eb397700-6\"  class=\"panel-grid panel-no-style\" ><div id=\"pgc-gb2231-69ef6eb397700-6-0\"  class=\"panel-grid-cell\" ><div id=\"panel-gb2231-69ef6eb397700-6-0-0\" class=\"so-panel widget widget_sow-editor panel-first-child panel-last-child\" data-index=\"7\" ><div class=\"besedilo-strani panel-widget-style panel-widget-style-for-gb2231-69ef6eb397700-6-0-0\" ><div\n\t\t\t\n\t\t\tclass=\"so-widget-sow-editor so-widget-sow-editor-base\"\n\t\t\t\n\t\t>\n<div class=\"siteorigin-widget-tinymce textwidget\">\n\t<p class=\"western\" lang=\"sl-SI\" style=\"text-align: justify;\"><span style=\"font-family: Calibri, serif;\"><span style=\"font-size: medium;\"><span style=\"color: #000000;\"><span style=\"font-family: Helvetica, serif;\"><b>Kako u\u010dinkovito nova cepiva prepre\u010dujejo te\u017eje poteke in smrti? <\/b><\/span><\/span><span style=\"color: #000000;\"><span style=\"font-family: Helvetica, serif;\">Zakaj so prese\u017ene smrti zelo visoke <\/span><\/span><span style=\"font-family: Helvetica, serif;\">tudi v letih 2021-2023, ko bi morala biti kovidna zdravstvena kriza, na podlagi napovedane u\u010dinkovitosti cepiv, \u017ee kon\u010dana? <\/span><span style=\"font-family: Helvetica, serif;\">Zakaj je v EU <\/span><span style=\"font-family: Helvetica, serif;\"><b>prese\u017ena smrtnost ve\u010dja v dr\u017eavah z vi\u0161jo precepljenostjo <\/b><\/span><span style=\"font-family: Helvetica, serif;\">in ni\u017eja ali negativna v manj precepljenih dr\u017eavah? <\/span><\/span><\/span><\/p>\n<p class=\"western\" lang=\"sl-SI\" style=\"text-align: justify;\"><span style=\"font-family: Liberation Serif, serif;\"><span style=\"font-size: medium;\"><span style=\"color: #000000;\"><span style=\"font-family: Helvetica, serif;\"><b>Varnostne \u0161tudije proizvajalcev so pomanjkljive ali celo ne obstajajo. <\/b><\/span><\/span><span style=\"font-family: Helvetica, serif;\">Vedno ve\u010d <\/span><span style=\"color: #000000;\"><span style=\"font-family: Helvetica, serif;\">je<\/span><\/span> <span style=\"font-family: Helvetica, serif;\">dokazov, \u0161tudij in pri\u010danj <\/span><span style=\"font-family: Helvetica, serif;\"><b>o \u0161tevilnih resnih bolezni zaradi cepljenja<\/b><\/span><span style=\"font-family: Helvetica, serif;\">. K<\/span><span style=\"color: #000000;\"><span style=\"font-family: Helvetica, serif;\">er<\/span><\/span><span style=\"color: #000000;\"><span style=\"font-family: Helvetica, serif;\"><b> zdravniki ne\u017eelenih u\u010dinkov pogosto ne prepoznajo in ne prijavijo pristojnim<\/b><\/span><\/span><span style=\"color: #000000;\"><span style=\"font-family: Helvetica, serif;\">, je \u0161tevilo ne\u017eelenih u\u010dinkov podcenjeno in omejeno na kratko obdobje po cepljenju, \u010deprav se lahko simptomi po\u0161kodbe po cepljenju pojavijo tudi <\/span><\/span><span style=\"color: #000000;\"><span style=\"font-family: Helvetica, serif;\"><b>ve\u010d mesecev ali celo let po prejemu zadnjega odmerka. <\/b><\/span><\/span><\/span><\/span><\/p>\n<\/div>\n<\/div><\/div><\/div><\/div><\/div><div id=\"pg-gb2231-69ef6eb397700-7\"  class=\"panel-grid panel-no-style\" ><div id=\"pgc-gb2231-69ef6eb397700-7-0\"  class=\"panel-grid-cell\" ><div id=\"panel-gb2231-69ef6eb397700-7-0-0\" class=\"so-panel widget widget_siteorigin-panels-builder panel-first-child panel-last-child\" data-index=\"8\" ><div class=\"besedilo-strani panel-widget-style panel-widget-style-for-gb2231-69ef6eb397700-7-0-0\" ><div id=\"pl-w65c62196573ab\"  class=\"panel-layout\" ><div id=\"pg-w65c62196573ab-0\"  class=\"panel-grid panel-has-style\" ><div class=\"panel-row-style panel-row-style-for-w65c62196573ab-0\" ><div id=\"pgc-w65c62196573ab-0-0\"  class=\"panel-grid-cell\" ><div class=\"prikazni-boks-celota panel-cell-style panel-cell-style-for-w65c62196573ab-0-0\" ><div id=\"panel-w65c62196573ab-0-0-0\" class=\"so-panel widget widget_sow-image panel-first-child\" data-index=\"0\" ><div\n\t\t\t\n\t\t\tclass=\"so-widget-sow-image so-widget-sow-image-default-8b5b6f678277\"\n\t\t\t\n\t\t>\n<div class=\"sow-image-container\">\n\t\t<img \n\tsrc=\"https:\/\/odgovoren-za-zdravje.si\/wp-content\/uploads\/2023\/10\/Ucinkovitost-cepiv-box-slika.png\" width=\"2000\" height=\"1300\" srcset=\"https:\/\/odgovoren-za-zdravje.si\/wp-content\/uploads\/2023\/10\/Ucinkovitost-cepiv-box-slika.png 2000w, https:\/\/odgovoren-za-zdravje.si\/wp-content\/uploads\/2023\/10\/Ucinkovitost-cepiv-box-slika-300x195.png 300w, https:\/\/odgovoren-za-zdravje.si\/wp-content\/uploads\/2023\/10\/Ucinkovitost-cepiv-box-slika-1024x666.png 1024w, https:\/\/odgovoren-za-zdravje.si\/wp-content\/uploads\/2023\/10\/Ucinkovitost-cepiv-box-slika-768x499.png 768w, https:\/\/odgovoren-za-zdravje.si\/wp-content\/uploads\/2023\/10\/Ucinkovitost-cepiv-box-slika-1536x998.png 1536w\" sizes=\"(max-width: 2000px) 100vw, 2000px\" title=\"Uc\u030cinkovitost cepiv &#8211; box slika\" alt=\"\" \t\tclass=\"so-widget-image\"\/>\n\t<\/div>\n\n<\/div><\/div><div id=\"panel-w65c62196573ab-0-0-1\" class=\"so-panel widget widget_themegrill_flash_service tg-widget tg-single-service panel-last-child\" data-index=\"1\" ><div class=\"prikazni-boks2 panel-widget-style panel-widget-style-for-w65c62196573ab-0-0-1\" >\n<div class=\"tg-service-widget tg-service-layout-2\">\n\t<div class=\"service-wrapper\">\n\t\t<div class=\"service-icon-title-wrapper clearfix\">\n\t\t\t\t\t\t\t\t\t\t\t\t<h3 class=\"service-title-wrap\">\n\t\t\t\t\t\t\t\t<a href=\"https:\/\/odgovoren-za-zdravje.si\/ali-so-cepiva-proti-c-19-ucinkovita\/\">\n\t\t\t\tU\u010cINKOVITOST\t\t\t\t\t\t\t\t<\/a>\n\t\t\t\t\t\t\t<\/h3>\n\t\t\t\t\t<\/div>\n\t\t\t\t<div class=\"service-content-wrap\">Znano je, da je u\u010dinkovitost cepiv pomanjkljiva in kratkotrajna. Statistike in \u0161tudije pa ka\u017eejo, da imajo cepljeni zaradi imunskih pomanjkljivosti celo ve\u010dje mo\u017enosti za te\u017eje poteke in smrt zaradi kovida kot necepljeni, kar potrjuje rezultate \u0161tudij pred letom 2020.<\/div>\n\t\t\t\t\t\t<a class=\"service-more\" href=\"https:\/\/odgovoren-za-zdravje.si\/ali-so-cepiva-proti-c-19-ucinkovita\/\">Preberi ve\u010d<\/a>\n\t\t\t<\/div>\n<\/div>\n<\/div><\/div><\/div><\/div><div id=\"pgc-w65c62196573ab-0-1\"  class=\"panel-grid-cell\" ><div class=\"prikazni-boks-celota panel-cell-style panel-cell-style-for-w65c62196573ab-0-1\" ><div id=\"panel-w65c62196573ab-0-1-0\" class=\"so-panel widget widget_sow-image panel-first-child\" data-index=\"2\" ><div\n\t\t\t\n\t\t\tclass=\"so-widget-sow-image so-widget-sow-image-default-8b5b6f678277\"\n\t\t\t\n\t\t>\n<div class=\"sow-image-container\">\n\t\t<img \n\tsrc=\"https:\/\/odgovoren-za-zdravje.si\/wp-content\/uploads\/2023\/10\/Varnost-cepiv-box-slika.png\" width=\"2000\" height=\"1300\" srcset=\"https:\/\/odgovoren-za-zdravje.si\/wp-content\/uploads\/2023\/10\/Varnost-cepiv-box-slika.png 2000w, https:\/\/odgovoren-za-zdravje.si\/wp-content\/uploads\/2023\/10\/Varnost-cepiv-box-slika-300x195.png 300w, https:\/\/odgovoren-za-zdravje.si\/wp-content\/uploads\/2023\/10\/Varnost-cepiv-box-slika-1024x666.png 1024w, https:\/\/odgovoren-za-zdravje.si\/wp-content\/uploads\/2023\/10\/Varnost-cepiv-box-slika-768x499.png 768w, https:\/\/odgovoren-za-zdravje.si\/wp-content\/uploads\/2023\/10\/Varnost-cepiv-box-slika-1536x998.png 1536w\" sizes=\"(max-width: 2000px) 100vw, 2000px\" title=\"Varnost cepiv &#8211; box slika\" alt=\"\" \t\tclass=\"so-widget-image\"\/>\n\t<\/div>\n\n<\/div><\/div><div id=\"panel-w65c62196573ab-0-1-1\" class=\"so-panel widget widget_themegrill_flash_service tg-widget tg-single-service panel-last-child\" data-index=\"3\" ><div class=\"prikazni-boks2 panel-widget-style panel-widget-style-for-w65c62196573ab-0-1-1\" >\n<div class=\"tg-service-widget tg-service-layout-2\">\n\t<div class=\"service-wrapper\">\n\t\t<div class=\"service-icon-title-wrapper clearfix\">\n\t\t\t\t\t\t\t\t\t\t\t\t<h3 class=\"service-title-wrap\">\n\t\t\t\t\t\t\t\t<a href=\"https:\/\/odgovoren-za-zdravje.si\/varnost-cepljenja\/\">\n\t\t\t\tVARNOST\t\t\t\t\t\t\t\t<\/a>\n\t\t\t\t\t\t\t<\/h3>\n\t\t\t\t\t<\/div>\n\t\t\t\t<div class=\"service-content-wrap\">Ta cepiva temeljijo na novi, potencialno nevarni, genski tehnologiji. Varnostne \u0161tudije proizvajalcev cepiv so pomanjkljive in ne vsebujejo \u0161tudij o farmakolo\u0161kem delovanju, genotoksi\u010dnosti, rakotvornosti, nevrotoksi\u010dnosti, kardiotoksi\u010dnosti, vplivu na mo\u0161ko in \u017eensko plodnost itd.<\/div>\n\t\t\t\t\t\t<a class=\"service-more\" href=\"https:\/\/odgovoren-za-zdravje.si\/varnost-cepljenja\/\">Preberi ve\u010d<\/a>\n\t\t\t<\/div>\n<\/div>\n<\/div><\/div><\/div><\/div><div id=\"pgc-w65c62196573ab-0-2\"  class=\"panel-grid-cell\" ><div class=\"prikazni-boks-celota panel-cell-style panel-cell-style-for-w65c62196573ab-0-2\" ><div id=\"panel-w65c62196573ab-0-2-0\" class=\"so-panel widget widget_sow-image panel-first-child\" data-index=\"4\" ><div\n\t\t\t\n\t\t\tclass=\"so-widget-sow-image so-widget-sow-image-default-8b5b6f678277\"\n\t\t\t\n\t\t>\n<div class=\"sow-image-container\">\n\t\t<img \n\tsrc=\"https:\/\/odgovoren-za-zdravje.si\/wp-content\/uploads\/2023\/10\/Nezeleni-ucinki-box-slika.png\" width=\"2000\" height=\"1300\" srcset=\"https:\/\/odgovoren-za-zdravje.si\/wp-content\/uploads\/2023\/10\/Nezeleni-ucinki-box-slika.png 2000w, https:\/\/odgovoren-za-zdravje.si\/wp-content\/uploads\/2023\/10\/Nezeleni-ucinki-box-slika-300x195.png 300w, https:\/\/odgovoren-za-zdravje.si\/wp-content\/uploads\/2023\/10\/Nezeleni-ucinki-box-slika-1024x666.png 1024w, https:\/\/odgovoren-za-zdravje.si\/wp-content\/uploads\/2023\/10\/Nezeleni-ucinki-box-slika-768x499.png 768w, https:\/\/odgovoren-za-zdravje.si\/wp-content\/uploads\/2023\/10\/Nezeleni-ucinki-box-slika-1536x998.png 1536w\" sizes=\"(max-width: 2000px) 100vw, 2000px\" title=\"Nez\u030celeni uc\u030cinki &#8211; box slika\" alt=\"\" \t\tclass=\"so-widget-image\"\/>\n\t<\/div>\n\n<\/div><\/div><div id=\"panel-w65c62196573ab-0-2-1\" class=\"so-panel widget widget_themegrill_flash_service tg-widget tg-single-service panel-last-child\" data-index=\"5\" ><div class=\"prikazni-boks2 panel-widget-style panel-widget-style-for-w65c62196573ab-0-2-1\" >\n<div class=\"tg-service-widget tg-service-layout-2\">\n\t<div class=\"service-wrapper\">\n\t\t<div class=\"service-icon-title-wrapper clearfix\">\n\t\t\t\t\t\t\t\t\t\t\t\t<h3 class=\"service-title-wrap\">\n\t\t\t\t\t\t\t\t<a href=\"https:\/\/odgovoren-za-zdravje.si\/nezeleni-ucinki-po-cepljenju\/\">\n\t\t\t\tNE\u017dELENI U\u010cINKI\t\t\t\t\t\t\t\t<\/a>\n\t\t\t\t\t\t\t<\/h3>\n\t\t\t\t\t<\/div>\n\t\t\t\t<div class=\"service-content-wrap\">Pomanjkanje klini\u010dnih \u0161tudij je posebej problemati\u010dno za bolnike s te\u017eavami po cepljenju. Mnogi hodijo od enega specialista do drugega, ti pa ne vedo, kaj narediti z njimi, saj z obi\u010dajnimi preiskavami ne najdejo vzrokov za njihove te\u017eave. <\/div>\n\t\t\t\t\t\t<a class=\"service-more\" href=\"https:\/\/odgovoren-za-zdravje.si\/nezeleni-ucinki-po-cepljenju\/\">Preberi ve\u010d<\/a>\n\t\t\t<\/div>\n<\/div>\n<\/div><\/div><\/div><\/div><\/div><\/div><\/div><\/div><\/div><\/div><\/div><div id=\"pg-gb2231-69ef6eb397700-8\"  class=\"panel-grid panel-no-style\" ><div id=\"pgc-gb2231-69ef6eb397700-8-0\"  class=\"panel-grid-cell\" ><div id=\"panel-gb2231-69ef6eb397700-8-0-0\" class=\"so-panel widget widget_sow-editor panel-first-child panel-last-child\" data-index=\"9\" ><div class=\"besedilo-strani panel-widget-style panel-widget-style-for-gb2231-69ef6eb397700-8-0-0\" ><div\n\t\t\t\n\t\t\tclass=\"so-widget-sow-editor so-widget-sow-editor-base\"\n\t\t\t\n\t\t>\n<div class=\"siteorigin-widget-tinymce textwidget\">\n\t<h3 lang=\"sl-SI\" style=\"text-align: center;\" align=\"center\">Samozdravljenje po cepljenju ali po kovidu<\/h3>\n<\/div>\n<\/div><\/div><\/div><\/div><\/div><div id=\"pg-gb2231-69ef6eb397700-9\"  class=\"panel-grid panel-has-style\" ><div class=\"slikaintekst-boks panel-row-style panel-row-style-for-gb2231-69ef6eb397700-9\" ><div id=\"pgc-gb2231-69ef6eb397700-9-0\"  class=\"panel-grid-cell\" ><div id=\"panel-gb2231-69ef6eb397700-9-0-0\" class=\"so-panel widget widget_sow-editor panel-first-child panel-last-child\" data-index=\"10\" ><div class=\"panel-widget-style panel-widget-style-for-gb2231-69ef6eb397700-9-0-0\" ><div\n\t\t\t\n\t\t\tclass=\"so-widget-sow-editor so-widget-sow-editor-base\"\n\t\t\t\n\t\t>\n<div class=\"siteorigin-widget-tinymce textwidget\">\n\t<p class=\"western\" lang=\"sl-SI\" style=\"text-align: center;\" align=\"center\"><b>Pomembno ozadje <\/b><b>zdravstvenih te\u017eav<\/b> <b>oz. sindroma po cepljenju proti C-19 je dolgotrajno neustrezno <\/b><b>odzivanje<\/b><b> imunskega sistema, ki ga povzro\u010di <\/b><b>po\u0161kodba organizma<\/b> <b>z <\/b><b>beljakovinsk<\/b><b>imi<\/b><b> bodic<\/b><b>ami<\/b><b> oz. S-protein<\/b><b>i<\/b><b> in ostal<\/b><b>imi<\/b> <b>toksi\u010dnimi <\/b><b>sestavin<\/b><b>ami<\/b><b> teh cepiv.<\/b><\/p>\n<\/div>\n<\/div><\/div><\/div><\/div><\/div><\/div><div id=\"pg-gb2231-69ef6eb397700-10\"  class=\"panel-grid panel-no-style\" ><div id=\"pgc-gb2231-69ef6eb397700-10-0\"  class=\"panel-grid-cell\" ><div id=\"panel-gb2231-69ef6eb397700-10-0-0\" class=\"so-panel widget widget_sow-editor panel-first-child panel-last-child\" data-index=\"11\" ><div class=\"besedilo-strani panel-widget-style panel-widget-style-for-gb2231-69ef6eb397700-10-0-0\" ><div\n\t\t\t\n\t\t\tclass=\"so-widget-sow-editor so-widget-sow-editor-base\"\n\t\t\t\n\t\t>\n<div class=\"siteorigin-widget-tinymce textwidget\">\n\t<p class=\"western\" lang=\"sl-SI\" style=\"text-align: justify;\"><span style=\"font-family: Calibri, serif;\"><span style=\"font-size: medium;\"><span style=\"color: #000000;\"><span style=\"font-family: Helvetica, serif;\">Po vsakem prejetem odmerku cepiva se v organizmu ustvarjajo (sintetizirajo) ve\u010dje koli\u010dine S-proteina. Ni raziskano, kako dolgo ta proces vztraja. Pri ve\u010dini cepljenih nekaj tednov ali mesecev, pri nekaterih pa tudi bistveno dlje. Ko zbolimo za kovidom, se v oku\u017eenih celicah razmno\u017eujejo virusi, pri tem se sinetizirajo tudi S-proteini. Kraj\u0161i ali dalj\u0161i \u010das ti ostanejo v organizmu tudi potem, ko smo kovid \u017ee preboleli, \u0161e posebej, \u010de ga ne zdravimo pravo\u010dasno in ustrezno. Vendar S-protein, ki ga kodira mRNK cepivo, in S-protein, ki se ustvari med razmno\u017eevanjem virusov, nista identi\u010dna. S-protein, ki ga organizem sinetizira po cepljenju, ostaja v organizmu bistveno dlje, kot ta, ki nastane med oku\u017ebo, ker ga organizem zaradi druga\u010dne strukture te\u017eje prepozna in te\u017eje razgradi.<\/span><\/span><\/span><\/span><\/p>\n<p class=\"western\" lang=\"sl-SI\" style=\"text-align: justify;\"><span style=\"font-family: Calibri, serif;\"><span style=\"font-size: medium;\"><span style=\"color: #000000;\"><span style=\"font-family: Helvetica, serif;\">Za okrevanje je pomembno pospe\u0161iti proces odstranjevanja S-proteina in drugih \u0161kodljivih sestavin cepiva iz organizma ter s tem omejiti toksi\u010dnost in patogenost teh v telesu.<\/span><\/span><\/span><\/span><\/p>\n<p class=\"western\" lang=\"sl-SI\" style=\"text-align: justify;\"><span style=\"font-family: Calibri, serif;\"><span style=\"font-size: medium;\"><span style=\"color: #000000;\"><span style=\"font-family: Helvetica, serif;\">Spodnji protokoli in priporo\u010dila, ki jih povzemamo po vodilnih svetovnih strokovnih avtoritetah na tem podro\u010dju, so namenjeni tako cepljenim kot necepljenim.<\/span><\/span><\/span><\/span><\/p>\n<\/div>\n<\/div><\/div><\/div><\/div><\/div><div id=\"pg-gb2231-69ef6eb397700-11\"  class=\"panel-grid panel-no-style\" ><div id=\"pgc-gb2231-69ef6eb397700-11-0\"  class=\"panel-grid-cell\" ><div id=\"panel-gb2231-69ef6eb397700-11-0-0\" class=\"so-panel widget widget_siteorigin-panels-builder panel-first-child panel-last-child\" data-index=\"12\" ><div class=\"besedilo-strani panel-widget-style panel-widget-style-for-gb2231-69ef6eb397700-11-0-0\" ><div id=\"pl-w653119de6a783\"  class=\"panel-layout\" ><div id=\"pg-w653119de6a783-0\"  class=\"panel-grid panel-has-style\" ><div class=\"panel-row-style panel-row-style-for-w653119de6a783-0\" ><div id=\"pgc-w653119de6a783-0-0\"  class=\"panel-grid-cell\" ><div class=\"prikazni-boks-celota2 panel-cell-style panel-cell-style-for-w653119de6a783-0-0\" ><div id=\"panel-w653119de6a783-0-0-0\" class=\"so-panel widget widget_sow-image panel-first-child\" data-index=\"0\" ><div\n\t\t\t\n\t\t\tclass=\"so-widget-sow-image so-widget-sow-image-default-8b5b6f678277\"\n\t\t\t\n\t\t>\n<div class=\"sow-image-container\">\n\t\t<img \n\tsrc=\"https:\/\/odgovoren-za-zdravje.si\/wp-content\/uploads\/2023\/10\/Samozdravljenje-box-slika.png\" width=\"2000\" height=\"1300\" srcset=\"https:\/\/odgovoren-za-zdravje.si\/wp-content\/uploads\/2023\/10\/Samozdravljenje-box-slika.png 2000w, https:\/\/odgovoren-za-zdravje.si\/wp-content\/uploads\/2023\/10\/Samozdravljenje-box-slika-300x195.png 300w, https:\/\/odgovoren-za-zdravje.si\/wp-content\/uploads\/2023\/10\/Samozdravljenje-box-slika-1024x666.png 1024w, https:\/\/odgovoren-za-zdravje.si\/wp-content\/uploads\/2023\/10\/Samozdravljenje-box-slika-768x499.png 768w, https:\/\/odgovoren-za-zdravje.si\/wp-content\/uploads\/2023\/10\/Samozdravljenje-box-slika-1536x998.png 1536w\" sizes=\"(max-width: 2000px) 100vw, 2000px\" title=\"Samozdravljenje &#8211; box slika\" alt=\"\" \t\tclass=\"so-widget-image\"\/>\n\t<\/div>\n\n<\/div><\/div><div id=\"panel-w653119de6a783-0-0-1\" class=\"so-panel widget widget_themegrill_flash_service tg-widget tg-single-service panel-last-child\" data-index=\"1\" ><div class=\"prikazni-boks2 panel-widget-style panel-widget-style-for-w653119de6a783-0-0-1\" >\n<div class=\"tg-service-widget tg-service-layout-2\">\n\t<div class=\"service-wrapper\">\n\t\t<div class=\"service-icon-title-wrapper clearfix\">\n\t\t\t\t\t\t\t\t\t\t\t\t<h3 class=\"service-title-wrap\">\n\t\t\t\t\t\t\t\t<a href=\"https:\/\/odgovoren-za-zdravje.si\/samozdravljenje-po-cepljenju-ali-kovidu\/\">\n\t\t\t\tSAMOZDRAVLJENJE PO CEPLJENJU ALI PO KOVIDU\t\t\t\t\t\t\t\t<\/a>\n\t\t\t\t\t\t\t<\/h3>\n\t\t\t\t\t<\/div>\n\t\t\t\t<div class=\"service-content-wrap\">Protokoli na tej strani so namenjeni samozdravljenju oziroma (1)  obvladovanju sindroma po cepljenju in prepre\u010devanju zdravstvenih te\u017eav po cepljenju, predvsem kardiovaskularnih bolezni in raka, ter (2) obvladovanju sindroma dolgotrajnega kovida, ki je posledica nepravo\u010dasnega in neustreznega zdravljenja kovidne bolezni.<\/div>\n\t\t\t\t\t\t<a class=\"service-more\" href=\"https:\/\/odgovoren-za-zdravje.si\/samozdravljenje-po-cepljenju-ali-kovidu\/\">Preberi ve\u010d<\/a>\n\t\t\t<\/div>\n<\/div>\n<\/div><\/div><\/div><\/div><div id=\"pgc-w653119de6a783-0-1\"  class=\"panel-grid-cell\" ><div class=\"prikazni-boks-celota2 panel-cell-style panel-cell-style-for-w653119de6a783-0-1\" ><div id=\"panel-w653119de6a783-0-1-0\" class=\"so-panel widget widget_sow-image panel-first-child\" data-index=\"2\" ><div\n\t\t\t\n\t\t\tclass=\"so-widget-sow-image so-widget-sow-image-default-8b5b6f678277\"\n\t\t\t\n\t\t>\n<div class=\"sow-image-container\">\n\t\t<img \n\tsrc=\"https:\/\/odgovoren-za-zdravje.si\/wp-content\/uploads\/2023\/10\/Zgodnje-zdravljenje-box-slika.png\" width=\"2000\" height=\"1300\" srcset=\"https:\/\/odgovoren-za-zdravje.si\/wp-content\/uploads\/2023\/10\/Zgodnje-zdravljenje-box-slika.png 2000w, https:\/\/odgovoren-za-zdravje.si\/wp-content\/uploads\/2023\/10\/Zgodnje-zdravljenje-box-slika-300x195.png 300w, https:\/\/odgovoren-za-zdravje.si\/wp-content\/uploads\/2023\/10\/Zgodnje-zdravljenje-box-slika-1024x666.png 1024w, https:\/\/odgovoren-za-zdravje.si\/wp-content\/uploads\/2023\/10\/Zgodnje-zdravljenje-box-slika-768x499.png 768w, https:\/\/odgovoren-za-zdravje.si\/wp-content\/uploads\/2023\/10\/Zgodnje-zdravljenje-box-slika-1536x998.png 1536w\" sizes=\"(max-width: 2000px) 100vw, 2000px\" alt=\"\" \t\tclass=\"so-widget-image\"\/>\n\t<\/div>\n\n<\/div><\/div><div id=\"panel-w653119de6a783-0-1-1\" class=\"so-panel widget widget_themegrill_flash_service tg-widget tg-single-service panel-last-child\" data-index=\"3\" ><div class=\"prikazni-boks2 panel-widget-style panel-widget-style-for-w653119de6a783-0-1-1\" >\n<div class=\"tg-service-widget tg-service-layout-2\">\n\t<div class=\"service-wrapper\">\n\t\t<div class=\"service-icon-title-wrapper clearfix\">\n\t\t\t\t\t\t\t\t\t\t\t\t<h3 class=\"service-title-wrap\">\n\t\t\t\t\t\t\t\t<a href=\"https:\/\/odgovoren-za-zdravje.si\/preventiva-in-zgodnje-zdravljenje-kovida\/\">\n\t\t\t\tPREVENTIVA IN ZGODNJE ZDRAVLJENJE KOVIDA\t\t\t\t\t\t\t\t<\/a>\n\t\t\t\t\t\t\t<\/h3>\n\t\t\t\t\t<\/div>\n\t\t\t\t<div class=\"service-content-wrap\">Tako za necepljene, \u0161e bolj pa za cepljene, ki imajo lahko v telesu \u017ee prisoten S-protein zaradi cepiva, je ustrezno zgodnje zdravljenje kovidne bolezni klju\u010dnega pomena za re\u0161evanje \u017eivljenj in prepre\u010devanje hospitalizacij, huj\u0161ih oblik bolezni, zapletov, primerov dolgotrajnega kovida in smrti.<\/div>\n\t\t\t\t\t\t<a class=\"service-more\" href=\"https:\/\/odgovoren-za-zdravje.si\/preventiva-in-zgodnje-zdravljenje-kovida\/\">Preberi ve\u010d<\/a>\n\t\t\t<\/div>\n<\/div>\n<\/div><\/div><\/div><\/div><\/div><\/div><\/div><\/div><\/div><\/div><\/div><div id=\"pg-gb2231-69ef6eb397700-12\"  class=\"panel-grid panel-no-style\" ><div id=\"pgc-gb2231-69ef6eb397700-12-0\"  class=\"panel-grid-cell\" ><div id=\"panel-gb2231-69ef6eb397700-12-0-0\" class=\"so-panel widget widget_sow-editor panel-first-child panel-last-child\" data-index=\"13\" ><div class=\"besedilo-strani panel-widget-style panel-widget-style-for-gb2231-69ef6eb397700-12-0-0\" ><div\n\t\t\t\n\t\t\tclass=\"so-widget-sow-editor so-widget-sow-editor-base\"\n\t\t\t\n\t\t>\n<div class=\"siteorigin-widget-tinymce textwidget\">\n\t<h3 lang=\"sl-SI\" align=\"center\">Ljudi s te\u017eavami po cepljenju pu\u0161\u010damo na cedilu<\/h3>\n<\/div>\n<\/div><\/div><\/div><\/div><\/div><div id=\"pg-gb2231-69ef6eb397700-13\"  class=\"panel-grid panel-has-style\" ><div class=\"slikaintekst-boks panel-row-style panel-row-style-for-gb2231-69ef6eb397700-13\" ><div id=\"pgc-gb2231-69ef6eb397700-13-0\"  class=\"panel-grid-cell\" ><div id=\"panel-gb2231-69ef6eb397700-13-0-0\" class=\"so-panel widget widget_sow-editor panel-first-child panel-last-child\" data-index=\"14\" ><div class=\"panel-widget-style panel-widget-style-for-gb2231-69ef6eb397700-13-0-0\" ><div\n\t\t\t\n\t\t\tclass=\"so-widget-sow-editor so-widget-sow-editor-base\"\n\t\t\t\n\t\t>\n<div class=\"siteorigin-widget-tinymce textwidget\">\n\t<p class=\"western\" lang=\"sl-SI\" style=\"text-align: center;\" align=\"center\"><span style=\"font-family: Calibri, serif;\"><span style=\"font-size: medium;\"><span style=\"color: #000000;\"><span style=\"font-family: Helvetica, serif;\"><b>Zdravstveno stanje cepljenih proti C-19 (in otroke rojene cepljenim star\u0161em) bi bilo potrebno skrbno spremljati vsaj \u0161e eno leto po cepljenju za ugotavljanje srednjero\u010dnih in vsaj \u0161e 10 let za spremljanje dolgoro\u010dnih ne\u017eelenih u\u010dinkov. Vsakr\u0161ne zdravstvene te\u017eave, ki se pojavijo po cepljenju, je potrebno prijaviti pristojnim in\u0161titucijam in jih temeljito raziskati.<\/b><\/span><\/span><\/span><\/span><\/p>\n<\/div>\n<\/div><\/div><\/div><\/div><\/div><\/div><div id=\"pg-gb2231-69ef6eb397700-14\"  class=\"panel-grid panel-no-style\" ><div id=\"pgc-gb2231-69ef6eb397700-14-0\"  class=\"panel-grid-cell\" ><div id=\"panel-gb2231-69ef6eb397700-14-0-0\" class=\"so-panel widget widget_sow-editor panel-first-child panel-last-child\" data-index=\"15\" ><div class=\"besedilo-strani panel-widget-style panel-widget-style-for-gb2231-69ef6eb397700-14-0-0\" ><div\n\t\t\t\n\t\t\tclass=\"so-widget-sow-editor so-widget-sow-editor-base\"\n\t\t\t\n\t\t>\n<div class=\"siteorigin-widget-tinymce textwidget\">\n\t<p class=\"western\" lang=\"sl-SI\" style=\"text-align: justify;\"><span style=\"font-family: Calibri, serif;\"><span style=\"font-size: medium;\"><span style=\"font-family: Helvetica, serif;\">Genski preparati (\u00bbcepiva\u00ab) proti C-19 imajo v primerjavi s klasi\u010dnimi cepivi bistveno ve\u010djo stopnjo resnih ne\u017eelenih u\u010dinkov, ki so slabo raziskani. <strong>Zdravniki jih pogosto ne prepoznajo in ne znajo zdraviti.<\/strong> Skrbi o mo\u017eni povezavi s cepljenjem so najve\u010dkrat neza\u017eelena tema pogovora. Zdravniki brezpogojno zaupajo v varnost cepljenja in te\u017eave po njih najpogosteje pripi\u0161ejo dolgemu kovidu, psiholo\u0161kim te\u017eavam ali drugim vzrokom. Ne prijavijo jih pristojnim, \u010detudi bolnik, ki svoje telo najbolje pozna, sumi ali je prepri\u010dan, da so njegove te\u017eave povezane s cepljenjem.<\/span><\/span><\/span><\/p>\n<p lang=\"sl-SI\" style=\"text-align: justify;\" align=\"justify\"><span style=\"font-family: Liberation Serif, serif;\"><span style=\"font-size: medium;\"><span style=\"font-family: Helvetica, serif;\">Zaradi velikega \u0161tevila cepljenih ljudi, je zelo verjetno, da obstaja veliko \u0161tevilo po\u0161kodovanih, ki jih zdravstveni sistem ne prepozna in ne spremlja ter posledi\u010dno niso dele\u017eni ustrezne zdravstvene obravnave. Tisti redki, ki jim ne\u017eeleni u\u010dinek potrdi strokovna komisija, pa ne do\u010dakajo od\u0161kodnin, ki bi jim omogo\u010dile oz. olaj\u0161ale samozdravljenje!<\/span><\/span><\/span><\/p>\n<\/div>\n<\/div><\/div><\/div><\/div><\/div><div id=\"pg-gb2231-69ef6eb397700-15\"  class=\"panel-grid panel-no-style\" ><div id=\"pgc-gb2231-69ef6eb397700-15-0\"  class=\"panel-grid-cell\" ><div id=\"panel-gb2231-69ef6eb397700-15-0-0\" class=\"so-panel widget widget_siteorigin-panels-builder panel-first-child panel-last-child\" data-index=\"16\" ><div class=\"besedilo-strani panel-widget-style panel-widget-style-for-gb2231-69ef6eb397700-15-0-0\" ><div id=\"pl-w65aba4ceb7851\"  class=\"panel-layout\" ><div id=\"pg-w65aba4ceb7851-0\"  class=\"panel-grid panel-has-style\" ><div class=\"panel-row-style panel-row-style-for-w65aba4ceb7851-0\" ><div id=\"pgc-w65aba4ceb7851-0-0\"  class=\"panel-grid-cell\" ><div class=\"prikazni-boks-celota2 panel-cell-style panel-cell-style-for-w65aba4ceb7851-0-0\" ><div id=\"panel-w65aba4ceb7851-0-0-0\" class=\"so-panel widget widget_sow-image panel-first-child\" data-index=\"0\" ><div\n\t\t\t\n\t\t\tclass=\"so-widget-sow-image so-widget-sow-image-default-8b5b6f678277\"\n\t\t\t\n\t\t>\n<div class=\"sow-image-container\">\n\t\t<img \n\tsrc=\"https:\/\/odgovoren-za-zdravje.si\/wp-content\/uploads\/2023\/10\/Dolznosti-zdravnikov-box-slika.png\" width=\"2000\" height=\"1300\" srcset=\"https:\/\/odgovoren-za-zdravje.si\/wp-content\/uploads\/2023\/10\/Dolznosti-zdravnikov-box-slika.png 2000w, https:\/\/odgovoren-za-zdravje.si\/wp-content\/uploads\/2023\/10\/Dolznosti-zdravnikov-box-slika-300x195.png 300w, https:\/\/odgovoren-za-zdravje.si\/wp-content\/uploads\/2023\/10\/Dolznosti-zdravnikov-box-slika-1024x666.png 1024w, https:\/\/odgovoren-za-zdravje.si\/wp-content\/uploads\/2023\/10\/Dolznosti-zdravnikov-box-slika-768x499.png 768w, https:\/\/odgovoren-za-zdravje.si\/wp-content\/uploads\/2023\/10\/Dolznosti-zdravnikov-box-slika-1536x998.png 1536w\" sizes=\"(max-width: 2000px) 100vw, 2000px\" alt=\"\" \t\tclass=\"so-widget-image\"\/>\n\t<\/div>\n\n<\/div><\/div><div id=\"panel-w65aba4ceb7851-0-0-1\" class=\"so-panel widget widget_themegrill_flash_service tg-widget tg-single-service panel-last-child\" data-index=\"1\" ><div class=\"prikazni-boks2 panel-widget-style panel-widget-style-for-w65aba4ceb7851-0-0-1\" >\n<div class=\"tg-service-widget tg-service-layout-2\">\n\t<div class=\"service-wrapper\">\n\t\t<div class=\"service-icon-title-wrapper clearfix\">\n\t\t\t\t\t\t\t\t\t\t\t\t<h3 class=\"service-title-wrap\">\n\t\t\t\t\t\t\t\t<a href=\"https:\/\/odgovoren-za-zdravje.si\/dolznosti-zdravnikov-pred-in-po-cepljenju\/\">\n\t\t\t\tDOL\u017dNOSTI ZDRAVNIKOV\t\t\t\t\t\t\t\t<\/a>\n\t\t\t\t\t\t\t<\/h3>\n\t\t\t\t\t<\/div>\n\t\t\t\t<div class=\"service-content-wrap\">Ve\u010dina zdravnikov pred cepljenjem ni opravila pojasnilne dol\u017enosti. Ogromno jih ne prijavlja domnevnih ne\u017eelenih u\u010dinkov. Kaj bi vam morali povedati pred cepljenjem? Kdaj morajo prijaviti ne\u017eelene u\u010dinke in kako jih lahko prijavite sami?<\/div>\n\t\t\t\t\t\t<a class=\"service-more\" href=\"https:\/\/odgovoren-za-zdravje.si\/dolznosti-zdravnikov-pred-in-po-cepljenju\/\">Preberi ve\u010d<\/a>\n\t\t\t<\/div>\n<\/div>\n<\/div><\/div><\/div><\/div><div id=\"pgc-w65aba4ceb7851-0-1\"  class=\"panel-grid-cell\" ><div class=\"prikazni-boks-celota2 panel-cell-style panel-cell-style-for-w65aba4ceb7851-0-1\" ><div id=\"panel-w65aba4ceb7851-0-1-0\" class=\"so-panel widget widget_sow-image panel-first-child\" data-index=\"2\" ><div\n\t\t\t\n\t\t\tclass=\"so-widget-sow-image so-widget-sow-image-default-8b5b6f678277\"\n\t\t\t\n\t\t>\n<div class=\"sow-image-container\">\n\t\t<img \n\tsrc=\"https:\/\/odgovoren-za-zdravje.si\/wp-content\/uploads\/2023\/10\/Odskodnine-box-slika.png\" width=\"2000\" height=\"1300\" srcset=\"https:\/\/odgovoren-za-zdravje.si\/wp-content\/uploads\/2023\/10\/Odskodnine-box-slika.png 2000w, https:\/\/odgovoren-za-zdravje.si\/wp-content\/uploads\/2023\/10\/Odskodnine-box-slika-300x195.png 300w, https:\/\/odgovoren-za-zdravje.si\/wp-content\/uploads\/2023\/10\/Odskodnine-box-slika-1024x666.png 1024w, https:\/\/odgovoren-za-zdravje.si\/wp-content\/uploads\/2023\/10\/Odskodnine-box-slika-768x499.png 768w, https:\/\/odgovoren-za-zdravje.si\/wp-content\/uploads\/2023\/10\/Odskodnine-box-slika-1536x998.png 1536w\" sizes=\"(max-width: 2000px) 100vw, 2000px\" title=\"Ods\u030ckodnine &#8211; box slika\" alt=\"\" \t\tclass=\"so-widget-image\"\/>\n\t<\/div>\n\n<\/div><\/div><div id=\"panel-w65aba4ceb7851-0-1-1\" class=\"so-panel widget widget_themegrill_flash_service tg-widget tg-single-service panel-last-child\" data-index=\"3\" ><div class=\"prikazni-boks2 panel-widget-style panel-widget-style-for-w65aba4ceb7851-0-1-1\" >\n<div class=\"tg-service-widget tg-service-layout-2\">\n\t<div class=\"service-wrapper\">\n\t\t<div class=\"service-icon-title-wrapper clearfix\">\n\t\t\t\t\t\t\t\t\t\t\t\t<h3 class=\"service-title-wrap\">\n\t\t\t\t\t\t\t\t<a href=\"https:\/\/odgovoren-za-zdravje.si\/odskodnine-po-cepljenju\/\">\n\t\t\t\tOD\u0160KODNINE\t\t\t\t\t\t\t\t<\/a>\n\t\t\t\t\t\t\t<\/h3>\n\t\t\t\t\t<\/div>\n\t\t\t\t<div class=\"service-content-wrap\">Kako do od\u0161kodnin, ki bi po\u0161kodovanim s cepivi olaj\u0161ale tako zdravljenje kot \u017eivljenje? Kdo je do nje upravi\u010den? Postopek je dolgotrajen, naporen in najpogosteje neuspe\u0161en, pravna pomo\u010d pa veliko finan\u010dno breme.<\/div>\n\t\t\t\t\t\t<a class=\"service-more\" href=\"https:\/\/odgovoren-za-zdravje.si\/odskodnine-po-cepljenju\/\">Preberi ve\u010d<\/a>\n\t\t\t<\/div>\n<\/div>\n<\/div><\/div><\/div><\/div><div id=\"pgc-w65aba4ceb7851-0-2\"  class=\"panel-grid-cell\" ><div class=\"prikazni-boks-celota2 panel-cell-style panel-cell-style-for-w65aba4ceb7851-0-2\" ><div id=\"panel-w65aba4ceb7851-0-2-0\" class=\"so-panel widget widget_sow-image panel-first-child\" data-index=\"4\" ><div\n\t\t\t\n\t\t\tclass=\"so-widget-sow-image so-widget-sow-image-default-8b5b6f678277\"\n\t\t\t\n\t\t>\n<div class=\"sow-image-container\">\n\t\t<img \n\tsrc=\"https:\/\/odgovoren-za-zdravje.si\/wp-content\/uploads\/2024\/01\/Pricanja-spregovori-slika-3.png\" width=\"963\" height=\"597\" srcset=\"https:\/\/odgovoren-za-zdravje.si\/wp-content\/uploads\/2024\/01\/Pricanja-spregovori-slika-3.png 963w, https:\/\/odgovoren-za-zdravje.si\/wp-content\/uploads\/2024\/01\/Pricanja-spregovori-slika-3-300x186.png 300w, https:\/\/odgovoren-za-zdravje.si\/wp-content\/uploads\/2024\/01\/Pricanja-spregovori-slika-3-768x476.png 768w\" sizes=\"(max-width: 963px) 100vw, 963px\" alt=\"\" \t\tclass=\"so-widget-image\"\/>\n\t<\/div>\n\n<\/div><\/div><div id=\"panel-w65aba4ceb7851-0-2-1\" class=\"so-panel widget widget_themegrill_flash_service tg-widget tg-single-service panel-last-child\" data-index=\"5\" ><div class=\"prikazni-boks2 panel-widget-style panel-widget-style-for-w65aba4ceb7851-0-2-1\" >\n<div class=\"tg-service-widget tg-service-layout-2\">\n\t<div class=\"service-wrapper\">\n\t\t<div class=\"service-icon-title-wrapper clearfix\">\n\t\t\t\t\t\t\t\t\t\t\t\t<h3 class=\"service-title-wrap\">\n\t\t\t\t\t\t\t\t<a href=\"https:\/\/odgovoren-za-zdravje.si\/pricanja\/\">\n\t\t\t\tPRI\u010cANJA\t\t\t\t\t\t\t\t<\/a>\n\t\t\t\t\t\t\t<\/h3>\n\t\t\t\t\t<\/div>\n\t\t\t\t<div class=\"service-content-wrap\">Verodostojna pisna in video pri\u010danja cepljenih (oz. njihovih svojcev), ki so po cepljenju umrli ali se jim je zdravje mo\u010dno poslab\u0161alo. S kak\u0161nimi te\u017eavami se soo\u010dajo in kak\u0161ni so odzivi zdravnikov in pristojnih?<\/div>\n\t\t\t\t\t\t<a class=\"service-more\" href=\"https:\/\/odgovoren-za-zdravje.si\/pricanja\/\">Preberi ve\u010d<\/a>\n\t\t\t<\/div>\n<\/div>\n<\/div><\/div><\/div><\/div><\/div><\/div><\/div><\/div><\/div><\/div><\/div><div id=\"pg-gb2231-69ef6eb397700-16\"  class=\"panel-grid panel-has-style\" ><div class=\"so-rounded panel-row-style panel-row-style-for-gb2231-69ef6eb397700-16\" ><div id=\"pgc-gb2231-69ef6eb397700-16-0\"  class=\"panel-grid-cell\" ><div id=\"panel-gb2231-69ef6eb397700-16-0-0\" class=\"so-panel widget widget_sow-image panel-first-child panel-last-child\" data-index=\"17\" ><div\n\t\t\t\n\t\t\tclass=\"so-widget-sow-image so-widget-sow-image-default-8b5b6f678277-2231\"\n\t\t\t\n\t\t>\n<div class=\"sow-image-container\">\n\t\t<img \n\tsrc=\"https:\/\/odgovoren-za-zdravje.si\/wp-content\/uploads\/2024\/01\/Pricanja-spregovori-slika-3.png\" width=\"963\" height=\"597\" srcset=\"https:\/\/odgovoren-za-zdravje.si\/wp-content\/uploads\/2024\/01\/Pricanja-spregovori-slika-3.png 963w, https:\/\/odgovoren-za-zdravje.si\/wp-content\/uploads\/2024\/01\/Pricanja-spregovori-slika-3-300x186.png 300w, https:\/\/odgovoren-za-zdravje.si\/wp-content\/uploads\/2024\/01\/Pricanja-spregovori-slika-3-768x476.png 768w\" sizes=\"(max-width: 963px) 100vw, 963px\" alt=\"\" \t\tclass=\"so-widget-image\"\/>\n\t<\/div>\n\n<\/div><\/div><\/div><div id=\"pgc-gb2231-69ef6eb397700-16-1\"  class=\"panel-grid-cell\" ><div id=\"panel-gb2231-69ef6eb397700-16-1-0\" class=\"so-panel widget widget_sow-editor panel-first-child\" data-index=\"18\" ><div class=\"panel-widget-style panel-widget-style-for-gb2231-69ef6eb397700-16-1-0\" ><div\n\t\t\t\n\t\t\tclass=\"so-widget-sow-editor so-widget-sow-editor-base\"\n\t\t\t\n\t\t>\n<div class=\"siteorigin-widget-tinymce textwidget\">\n\t<h4>NE BODI TIHO, POVEJ SVOJO ZGODBO TUDI TI!<\/h4>\n<p>\u010ce se je vam ali va\u0161im bli\u017enjim zdravje po cepljenju proti C-19 poslab\u0161alo in ste prepri\u010dani ali sumite, da je prejeto cepivo (vsaj deloma) vzrok za va\u0161e te\u017eave, nam sporo\u010dite. \u010ce boste izrecno dovolili, bomo va\u0161o zgodbo (anonimno) objavili na strani s <a href=\"https:\/\/odgovoren-za-zdravje.si\/pricanja\">Pri\u010danji<\/a>.<\/p>\n<\/div>\n<\/div><\/div><\/div><div id=\"panel-gb2231-69ef6eb397700-16-1-1\" class=\"so-panel widget widget_sow-button panel-last-child\" data-index=\"19\" ><div\n\t\t\t\n\t\t\tclass=\"so-widget-sow-button so-widget-sow-button-atom-29a5879850a3-2231\"\n\t\t\t\n\t\t><div class=\"ow-button-base ow-button-align-left\"\n>\n\t\t\t<a\n\t\t\t\t\thref=\"https:\/\/odgovoren-za-zdravje.si\/vprasalnik-cepljenje\/\"\n\t\t\t\t\tclass=\"sowb-button ow-icon-placement-right ow-button-hover\" \t>\n\t\t<span>\n\t\t\t\n\t\t\tVpra\u0161alnik o te\u017eavah po cepljenju proti C-19\t\t<\/span>\n\t\t\t<\/a>\n\t<\/div>\n<\/div><\/div><\/div><\/div><\/div><div id=\"pg-gb2231-69ef6eb397700-17\"  class=\"panel-grid panel-has-style\" ><div class=\"so-rounded panel-row-style panel-row-style-for-gb2231-69ef6eb397700-17\" ><div id=\"pgc-gb2231-69ef6eb397700-17-0\"  class=\"panel-grid-cell\" ><div id=\"panel-gb2231-69ef6eb397700-17-0-0\" class=\"so-panel widget widget_sow-image panel-first-child panel-last-child\" data-index=\"20\" ><div\n\t\t\t\n\t\t\tclass=\"so-widget-sow-image so-widget-sow-image-default-c67d20f9f743-2231\"\n\t\t\t\n\t\t>\n<div class=\"sow-image-container\">\n\t\t<img \n\tsrc=\"https:\/\/odgovoren-za-zdravje.si\/wp-content\/uploads\/2024\/01\/Zahteva-za-analizo-in-soocenje-slika-5.png\" width=\"970\" height=\"599\" srcset=\"https:\/\/odgovoren-za-zdravje.si\/wp-content\/uploads\/2024\/01\/Zahteva-za-analizo-in-soocenje-slika-5.png 970w, https:\/\/odgovoren-za-zdravje.si\/wp-content\/uploads\/2024\/01\/Zahteva-za-analizo-in-soocenje-slika-5-300x185.png 300w, https:\/\/odgovoren-za-zdravje.si\/wp-content\/uploads\/2024\/01\/Zahteva-za-analizo-in-soocenje-slika-5-768x474.png 768w\" sizes=\"(max-width: 970px) 100vw, 970px\" alt=\"\" \t\tclass=\"so-widget-image\"\/>\n\t<\/div>\n\n<\/div><\/div><\/div><div id=\"pgc-gb2231-69ef6eb397700-17-1\"  class=\"panel-grid-cell\" ><div id=\"panel-gb2231-69ef6eb397700-17-1-0\" class=\"so-panel widget widget_sow-editor panel-first-child\" data-index=\"21\" ><div class=\"panel-widget-style panel-widget-style-for-gb2231-69ef6eb397700-17-1-0\" ><div\n\t\t\t\n\t\t\tclass=\"so-widget-sow-editor so-widget-sow-editor-base\"\n\t\t\t\n\t\t>\n<div class=\"siteorigin-widget-tinymce textwidget\">\n\t<h4>ZAHTEVA ZA ANALIZO ZDRAVSTVENEGA STANJA PO EPIDEMIJI<\/h4>\n<p><strong>Zakaj se je v Sloveniji poslab\u0161alo javno zdravje v 2021 in 2022?<\/strong> Zahtevamo analizo varnosti in u\u010dinkovitosti cepiv proti Covidu-19 s primerjavo zdravstvenega stanja in smrti med cepljeno in necepljeno populacijo, analizo odziva na epidemijo, soo\u010denje z drugim mnenjem stroke ter prevzem odgovornosti in sanacijo povzro\u010dene \u0161kode.<\/p>\n<div id=\"panel-w65a2b95f860f5-0-1-0\" class=\"so-panel widget widget_sow-editor panel-first-child\" data-index=\"1\">\n<div class=\"panel-widget-style panel-widget-style-for-w65a2b95f860f5-0-1-0\">\n<div class=\"so-widget-sow-editor so-widget-sow-editor-base\">\n<div class=\"siteorigin-widget-tinymce textwidget\">\n<div id=\"panel-w658da9000cb5f-0-0-1\" class=\"so-panel widget widget_sow-editor\" data-index=\"1\">\n<div class=\"panel-widget-style panel-widget-style-for-w658da9000cb5f-0-0-1\">\n<div class=\"so-widget-sow-editor so-widget-sow-editor-base\"><\/div>\n<\/div>\n<\/div>\n<\/div>\n<\/div>\n<\/div>\n<\/div>\n<div id=\"panel-w65a2b95f860f5-0-1-1\" class=\"so-panel widget widget_sow-editor panel-last-child\" data-index=\"2\">\n<div class=\"so-widget-sow-editor so-widget-sow-editor-base\"><\/div>\n<\/div>\n<\/div>\n<\/div><\/div><\/div><div id=\"panel-gb2231-69ef6eb397700-17-1-1\" class=\"so-panel widget widget_sow-button panel-last-child\" data-index=\"22\" ><div\n\t\t\t\n\t\t\tclass=\"so-widget-sow-button so-widget-sow-button-atom-c6acfef5e0e0-2231\"\n\t\t\t\n\t\t><div class=\"ow-button-base ow-button-align-left\"\n>\n\t\t\t<a\n\t\t\t\t\thref=\"https:\/\/odgovoren-za-zdravje.si\/zahteva-za-analizo\/\"\n\t\t\t\t\tclass=\"sowb-button ow-icon-placement-right ow-button-hover\" \t>\n\t\t<span>\n\t\t\t<span class=\"sow-icon-fontawesome sow-far\" data-sow-icon=\"&#xf35a;\"\n\t\tstyle=\"\" \n\t\taria-hidden=\"true\"><\/span>\n\t\t\tPODPI\u0160I ZAHTEVO\t\t<\/span>\n\t\t\t<\/a>\n\t<\/div>\n<\/div><\/div><\/div><\/div><\/div><\/div>","protected":false},"excerpt":{"rendered":"","protected":false},"author":3,"featured_media":0,"parent":0,"menu_order":0,"comment_status":"closed","ping_status":"closed","template":"","meta":{"footnotes":""},"class_list":["post-2231","page","type-page","status-publish","hentry"],"_links":{"self":[{"href":"https:\/\/odgovoren-za-zdravje.si\/index.php?rest_route=\/wp\/v2\/pages\/2231","targetHints":{"allow":["GET"]}}],"collection":[{"href":"https:\/\/odgovoren-za-zdravje.si\/index.php?rest_route=\/wp\/v2\/pages"}],"about":[{"href":"https:\/\/odgovoren-za-zdravje.si\/index.php?rest_route=\/wp\/v2\/types\/page"}],"author":[{"embeddable":true,"href":"https:\/\/odgovoren-za-zdravje.si\/index.php?rest_route=\/wp\/v2\/users\/3"}],"replies":[{"embeddable":true,"href":"https:\/\/odgovoren-za-zdravje.si\/index.php?rest_route=%2Fwp%2Fv2%2Fcomments&post=2231"}],"version-history":[{"count":28,"href":"https:\/\/odgovoren-za-zdravje.si\/index.php?rest_route=\/wp\/v2\/pages\/2231\/revisions"}],"predecessor-version":[{"id":8542,"href":"https:\/\/odgovoren-za-zdravje.si\/index.php?rest_route=\/wp\/v2\/pages\/2231\/revisions\/8542"}],"wp:attachment":[{"href":"https:\/\/odgovoren-za-zdravje.si\/index.php?rest_route=%2Fwp%2Fv2%2Fmedia&parent=2231"}],"curies":[{"name":"wp","href":"https:\/\/api.w.org\/{rel}","templated":true}]}}