{"id":2017,"date":"2023-09-27T10:01:17","date_gmt":"2023-09-27T10:01:17","guid":{"rendered":"http:\/\/odgovoren-za-zdravje.si\/?page_id=2017"},"modified":"2024-03-12T10:19:32","modified_gmt":"2024-03-12T10:19:32","slug":"epidemicni-ukrepi","status":"publish","type":"page","link":"https:\/\/odgovoren-za-zdravje.si\/?page_id=2017","title":{"rendered":"NESORAZMERNOST IN POSLEDICE UKREPOV ZA ZAJEZITEV EPIDEMIJE"},"content":{"rendered":"<div id=\"pl-gb2017-69ef6bb90edf8\"  class=\"panel-layout\" ><div id=\"pg-gb2017-69ef6bb90edf8-0\"  class=\"panel-grid panel-has-style\" ><div class=\"siteorigin-panels-stretch panel-row-style panel-row-style-for-gb2017-69ef6bb90edf8-0\" data-stretch-type=\"full-width-stretch\" ><div id=\"pgc-gb2017-69ef6bb90edf8-0-0\"  class=\"panel-grid-cell\" ><div id=\"panel-gb2017-69ef6bb90edf8-0-0-0\" class=\"so-panel widget widget_sow-image panel-first-child panel-last-child\" data-index=\"0\" ><div\n\t\t\t\n\t\t\tclass=\"so-widget-sow-image so-widget-sow-image-default-8b5b6f678277-2017\"\n\t\t\t\n\t\t>\n<div class=\"sow-image-container\">\n\t\t<img \n\tsrc=\"https:\/\/odgovoren-za-zdravje.si\/wp-content\/uploads\/2023\/09\/Epidemicni-ukrepi-naslovna-slika.png\" width=\"2560\" height=\"600\" srcset=\"https:\/\/odgovoren-za-zdravje.si\/wp-content\/uploads\/2023\/09\/Epidemicni-ukrepi-naslovna-slika.png 2560w, https:\/\/odgovoren-za-zdravje.si\/wp-content\/uploads\/2023\/09\/Epidemicni-ukrepi-naslovna-slika-300x70.png 300w, https:\/\/odgovoren-za-zdravje.si\/wp-content\/uploads\/2023\/09\/Epidemicni-ukrepi-naslovna-slika-1024x240.png 1024w, https:\/\/odgovoren-za-zdravje.si\/wp-content\/uploads\/2023\/09\/Epidemicni-ukrepi-naslovna-slika-768x180.png 768w, https:\/\/odgovoren-za-zdravje.si\/wp-content\/uploads\/2023\/09\/Epidemicni-ukrepi-naslovna-slika-1536x360.png 1536w, https:\/\/odgovoren-za-zdravje.si\/wp-content\/uploads\/2023\/09\/Epidemicni-ukrepi-naslovna-slika-2048x480.png 2048w\" sizes=\"(max-width: 2560px) 100vw, 2560px\" title=\"Epidemic\u030cni ukrepi &#8211; naslovna slika\" alt=\"\" \t\tclass=\"so-widget-image\"\/>\n\t<\/div>\n\n<\/div><\/div><\/div><\/div><\/div><div id=\"pg-gb2017-69ef6bb90edf8-1\"  class=\"panel-grid panel-no-style\" ><div id=\"pgc-gb2017-69ef6bb90edf8-1-0\"  class=\"panel-grid-cell\" ><div id=\"panel-gb2017-69ef6bb90edf8-1-0-0\" class=\"so-panel widget widget_themegrill_flash_heading tg-widget section-title-wrapper panel-first-child panel-last-child\" data-index=\"1\" >\t<h3 class=\"section-title\">NESORAZMERNOST IN POSLEDICE UKREPOV ZA ZAJEZITEV EPIDEMIJE<\/h3>\n<\/div><\/div><\/div><div id=\"pg-gb2017-69ef6bb90edf8-2\"  class=\"panel-grid panel-has-style\" ><div class=\"slikaintekst-boks panel-row-style panel-row-style-for-gb2017-69ef6bb90edf8-2\" ><div id=\"pgc-gb2017-69ef6bb90edf8-2-0\"  class=\"panel-grid-cell\" ><div id=\"panel-gb2017-69ef6bb90edf8-2-0-0\" class=\"so-panel widget widget_sow-editor panel-first-child panel-last-child\" data-index=\"2\" ><div class=\"panel-widget-style panel-widget-style-for-gb2017-69ef6bb90edf8-2-0-0\" ><div\n\t\t\t\n\t\t\tclass=\"so-widget-sow-editor so-widget-sow-editor-base\"\n\t\t\t\n\t\t>\n<div class=\"siteorigin-widget-tinymce textwidget\">\n\t<p style=\"text-align: center;\" align=\"center\"><span style=\"color: #000000;\">\u201c<span style=\"font-family: Liberation Serif, serif;\"><span style=\"font-size: medium;\"><span style=\"font-family: Helvetica, serif;\"><b>Zapiranje dru\u017ebe ali &#8220;lockdown&#8221; bi lahko veljalo za eno od najve\u010djih mirnodobnih politi\u010dnih katastrof vseh \u010dasov.\u201c <\/b><\/span><\/span><\/span><\/span><\/p>\n<p style=\"text-align: center;\" align=\"center\"><span style=\"font-family: Liberation Serif, serif;\"><span style=\"font-size: medium;\"><span style=\"color: #808080;\"><span style=\"font-family: Helvetica, serif;\"><i>(<\/i><\/span><\/span><span style=\"color: #0563c1;\"><u><a href=\"https:\/\/www.tandfonline.com\/doi\/epub\/10.1080\/13571516.2021.1976051?needAccess=true&amp;\"><span style=\"font-family: Helvetica, serif;\"><i>International Journal of the Economics of Business<\/i><\/span><\/a><\/u><\/span><span style=\"color: #808080;\"><span style=\"font-family: Helvetica, serif;\"><i>)<\/i><\/span><\/span><\/span><\/span><\/p>\n<\/div>\n<\/div><\/div><\/div><\/div><\/div><\/div><div id=\"pg-gb2017-69ef6bb90edf8-3\"  class=\"panel-grid panel-has-style\" ><div class=\"panel-row-style panel-row-style-for-gb2017-69ef6bb90edf8-3\" ><div id=\"pgc-gb2017-69ef6bb90edf8-3-0\"  class=\"panel-grid-cell\" ><div id=\"panel-gb2017-69ef6bb90edf8-3-0-0\" class=\"so-panel widget widget_sow-editor panel-first-child panel-last-child\" data-index=\"3\" ><div class=\"besedilo-strani panel-widget-style panel-widget-style-for-gb2017-69ef6bb90edf8-3-0-0\" ><div\n\t\t\t\n\t\t\tclass=\"so-widget-sow-editor so-widget-sow-editor-base\"\n\t\t\t\n\t\t>\n<div class=\"siteorigin-widget-tinymce textwidget\">\n\t<p><span style=\"font-family: 'Liberation Serif', serif; color: #000000;\"><span style=\"font-size: medium;\"><span style=\"font-family: Helvetica, serif;\">Ob vsakem zdravstvenem postopku ali ukrepu je potrebno strokovno in celostno oceniti sorazmernost, t.j. razmerje med koristjo in \u0161kodo. <\/span><span style=\"font-family: Helvetica, serif;\">V tem prispevku je povzetih le nekaj ugotovitev iz mnogih \u0161tudij in raziskav na podlagi visokokakovostnih dokazov, ki ugotavljajo, da mnogi epidemi\u010dni ukrepi niso dosegli svojega namena zajezitve prenosa ali zmanj\u0161anja smrti. So pa povzro\u010dili ogromno zdravstveno, psiholo\u0161ko, finan\u010dno, gospodarsko in socialno \u0161kodo, zlasti revnej\u0161im in ranljivim skupinam, ter otrokom in mladostnikom.<\/span><\/span><\/span><\/p>\n<p class=\"western\" lang=\"en-US\" align=\"justify\"><span style=\"font-size: medium; color: #000000;\"><span style=\"font-family: Helvetica, serif;\"><span lang=\"sl-SI\">Je <strong>Svetovna zdravstvena organizacija (SZO<\/strong><\/span><\/span><strong><span style=\"font-family: Helvetica, serif;\"><span lang=\"sl-SI\">) <\/span><\/span><\/strong><span style=\"font-family: Helvetica, serif;\"><span lang=\"sl-SI\">s svojimi priporo\u010dili res ravnala v najvi\u0161je dobro \u010dlove\u0161tva, ali je v ozadju nova prevara (podobna tisti iz leta 2009 pri pra\u0161i\u010dji gripi) in <\/span><\/span><span style=\"font-family: Helvetica, serif;\"><span lang=\"sl-SI\">so imeli koristi ponovno predvsem proizvajalci in podporniki cepiv in ne javno zdravje in javno zdravstvo<\/span><\/span><span style=\"font-family: Helvetica, serif;\"><span lang=\"sl-SI\">? <\/span><\/span><\/span><\/p>\n<\/div>\n<\/div><\/div><\/div><\/div><\/div><\/div><div id=\"pg-gb2017-69ef6bb90edf8-4\"  class=\"panel-grid panel-has-style\" ><div class=\"hiperlink-mini panel-row-style panel-row-style-for-gb2017-69ef6bb90edf8-4\" ><div id=\"pgc-gb2017-69ef6bb90edf8-4-0\"  class=\"panel-grid-cell\" ><div id=\"panel-gb2017-69ef6bb90edf8-4-0-0\" class=\"so-panel widget widget_sow-editor panel-first-child panel-last-child\" data-index=\"4\" ><div\n\t\t\t\n\t\t\tclass=\"so-widget-sow-editor so-widget-sow-editor-base\"\n\t\t\t\n\t\t>\n<div class=\"siteorigin-widget-tinymce textwidget\">\n\t<p class=\"western\" lang=\"en-US\" style=\"text-align: left;\" align=\"left\"><span style=\"font-size: medium;\"><span style=\"font-family: Helvetica, serif;\"><b>Preberi ve\u010d:<\/b><\/span><b> <\/b><a href=\"https:\/\/odgovoren-za-zdravje.si\/svetovna-zdravstvena-organizacija\/\"><u><span style=\"font-family: Helvetica, serif;\"><b>Svetovna zdravstvena organizacija (SZO)<\/b><\/span><\/u><\/a><\/span><\/p>\n<\/div>\n<\/div><\/div><\/div><\/div><\/div><div id=\"pg-gb2017-69ef6bb90edf8-5\"  class=\"panel-grid panel-has-style\" ><div class=\"panel-row-style panel-row-style-for-gb2017-69ef6bb90edf8-5\" ><div id=\"pgc-gb2017-69ef6bb90edf8-5-0\"  class=\"panel-grid-cell\" ><div id=\"panel-gb2017-69ef6bb90edf8-5-0-0\" class=\"so-panel widget widget_sow-editor panel-first-child panel-last-child\" data-index=\"5\" ><div class=\"besedilo-strani panel-widget-style panel-widget-style-for-gb2017-69ef6bb90edf8-5-0-0\" ><div\n\t\t\t\n\t\t\tclass=\"so-widget-sow-editor so-widget-sow-editor-base\"\n\t\t\t\n\t\t>\n<div class=\"siteorigin-widget-tinymce textwidget\">\n\t<h3 lang=\"en-US\" style=\"text-align: left;\"><span lang=\"sl-SI\">Je bil kovid res tako zelo nevaren in smrtonosen?<\/span><\/h3>\n<\/div>\n<\/div><\/div><\/div><\/div><\/div><\/div><div id=\"pg-gb2017-69ef6bb90edf8-6\"  class=\"panel-grid panel-has-style\" ><div class=\"slikaintekst-boks3 panel-row-style panel-row-style-for-gb2017-69ef6bb90edf8-6\" ><div id=\"pgc-gb2017-69ef6bb90edf8-6-0\"  class=\"panel-grid-cell\" ><div id=\"panel-gb2017-69ef6bb90edf8-6-0-0\" class=\"so-panel widget widget_sow-editor panel-first-child panel-last-child\" data-index=\"6\" ><div class=\"panel-widget-style panel-widget-style-for-gb2017-69ef6bb90edf8-6-0-0\" ><div\n\t\t\t\n\t\t\tclass=\"so-widget-sow-editor so-widget-sow-editor-base\"\n\t\t\t\n\t\t>\n<div class=\"siteorigin-widget-tinymce textwidget\">\n\t<p class=\"western\" lang=\"en-US\" style=\"text-align: justify;\" align=\"left\"><span style=\"font-size: medium;\"><span style=\"color: #000000;\"><span style=\"font-family: Helvetica, serif;\"><span lang=\"sl-SI\">Prvi\u010d v zgodovini se je zgodilo, da je bila virusna bolezen s smrtnostjo okoli 1% uvr\u0161\u010dena v\u00a0 1. skupino najnevarnej\u0161ih nalezljivih bolezni. Sem so, do pojava kovida, spadale le <\/span><\/span><\/span><span style=\"color: #000000;\"><span style=\"font-family: Helvetica, serif;\"><span lang=\"sl-SI\">bolezni s 30% ali vi\u0161jo smrtnostjo<\/span><\/span><\/span><span style=\"color: #000000;\"><span style=\"font-family: Helvetica, serif;\"><span lang=\"sl-SI\"> (kuga, ebola, marburg&#8230;). Tak\u0161en pravno formalni status oblastem<\/span><\/span><\/span><span style=\"color: #000000;\"><span style=\"font-family: Helvetica, serif;\"><span lang=\"sl-SI\"><b> omogo\u010da podreditev temeljnih \u010dlovekovih pravic in svobo\u0161\u010din.<\/b><\/span><\/span><\/span><span style=\"color: #000000;\"><span style=\"font-family: Helvetica, serif;\"><span lang=\"sl-SI\"> Je bilo to res potrebno? Bi bili ukrepi lahko manj omejevalni za splo\u0161no populacijo in bi bolj za\u0161\u010ditili le starej\u0161e in ranljive? <\/span><\/span><\/span><\/span><\/p>\n<\/div>\n<\/div><\/div><\/div><\/div><div id=\"pgc-gb2017-69ef6bb90edf8-6-1\"  class=\"panel-grid-cell\" ><div id=\"panel-gb2017-69ef6bb90edf8-6-1-0\" class=\"so-panel widget widget_sow-editor panel-first-child panel-last-child\" data-index=\"7\" ><div class=\"slikaintekst-boks4 panel-widget-style panel-widget-style-for-gb2017-69ef6bb90edf8-6-1-0\" ><div\n\t\t\t\n\t\t\tclass=\"so-widget-sow-editor so-widget-sow-editor-base\"\n\t\t\t\n\t\t>\n<div class=\"siteorigin-widget-tinymce textwidget\">\n\t<p align=\"center\"><span style=\"color: #000000;\">\u201c<span style=\"font-family: Liberation Serif, serif;\"><span style=\"font-size: medium;\"><span style=\"font-family: Helvetica, serif;\"><span lang=\"sl-SI\"><b>Bolezen Covid-19 je smrtno nevarna za 1,7% starostnikov nad 70 let, za ljudi pod 70 let pa predstavlja manj kot 1% tveganja, da bodo zaradi kovida umrli\u201c <\/b><\/span><\/span><\/span><span style=\"font-family: Helvetica, serif;\"><span lang=\"sl-SI\">(vir: Ioannidis, 2021).<\/span><\/span><\/span><\/span><\/p>\n<\/div>\n<\/div><\/div><\/div><\/div><\/div><\/div><div id=\"pg-gb2017-69ef6bb90edf8-7\"  class=\"panel-grid panel-has-style\" ><div class=\"panel-row-style panel-row-style-for-gb2017-69ef6bb90edf8-7\" ><div id=\"pgc-gb2017-69ef6bb90edf8-7-0\"  class=\"panel-grid-cell\" ><div id=\"panel-gb2017-69ef6bb90edf8-7-0-0\" class=\"so-panel widget widget_sow-editor panel-first-child panel-last-child\" data-index=\"8\" ><div class=\"besedilo-strani panel-widget-style panel-widget-style-for-gb2017-69ef6bb90edf8-7-0-0\" ><div\n\t\t\t\n\t\t\tclass=\"so-widget-sow-editor so-widget-sow-editor-base\"\n\t\t\t\n\t\t>\n<div class=\"siteorigin-widget-tinymce textwidget\">\n\t<h3 lang=\"en-US\" style=\"text-align: left;\"><span lang=\"sl-SI\">Ali res nismo imeli varnih in u\u010dinkovitih zdravil? <\/span><\/h3>\n<p class=\"western\" lang=\"en-US\" style=\"text-align: justify;\"><span style=\"font-size: medium;\"><span style=\"color: #000000;\"><span style=\"font-family: Helvetica, serif;\"><span lang=\"sl-SI\">Ali je k zaklju\u010dku, da za Covid-19 ni bilo ustreznega zdravila, pripomogel interes proizvajalcev cepiv in novih zdravil proti Covidu-19? <\/span><\/span><\/span><strong><a href=\"https:\/\/www.medrxiv.org\/content\/10.1101\/2022.04.04.22273356v1\"><span style=\"color: #0000cc;\"><span style=\"font-family: Helvetica, serif;\"><span lang=\"sl-SI\"><u>Raziskave<\/u><\/span><\/span><\/span><\/a><\/strong><b> <\/b><span style=\"font-family: Helvetica, serif;\"><span lang=\"sl-SI\">in klini\u010dna praksa <\/span><\/span><strong><a href=\"https:\/\/ippocrateorg.org\/en\/\"><span style=\"color: #0000cc;\"><span style=\"font-family: Helvetica, serif;\"><span lang=\"sl-SI\"><u>iz tujine<\/u><\/span><\/span><\/span><\/a><\/strong><span style=\"font-family: Helvetica, serif;\"><span lang=\"sl-SI\"> so namre\u010d pokazale, da bi lahko z zgodnjim zdravljenjem z generi\u010dnimi, splo\u0161no dostopnimi ter poceni zdravili <\/span><\/span><strong><span style=\"font-family: Helvetica, serif;\"><span lang=\"sl-SI\">prepre\u010dili od 60 do 80% vseh te\u017ejih potekov bolezni, hospitalizacij in smrti.<\/span><\/span><\/strong><span style=\"font-family: Helvetica, serif;\"><span lang=\"sl-SI\"><b>\u00a0<\/b><\/span><\/span><\/span><\/p>\n<\/div>\n<\/div><\/div><\/div><\/div><\/div><\/div><div id=\"pg-gb2017-69ef6bb90edf8-8\"  class=\"panel-grid panel-has-style\" ><div class=\"slikaintekst-boks3 panel-row-style panel-row-style-for-gb2017-69ef6bb90edf8-8\" ><div id=\"pgc-gb2017-69ef6bb90edf8-8-0\"  class=\"panel-grid-cell\" ><div id=\"panel-gb2017-69ef6bb90edf8-8-0-0\" class=\"so-panel widget widget_sow-image panel-first-child panel-last-child\" data-index=\"9\" ><div\n\t\t\t\n\t\t\tclass=\"so-widget-sow-image so-widget-sow-image-default-8b5b6f678277-2017\"\n\t\t\t\n\t\t>\n<div class=\"sow-image-container\">\n\t\t<img \n\tsrc=\"https:\/\/odgovoren-za-zdravje.si\/wp-content\/uploads\/2023\/09\/doctor-examining-blood-pressure-2-scaled-e1695807347666.jpg\" width=\"2553\" height=\"1292\" srcset=\"https:\/\/odgovoren-za-zdravje.si\/wp-content\/uploads\/2023\/09\/doctor-examining-blood-pressure-2-scaled-e1695807347666.jpg 2553w, https:\/\/odgovoren-za-zdravje.si\/wp-content\/uploads\/2023\/09\/doctor-examining-blood-pressure-2-scaled-e1695807347666-300x152.jpg 300w, https:\/\/odgovoren-za-zdravje.si\/wp-content\/uploads\/2023\/09\/doctor-examining-blood-pressure-2-scaled-e1695807347666-1024x518.jpg 1024w, https:\/\/odgovoren-za-zdravje.si\/wp-content\/uploads\/2023\/09\/doctor-examining-blood-pressure-2-scaled-e1695807347666-768x389.jpg 768w, https:\/\/odgovoren-za-zdravje.si\/wp-content\/uploads\/2023\/09\/doctor-examining-blood-pressure-2-scaled-e1695807347666-1536x777.jpg 1536w, https:\/\/odgovoren-za-zdravje.si\/wp-content\/uploads\/2023\/09\/doctor-examining-blood-pressure-2-scaled-e1695807347666-2048x1036.jpg 2048w\" sizes=\"(max-width: 2553px) 100vw, 2553px\" title=\"doctor-examining-blood-pressure\" alt=\"\" \t\tclass=\"so-widget-image\"\/>\n\t<\/div>\n\n<\/div><\/div><\/div><div id=\"pgc-gb2017-69ef6bb90edf8-8-1\"  class=\"panel-grid-cell\" ><div id=\"panel-gb2017-69ef6bb90edf8-8-1-0\" class=\"so-panel widget widget_sow-editor panel-first-child panel-last-child\" data-index=\"10\" ><div class=\"slikaintekst-boks4 panel-widget-style panel-widget-style-for-gb2017-69ef6bb90edf8-8-1-0\" ><div\n\t\t\t\n\t\t\tclass=\"so-widget-sow-editor so-widget-sow-editor-base\"\n\t\t\t\n\t\t>\n<div class=\"siteorigin-widget-tinymce textwidget\">\n\t<p style=\"text-align: justify;\" align=\"center\"><span style=\"color: #000000;\"><span style=\"font-family: Liberation Serif, serif;\"><span style=\"font-size: medium;\"><span style=\"font-family: Helvetica, serif;\"><span lang=\"sl-SI\"><b>To pomeni, da bi lahko v Sloveniji prepre\u010dili od pribli\u017eno 4000 do 5000 smrti, v veliki meri razbremenili bolni\u0161nice in omogo\u010dili nemoteno obravnavo bolnikov z drugimi boleznimi, prepre\u010dili \u0161tevilne huj\u0161e zaplete bolezni in skraj\u0161ali \u010das zdravljenja, \u010de bi le za\u010deli kovidne bolnike pravo\u010dasno zdraviti.<\/b><\/span><\/span><\/span><\/span><\/span><\/p>\n<\/div>\n<\/div><\/div><\/div><\/div><\/div><\/div><div id=\"pg-gb2017-69ef6bb90edf8-9\"  class=\"panel-grid panel-has-style\" ><div class=\"panel-row-style panel-row-style-for-gb2017-69ef6bb90edf8-9\" ><div id=\"pgc-gb2017-69ef6bb90edf8-9-0\"  class=\"panel-grid-cell\" ><div id=\"panel-gb2017-69ef6bb90edf8-9-0-0\" class=\"so-panel widget widget_sow-editor panel-first-child panel-last-child\" data-index=\"11\" ><div class=\"besedilo-strani panel-widget-style panel-widget-style-for-gb2017-69ef6bb90edf8-9-0-0\" ><div\n\t\t\t\n\t\t\tclass=\"so-widget-sow-editor so-widget-sow-editor-base\"\n\t\t\t\n\t\t>\n<div class=\"siteorigin-widget-tinymce textwidget\">\n\t<p class=\"western\" lang=\"en-US\"><span style=\"font-size: medium; color: #000000;\"><span style=\"font-family: Helvetica, serif;\"><span lang=\"sl-SI\">Dolgoro\u010dno najbolj vzdr\u017eni in poceni na\u010dini za obvladovanje epidemije, kot so ustrezni prezra\u010devalni sistemi, preventiva<\/span><\/span><b> <\/b><span style=\"font-family: Helvetica, serif;\"><span lang=\"sl-SI\">in krepitev imunskega sistema, profilaksa in zgodnje zdravljenje oku\u017ebe, so bile v celoti spregledane.<\/span><\/span><\/span><\/p>\n<p class=\"western\" lang=\"en-US\"><span style=\"font-size: medium; color: #000000;\"><span style=\"font-family: Helvetica, serif;\"><span lang=\"sl-SI\">Zelo verjetno je, da je nepravo\u010dasno in neustrezno zdravljenje Covida-19 pripeljalo do ve\u010d hospitalizacij, huj\u0161ih oblik bolezni, zapletov, dolgotrajnega kovida in smrti in da je bila mnogim, cepljenim in necepljenim, zaradi tega povzro\u010dena nepopravljiva \u0161koda. \u010ce ste vi ali va\u0161i bli\u017enji zaradi prepoznega ali neustreznega zdravljenja utrpeli \u0161kodo na zdravju, nam <\/span><\/span><span style=\"font-family: Helvetica, serif;\"><span lang=\"sl-SI\">sporo\u010dite<\/span><\/span><span style=\"font-family: Helvetica, serif;\"><span lang=\"sl-SI\">.<\/span><\/span><\/span><\/p>\n<\/div>\n<\/div><\/div><\/div><\/div><\/div><\/div><div id=\"pg-gb2017-69ef6bb90edf8-10\"  class=\"panel-grid panel-has-style\" ><div class=\"hiperlink-mini panel-row-style panel-row-style-for-gb2017-69ef6bb90edf8-10\" ><div id=\"pgc-gb2017-69ef6bb90edf8-10-0\"  class=\"panel-grid-cell\" ><div id=\"panel-gb2017-69ef6bb90edf8-10-0-0\" class=\"so-panel widget widget_sow-editor panel-first-child panel-last-child\" data-index=\"12\" ><div\n\t\t\t\n\t\t\tclass=\"so-widget-sow-editor so-widget-sow-editor-base\"\n\t\t\t\n\t\t>\n<div class=\"siteorigin-widget-tinymce textwidget\">\n\t<p class=\"western\" lang=\"en-US\" style=\"text-align: left;\" align=\"left\"><span style=\"font-size: medium;\"><span style=\"font-family: Helvetica, serif;\"><b>Preberi ve\u010d:<\/b><\/span><b> <\/b><a href=\"https:\/\/odgovoren-za-zdravje.si\/preventiva-in-zgodnje-zdravljenje-kovida\/\"><u><span style=\"font-family: Helvetica, serif;\"><b>Preventiva in zgodnje zdravljenja Covida-19<\/b><\/span><\/u><\/a><\/span><\/p>\n<\/div>\n<\/div><\/div><\/div><\/div><\/div><div id=\"pg-gb2017-69ef6bb90edf8-11\"  class=\"panel-grid panel-has-style\" ><div class=\"hiperlink-mini panel-row-style panel-row-style-for-gb2017-69ef6bb90edf8-11\" ><div id=\"pgc-gb2017-69ef6bb90edf8-11-0\"  class=\"panel-grid-cell\" ><div id=\"panel-gb2017-69ef6bb90edf8-11-0-0\" class=\"so-panel widget widget_sow-editor panel-first-child panel-last-child\" data-index=\"13\" ><div\n\t\t\t\n\t\t\tclass=\"so-widget-sow-editor so-widget-sow-editor-base\"\n\t\t\t\n\t\t>\n<div class=\"siteorigin-widget-tinymce textwidget\">\n\t<p class=\"western\" lang=\"en-US\" style=\"text-align: left;\" align=\"left\"><span style=\"font-size: medium;\"><span style=\"font-family: Helvetica, serif;\"><b>Vpra\u0161alnik:<\/b><\/span><b> <\/b><a href=\"https:\/\/odgovoren-za-zdravje.si\/vprasalnik-zdravljenje\/\"><u><span style=\"font-family: Helvetica, serif;\"><b>Nepravo\u010dasno ali neustrezno zdravljenje Covida-19<\/b><\/span><\/u><\/a><\/span><\/p>\n<\/div>\n<\/div><\/div><\/div><\/div><\/div><div id=\"pg-gb2017-69ef6bb90edf8-12\"  class=\"panel-grid panel-has-style\" ><div class=\"panel-row-style panel-row-style-for-gb2017-69ef6bb90edf8-12\" ><div id=\"pgc-gb2017-69ef6bb90edf8-12-0\"  class=\"panel-grid-cell\" ><div id=\"panel-gb2017-69ef6bb90edf8-12-0-0\" class=\"so-panel widget widget_sow-editor panel-first-child panel-last-child\" data-index=\"14\" ><div class=\"besedilo-strani panel-widget-style panel-widget-style-for-gb2017-69ef6bb90edf8-12-0-0\" ><div\n\t\t\t\n\t\t\tclass=\"so-widget-sow-editor so-widget-sow-editor-base\"\n\t\t\t\n\t\t>\n<div class=\"siteorigin-widget-tinymce textwidget\">\n\t<h3 style=\"text-align: left;\">Zapiranje dru\u017ebe je smrtnost zvi\u0161alo, ne zmanj\u0161alo<\/h3>\n<p style=\"text-align: justify;\"><span style=\"color: #000000;\">\u201c<span style=\"font-family: Liberation Serif, serif;\"><span style=\"font-size: medium;\"><span style=\"font-family: Helvetica, serif;\">Zapiranje dru\u017ebe ali &#8220;lockdown&#8221; bi lahko veljalo za eno od najve\u010djih mirnodobnih politi\u010dnih katastrof vseh \u010dasov\u201c<\/span><\/span><b> <\/b><span style=\"font-family: Helvetica, serif;\">(<\/span><span style=\"color: #0563c1;\"><u><a href=\"https:\/\/www.tandfonline.com\/doi\/epub\/10.1080\/13571516.2021.1976051?needAccess=true&amp;\"><span style=\"font-family: Helvetica, serif;\">vir<\/span><\/a><\/u><\/span><span style=\"font-family: Helvetica, serif;\">). <\/span><span style=\"font-family: Helvetica, serif;\">Nacionalni urad za ekonomske raziskave ZDA na podlagi podatkov iz 43 dr\u017eav sveta in vseh zveznih dr\u017eav ZDA <\/span><span style=\"color: #0563c1;\"><u><a href=\"..\/..\/..\/..\/Downloads\/The%20Impact%20of%20the%20COVID-19%20Pandemic%20and%20Policy%20Responses%20on%20Excess%20Mortality%20|%20NBER\"><span style=\"font-family: Helvetica, serif;\">ugotavlja<\/span><\/a><\/u><\/span><span style=\"font-family: Helvetica, serif;\">, da ni nobenih dokazov, da bi ukrep zapiranja dru\u017ebe (= lockdown) zmanj\u0161al umrljivost zaradi Covida-19, niti ni imel pomembnega u\u010dinka na pojavnost primerov Covida-19, je pa povzro\u010dil ogromno \u0161kode. <\/span><\/span><\/span><\/p>\n<p style=\"text-align: justify;\"><span style=\"font-family: Liberation Serif, serif;\"><span style=\"font-size: medium;\"><span style=\"color: #000000;\"><span style=\"font-family: Helvetica, serif;\"><b>Pove\u010dal je prese\u017eno smrtnost,<\/b><\/span><\/span><span style=\"color: #000000;\"><span style=\"font-family: Helvetica, serif;\"> tudi zaradi nedostopnosti zdravstvenega sistema in posledi\u010dno prepoznih diagnoz resnih bolezni. <\/span><\/span><span style=\"color: #000000;\"><span style=\"font-family: Helvetica, serif;\"><b>Pove\u010dale so se socialne in psihi\u010dne stiske,<\/b><\/span><\/span><span style=\"color: #000000;\"><span style=\"font-family: Helvetica, serif;\"> depresija, tesnoba, zloraba drog, dru\u017einsko nasilje, spolne zlorabe, stopnja (poskusov) samomora&#8230; Posebej zakrbljujo\u010de je stanje otrok in mladostnikov.<\/span><\/span><\/span><\/span><\/p>\n<\/div>\n<\/div><\/div><\/div><\/div><\/div><\/div><div id=\"pg-gb2017-69ef6bb90edf8-13\"  class=\"panel-grid panel-has-style\" ><div class=\"slikaintekst-boks3 panel-row-style panel-row-style-for-gb2017-69ef6bb90edf8-13\" ><div id=\"pgc-gb2017-69ef6bb90edf8-13-0\"  class=\"panel-grid-cell\" ><div id=\"panel-gb2017-69ef6bb90edf8-13-0-0\" class=\"so-panel widget widget_sow-image panel-first-child panel-last-child\" data-index=\"15\" ><div\n\t\t\t\n\t\t\tclass=\"so-widget-sow-image so-widget-sow-image-default-8b5b6f678277-2017\"\n\t\t\t\n\t\t>\n<div class=\"sow-image-container\">\n\t\t<img \n\tsrc=\"https:\/\/odgovoren-za-zdravje.si\/wp-content\/uploads\/2023\/09\/Epidemicni-ukrepi-naslovna-slika-1-e1695807640702.png\" width=\"849\" height=\"590\" srcset=\"https:\/\/odgovoren-za-zdravje.si\/wp-content\/uploads\/2023\/09\/Epidemicni-ukrepi-naslovna-slika-1-e1695807640702.png 849w, https:\/\/odgovoren-za-zdravje.si\/wp-content\/uploads\/2023\/09\/Epidemicni-ukrepi-naslovna-slika-1-e1695807640702-300x208.png 300w, https:\/\/odgovoren-za-zdravje.si\/wp-content\/uploads\/2023\/09\/Epidemicni-ukrepi-naslovna-slika-1-e1695807640702-768x534.png 768w\" sizes=\"(max-width: 849px) 100vw, 849px\" title=\"Epidemic\u030cni ukrepi &#8211; naslovna slika\" alt=\"\" \t\tclass=\"so-widget-image\"\/>\n\t<\/div>\n\n<\/div><\/div><\/div><div id=\"pgc-gb2017-69ef6bb90edf8-13-1\"  class=\"panel-grid-cell\" ><div id=\"panel-gb2017-69ef6bb90edf8-13-1-0\" class=\"so-panel widget widget_sow-editor panel-first-child panel-last-child\" data-index=\"16\" ><div class=\"slikaintekst-boks4 panel-widget-style panel-widget-style-for-gb2017-69ef6bb90edf8-13-1-0\" ><div\n\t\t\t\n\t\t\tclass=\"so-widget-sow-editor so-widget-sow-editor-base\"\n\t\t\t\n\t\t>\n<div class=\"siteorigin-widget-tinymce textwidget\">\n\t<p style=\"text-align: justify;\" align=\"center\"><span style=\"font-family: Liberation Serif, serif;\"><span style=\"font-size: medium;\"><span style=\"color: #000000;\"><span style=\"font-family: Helvetica, serif;\"><span lang=\"sl-SI\"><b>Ustvarja se vtis, da obstaja znanstveni konsenz, ki govori v prid zapiranju dru\u017ebe, a to ni res.<\/b><\/span><\/span><\/span><span style=\"color: #000000;\"><span style=\"font-family: Helvetica, serif;\"><span lang=\"sl-SI\"> Veliko\u00a0uglednih, svetovno znanih imen s podro\u010dja medicine, epidemiologije, virologije, biologije, mikrobiologije in drugih, se je zdru\u017eilo v pripravi dokumenta\u00a0<\/span><\/span><\/span><span style=\"color: #0563c1;\"><u><a href=\"https:\/\/gbdeclaration.org\/\" target=\"_blank\" rel=\"noopener\"><span style=\"color: #0070c0;\"><span style=\"font-family: Helvetica, serif;\"><span lang=\"sl-SI\">Great Barrington Declaration<\/span><\/span><\/span><\/a><\/u><\/span><span style=\"color: #000000;\"><span style=\"font-family: Helvetica, serif;\"><span lang=\"sl-SI\">, v katerem <\/span><\/span><\/span><span style=\"color: #000000;\"><span style=\"font-family: Helvetica, serif;\"><span lang=\"sl-SI\"><b>pozivajo, naj se takoj preneha z zapiranji celotne dru\u017ebe in bolj poskrbi za ranljive skupine.<\/b><\/span><\/span><\/span><\/span><\/span><\/p>\n<\/div>\n<\/div><\/div><\/div><\/div><\/div><\/div><div id=\"pg-gb2017-69ef6bb90edf8-14\"  class=\"panel-grid panel-has-style\" ><div class=\"panel-row-style panel-row-style-for-gb2017-69ef6bb90edf8-14\" ><div id=\"pgc-gb2017-69ef6bb90edf8-14-0\"  class=\"panel-grid-cell\" ><div id=\"panel-gb2017-69ef6bb90edf8-14-0-0\" class=\"so-panel widget widget_sow-editor panel-first-child panel-last-child\" data-index=\"17\" ><div class=\"besedilo-strani panel-widget-style panel-widget-style-for-gb2017-69ef6bb90edf8-14-0-0\" ><div\n\t\t\t\n\t\t\tclass=\"so-widget-sow-editor so-widget-sow-editor-base\"\n\t\t\t\n\t\t>\n<div class=\"siteorigin-widget-tinymce textwidget\">\n\t<p style=\"text-align: justify;\" align=\"justify\"><span style=\"font-family: Liberation Serif, serif;\"><span style=\"font-size: medium;\"><span style=\"color: #000000;\"><span style=\"font-family: Helvetica, serif;\">Analize, ki govorijo v prid zapiranja dru\u017ebe, so uporabljale grobe merske enote, kot so \u017eivljenja, in ne leta \u017eivljenja, kar je zavajajo\u010de. Smrt zaradi Covida-19 nesorazmerno prizadene najstarej\u0161e prebivalce, medtem ko gospodarski in socialni u\u010dinki zapiranja dru\u017ebe nesorazmerno prizadenejo mlaj\u0161e delovno aktivno prebivalstvo in otroke, ki imajo v \u010dasu u\u010dinka veliko dalj\u0161o pri\u010dakovano \u017eivljenjsko dobo.<\/span><\/span><\/span><\/span><\/p>\n<\/div>\n<\/div><\/div><\/div><\/div><\/div><\/div><div id=\"pg-gb2017-69ef6bb90edf8-15\"  class=\"panel-grid panel-has-style\" ><div class=\"slikaintekst-boks3 panel-row-style panel-row-style-for-gb2017-69ef6bb90edf8-15\" ><div id=\"pgc-gb2017-69ef6bb90edf8-15-0\"  class=\"panel-grid-cell\" ><div id=\"panel-gb2017-69ef6bb90edf8-15-0-0\" class=\"so-panel widget widget_sow-editor panel-first-child panel-last-child\" data-index=\"18\" ><div class=\"slikaintekst-boks4 panel-widget-style panel-widget-style-for-gb2017-69ef6bb90edf8-15-0-0\" ><div\n\t\t\t\n\t\t\tclass=\"so-widget-sow-editor so-widget-sow-editor-base\"\n\t\t\t\n\t\t>\n<div class=\"siteorigin-widget-tinymce textwidget\">\n\t<p align=\"center\"><span style=\"font-family: Liberation Serif, serif;\"><span style=\"font-size: medium;\"><span style=\"color: #000000;\"><span style=\"font-family: Helvetica, serif;\"><b>V ZDA <\/b><\/span><\/span><span style=\"color: #0563c1;\"><u><a href=\"https:\/\/revolver.news\/2020\/08\/study-covid-19-lockdowns-deadlier-than-pandemic-itself\/\"><span style=\"font-family: Helvetica, serif;\"><b>ocenjujejo<\/b><\/span><\/a><\/u><\/span><span style=\"color: #000000;\"><span style=\"font-family: Helvetica, serif;\"><b>, da bo zaradi zapiranja dru\u017ebe <\/b><\/span><\/span><span style=\"color: #000000;\"><span style=\"font-family: Helvetica, serif;\"><b>izgubljenih<\/b><\/span><\/span><span style=\"color: #000000;\"><span style=\"font-family: Helvetica, serif;\"><b> kar 18,7 milijonov let \u017eivljenja, prihranjenih pa le <\/b><\/span><\/span><span style=\"color: #000000;\"><span style=\"font-family: Helvetica, serif;\"><b>od 250 do 750 tiso\u010d let.<\/b><\/span><\/span><\/span><\/span><\/p>\n<hr \/>\n<p align=\"center\"><span style=\"font-family: Liberation Serif, serif;\"><span style=\"font-size: medium;\"><span style=\"color: #000000;\"><span style=\"font-family: Helvetica, serif;\"><span lang=\"sl-SI\">Po <\/span><\/span><\/span><a href=\"https:\/\/thecritic.co.uk\/in-defence-of-lockdown-sceptics\/\"><span style=\"color: #0070c0;\"><span style=\"font-family: Helvetica, serif;\"><span lang=\"sl-SI\"><u>\u0161tudiji<\/u><\/span><\/span><\/span><\/a><u> <\/u><span style=\"color: #000000;\"><span style=\"font-family: Helvetica, serif;\"><span lang=\"sl-SI\">Univerze v Bristolu (Velika Britanija) so ukrepi z <\/span><\/span><\/span><span style=\"color: #000000;\"><span style=\"font-family: Helvetica, serif;\"><span lang=\"sl-SI\"><a href=\"https:\/\/www.dailymail.co.uk\/news\/article-8925425\/Lockdown-claim-equivalent-560-000-lives-health-impact-recession-cause.html\">omejitv<\/a><a href=\"https:\/\/www.dailymail.co.uk\/news\/article-8925425\/Lockdown-claim-equivalent-560-000-lives-health-impact-recession-cause.html\">ami<\/a><a href=\"https:\/\/www.dailymail.co.uk\/news\/article-8925425\/Lockdown-claim-equivalent-560-000-lives-health-impact-recession-cause.html\"> povzro\u010dil<\/a><a href=\"https:\/\/www.dailymail.co.uk\/news\/article-8925425\/Lockdown-claim-equivalent-560-000-lives-health-impact-recession-cause.html\">i<\/a><a href=\"https:\/\/www.dailymail.co.uk\/news\/article-8925425\/Lockdown-claim-equivalent-560-000-lives-health-impact-recession-cause.html\"> 560.000 smrti<\/a>, kar je 310.000 ve\u010d, kot so napovedali <\/span><\/span><\/span><span style=\"color: #000000;\"><span style=\"font-family: Helvetica, serif;\"><span lang=\"sl-SI\">tamka\u0161nji pristojni, <\/span><\/span><\/span><span style=\"color: #000000;\"><span style=\"font-family: Helvetica, serif;\"><span lang=\"sl-SI\">da naj bi jih umrlo zaradi Covida-19 brez so\u010dasnih ukrepov zaprtja dru\u017ebe v Veliki Britaniji.<\/span><\/span><\/span><\/span><\/span><\/p>\n<\/div>\n<\/div><\/div><\/div><\/div><div id=\"pgc-gb2017-69ef6bb90edf8-15-1\"  class=\"panel-grid-cell\" ><div id=\"panel-gb2017-69ef6bb90edf8-15-1-0\" class=\"so-panel widget widget_sow-image panel-first-child panel-last-child\" data-index=\"19\" ><div\n\t\t\t\n\t\t\tclass=\"so-widget-sow-image so-widget-sow-image-default-8b5b6f678277-2017\"\n\t\t\t\n\t\t>\n<div class=\"sow-image-container\">\n\t\t<img \n\tsrc=\"https:\/\/odgovoren-za-zdravje.si\/wp-content\/uploads\/2023\/09\/ne-objemite-babice-in-dedka-da-ju-ne-okuzite-1.jpg\" width=\"1200\" height=\"900\" srcset=\"https:\/\/odgovoren-za-zdravje.si\/wp-content\/uploads\/2023\/09\/ne-objemite-babice-in-dedka-da-ju-ne-okuzite-1.jpg 1200w, https:\/\/odgovoren-za-zdravje.si\/wp-content\/uploads\/2023\/09\/ne-objemite-babice-in-dedka-da-ju-ne-okuzite-1-300x225.jpg 300w, https:\/\/odgovoren-za-zdravje.si\/wp-content\/uploads\/2023\/09\/ne-objemite-babice-in-dedka-da-ju-ne-okuzite-1-1024x768.jpg 1024w, https:\/\/odgovoren-za-zdravje.si\/wp-content\/uploads\/2023\/09\/ne-objemite-babice-in-dedka-da-ju-ne-okuzite-1-768x576.jpg 768w\" sizes=\"(max-width: 1200px) 100vw, 1200px\" title=\"ne-objemite-babice-in-dedka-da-ju-ne-okuzite\" alt=\"\" \t\tclass=\"so-widget-image\"\/>\n\t<\/div>\n\n<\/div><\/div><\/div><\/div><\/div><div id=\"pg-gb2017-69ef6bb90edf8-16\"  class=\"panel-grid panel-has-style\" ><div class=\"panel-row-style panel-row-style-for-gb2017-69ef6bb90edf8-16\" ><div id=\"pgc-gb2017-69ef6bb90edf8-16-0\"  class=\"panel-grid-cell\" ><div id=\"panel-gb2017-69ef6bb90edf8-16-0-0\" class=\"so-panel widget widget_sow-editor panel-first-child panel-last-child\" data-index=\"20\" ><div class=\"besedilo-strani panel-widget-style panel-widget-style-for-gb2017-69ef6bb90edf8-16-0-0\" ><div\n\t\t\t\n\t\t\tclass=\"so-widget-sow-editor so-widget-sow-editor-base\"\n\t\t\t\n\t\t>\n<div class=\"siteorigin-widget-tinymce textwidget\">\n\t<p style=\"text-align: justify;\"><span style=\"font-family: Liberation Serif, serif;\"><span style=\"font-size: medium;\"><span style=\"font-family: Helvetica, serif; color: #000000;\">Utemeljitve v prid dlje trajajo\u010dim zaprtjem niso ustrezno upo\u0161tevale \u0161tevilnih nasprotnih vidikov, vklju\u010dno z vplivom na du\u0161evne bolezni, izobra\u017eevanje, zaposlovanje in marginalizirane skupnosti ter zdravstvene, izobra\u017eevalne in ekonomske neenakosti. Ker je sedaj jasno, da podalj\u0161ano zapiranje povzro\u010da hudo \u0161kodo \u0161tevilnim ranljivim skupinam prebivalstva, je za izvajanje dalj\u0161ega zapiranja dru\u017ebe treba postaviti vi\u0161je kriterije z visokokakovostnimi dokazi, da je korist bistveno ve\u010dja od \u0161kode. (povzetek iz <\/span><span style=\"color: #0563c1;\"><u><a href=\"https:\/\/pubmed.ncbi.nlm.nih.gov\/37549359\/\"><span style=\"font-family: Helvetica, serif;\">\u0161tudije<\/span><\/a><\/u><\/span><span style=\"font-family: Helvetica, serif; color: #000000;\">)<\/span><\/span><\/span><\/p>\n<\/div>\n<\/div><\/div><\/div><\/div><\/div><\/div><div id=\"pg-gb2017-69ef6bb90edf8-17\"  class=\"panel-grid panel-has-style\" ><div class=\"panel-row-style panel-row-style-for-gb2017-69ef6bb90edf8-17\" ><div id=\"pgc-gb2017-69ef6bb90edf8-17-0\"  class=\"panel-grid-cell\" ><div id=\"panel-gb2017-69ef6bb90edf8-17-0-0\" class=\"so-panel widget widget_sow-editor panel-first-child panel-last-child\" data-index=\"21\" ><div class=\"besedilo-strani panel-widget-style panel-widget-style-for-gb2017-69ef6bb90edf8-17-0-0\" ><div\n\t\t\t\n\t\t\tclass=\"so-widget-sow-editor so-widget-sow-editor-base\"\n\t\t\t\n\t\t>\n<div class=\"siteorigin-widget-tinymce textwidget\">\n\t<h3 style=\"text-align: left;\">Teh otrok ni ubil ali po\u0161kodoval virus, temve\u010d ukrepi<\/h3>\n<p style=\"text-align: justify;\" align=\"justify\"><span style=\"font-family: Liberation Serif, serif;\"><span style=\"font-size: medium;\"><span style=\"color: #000000;\"><span style=\"font-family: Helvetica, serif;\"><b>Otroci in mladostniki <\/b><\/span><\/span><span style=\"color: #000000;\"><span style=\"font-family: Helvetica, serif;\">so zaradi nesorazmernih ukrepov utrpeli najve\u010djo \u0161kodo<\/span><\/span><b> <\/b><span style=\"color: #000000;\"><span style=\"font-family: Helvetica, serif;\">na svojem psihofizi\u010dnem zdravju. Mnoge raziskave ka\u017eejo, da je <\/span><\/span><span style=\"color: #000000;\"><span style=\"font-family: Helvetica, serif;\">zapiranje dru\u017ebe povezano z<\/span><\/span><span style=\"color: #000000;\"><span style=\"font-family: Helvetica, serif;\"><b> upadom verbalne, motori\u010dne in kognitivne zmogljivosti pri dojen\u010dkih in otrocih.<\/b><\/span><\/span> <span style=\"color: #000000;\"><span style=\"font-family: Helvetica, serif;\">V \u010dasu pandemije so se poglobile <\/span><\/span><span style=\"color: #000000;\"><span style=\"font-family: Helvetica, serif;\"><b>psihi\u010dne stiske<\/b><\/span><\/span><span style=\"color: #000000;\"><span style=\"font-family: Helvetica, serif;\"> tako odraslih kot otrok in mladostnikov. Na primer, podatki iz Velike Britanije ka\u017eejo, da so se <\/span><\/span><a href=\"https:\/\/www.express.co.uk\/news\/uk\/1486528\/lockdown-baby-blind-spot-lack-vital-support-development-issues-suffering?fbclid=IwAR3xh-lMzoztOhPC6B9rE5DG1aTtgF29LMzHlMp4msnm_srGfvyzCRHMrdg\"><span style=\"color: #0070c0;\"><span style=\"font-family: Helvetica, serif;\"><u>primeri huj\u0161ih po\u0161kodb dojen\u010dkov<\/u><\/span><\/span><\/a><span style=\"color: #000000;\"><span style=\"font-family: Helvetica, serif;\"> pove\u010dali za kar 20%, od tega jih je 40% umrlo. <\/span><\/span><\/span><\/span><\/p>\n<p style=\"text-align: justify;\"><span style=\"font-family: Liberation Serif, serif;\"><span style=\"font-size: medium;\"><span style=\"color: #000000;\"><span style=\"font-family: Helvetica, serif;\">Teh otrok ni ubil ali po\u0161kodoval virus, ampak ukrepi, ki so ljudi spravljali v hude stiske. Umrli otroci so le vrh ledene gore, \u0161tevilni so travmatizirani, otro\u0161ke travme pa pogosto pu\u0161\u010dajo do\u017eivljenjske posledice. <\/span><\/span><\/span><\/span><\/p>\n<\/div>\n<\/div><\/div><\/div><\/div><\/div><\/div><div id=\"pg-gb2017-69ef6bb90edf8-18\"  class=\"panel-grid panel-has-style\" ><div class=\"slikaintekst-boks3 panel-row-style panel-row-style-for-gb2017-69ef6bb90edf8-18\" ><div id=\"pgc-gb2017-69ef6bb90edf8-18-0\"  class=\"panel-grid-cell\" ><div id=\"panel-gb2017-69ef6bb90edf8-18-0-0\" class=\"so-panel widget widget_sow-image panel-first-child panel-last-child\" data-index=\"22\" ><div\n\t\t\t\n\t\t\tclass=\"so-widget-sow-image so-widget-sow-image-default-8b5b6f678277-2017\"\n\t\t\t\n\t\t>\n<div class=\"sow-image-container\">\n\t\t<img \n\tsrc=\"https:\/\/odgovoren-za-zdravje.si\/wp-content\/uploads\/2023\/09\/nepopravljive-stiske-travme-2-e1695742676982.jpg\" width=\"1496\" height=\"675\" srcset=\"https:\/\/odgovoren-za-zdravje.si\/wp-content\/uploads\/2023\/09\/nepopravljive-stiske-travme-2-e1695742676982.jpg 1496w, https:\/\/odgovoren-za-zdravje.si\/wp-content\/uploads\/2023\/09\/nepopravljive-stiske-travme-2-e1695742676982-300x135.jpg 300w, https:\/\/odgovoren-za-zdravje.si\/wp-content\/uploads\/2023\/09\/nepopravljive-stiske-travme-2-e1695742676982-1024x462.jpg 1024w, https:\/\/odgovoren-za-zdravje.si\/wp-content\/uploads\/2023\/09\/nepopravljive-stiske-travme-2-e1695742676982-768x347.jpg 768w\" sizes=\"(max-width: 1496px) 100vw, 1496px\" title=\"nepopravljive-stiske-travme\" alt=\"\" \t\tclass=\"so-widget-image\"\/>\n\t<\/div>\n\n<\/div><\/div><\/div><div id=\"pgc-gb2017-69ef6bb90edf8-18-1\"  class=\"panel-grid-cell\" ><div id=\"panel-gb2017-69ef6bb90edf8-18-1-0\" class=\"so-panel widget widget_sow-editor panel-first-child panel-last-child\" data-index=\"23\" ><div class=\"slikaintekst-boks4 panel-widget-style panel-widget-style-for-gb2017-69ef6bb90edf8-18-1-0\" ><div\n\t\t\t\n\t\t\tclass=\"so-widget-sow-editor so-widget-sow-editor-base\"\n\t\t\t\n\t\t>\n<div class=\"siteorigin-widget-tinymce textwidget\">\n\t<p style=\"text-align: justify;\" align=\"center\"><span style=\"color: #000000;\">\u201c<\/span><span style=\"font-family: Liberation Serif, serif;\"><span style=\"font-size: medium;\"><span style=\"color: #000000;\"><span style=\"font-family: Helvetica, serif;\"><span lang=\"sl-SI\"><b>V letu 2020 je bilo samo na Pediatri\u010dni kliniki v Ljubljani <\/b><\/span><\/span><\/span><span style=\"color: #000000;\"><span style=\"font-family: Helvetica, serif;\"><span lang=\"sl-SI\"><b>zdravljenih<\/b><\/span><\/span><\/span><b> <\/b><span style=\"color: #000000;\"><span style=\"font-family: Helvetica, serif;\"><span lang=\"sl-SI\"><b>za skoraj<\/b><\/span><\/span><\/span> <span style=\"color: #000000;\"><span style=\"font-family: Helvetica, serif;\"><span lang=\"sl-SI\"><b>50 % ve\u010d mladostnikov po poskusu<\/b><\/span><\/span><\/span> <span style=\"color: #000000;\"><span style=\"font-family: Helvetica, serif;\"><span lang=\"sl-SI\"><b>samomora<\/b><\/span><\/span><\/span><span style=\"color: #000000;\"><span style=\"font-family: Helvetica, serif;\"><span lang=\"sl-SI\">.\u201c (<\/span><\/span><\/span><span style=\"color: #0563c1;\"><u><a href=\"https:\/\/nijz.si\/zivljenjski-slog\/dusevno-zdravje\/vpliv-epidemije-covid-19-na-dusevno-zdravje\/\"><span style=\"font-family: Helvetica, serif;\"><span lang=\"sl-SI\">NIJZ<\/span><\/span><\/a><\/u><\/span><span style=\"color: #000000;\"><span style=\"font-family: Helvetica, serif;\"><span lang=\"sl-SI\">)<\/span><\/span><\/span><\/span><\/span><\/p>\n<hr \/>\n<p style=\"text-align: justify;\" align=\"center\"><span style=\"font-family: Liberation Serif, serif;\"><span style=\"font-size: medium;\"><span style=\"color: #000000;\"><span style=\"font-family: Helvetica, serif;\">\u00bbOtroci in mladostniki ne smejo biti ve\u010d \u017ertve ne\u010dlove\u0161kih omejitev. Otroci potrebujejo dru\u017eenje in aktivnosti izven \u0161ole. Nedopustno je, da se otroke sistemsko uni\u010di z nepremi\u0161ljenimi ukrepi.\u00ab (<\/span><\/span><span style=\"color: #0563c1;\"><u><a href=\"https:\/\/www.zpms.si\/2020\/08\/31\/szj-neclovesko-omejevanje-otrok-in-mladostnikov-do-obsolskih-dejavnosti-povzrocilo-strahovito-porast-in-poglobitev-dusevnih-stisk-poroca-tom-telefon\/\"><span style=\"font-family: Helvetica, serif;\">Zveza prijateljev mladine Slovenije<\/span><\/a><\/u><\/span><span style=\"color: #000000;\"><span style=\"font-family: Helvetica, serif;\">)<\/span><\/span><\/span><\/span><\/p>\n<\/div>\n<\/div><\/div><\/div><\/div><\/div><\/div><div id=\"pg-gb2017-69ef6bb90edf8-19\"  class=\"panel-grid panel-has-style\" ><div class=\"panel-row-style panel-row-style-for-gb2017-69ef6bb90edf8-19\" ><div id=\"pgc-gb2017-69ef6bb90edf8-19-0\"  class=\"panel-grid-cell\" ><div id=\"panel-gb2017-69ef6bb90edf8-19-0-0\" class=\"so-panel widget widget_sow-editor panel-first-child panel-last-child\" data-index=\"24\" ><div class=\"besedilo-strani panel-widget-style panel-widget-style-for-gb2017-69ef6bb90edf8-19-0-0\" ><div\n\t\t\t\n\t\t\tclass=\"so-widget-sow-editor so-widget-sow-editor-base\"\n\t\t\t\n\t\t>\n<div class=\"siteorigin-widget-tinymce textwidget\">\n\t<p class=\"western\" lang=\"en-US\"><span style=\"font-size: medium;\"><span style=\"color: #000000;\"><span style=\"font-family: Helvetica, serif;\"><span lang=\"sl-SI\">\u010ce se je vam ali va\u0161im bli\u017enjim zaradi kovidne krize in\/ali epidemi\u010dnih ukrepov poslab\u0161alo du\u0161evno zdravje, nam sporo\u010dite preko spodnjega vpra\u0161alnika. Posebej nas zanima du\u0161evno zdravje otrok in mladostnikov.<\/span><\/span><\/span><\/span><\/p>\n<\/div>\n<\/div><\/div><\/div><\/div><\/div><\/div><div id=\"pg-gb2017-69ef6bb90edf8-20\"  class=\"panel-grid panel-has-style\" ><div class=\"hiperlink-mini panel-row-style panel-row-style-for-gb2017-69ef6bb90edf8-20\" ><div id=\"pgc-gb2017-69ef6bb90edf8-20-0\"  class=\"panel-grid-cell\" ><div id=\"panel-gb2017-69ef6bb90edf8-20-0-0\" class=\"so-panel widget widget_sow-editor panel-first-child panel-last-child\" data-index=\"25\" ><div\n\t\t\t\n\t\t\tclass=\"so-widget-sow-editor so-widget-sow-editor-base\"\n\t\t\t\n\t\t>\n<div class=\"siteorigin-widget-tinymce textwidget\">\n\t<p class=\"western\" lang=\"en-US\" style=\"text-align: left;\" align=\"left\"><span style=\"font-size: medium;\"><span style=\"font-family: Helvetica, serif;\"><b>Preberi ve\u010d:<\/b><\/span><b> <\/b><a href=\"https:\/\/odgovoren-za-zdravje.si\/vpliv-kovidne-krize-na-dusevno-zdravje\/\"><u><span style=\"font-family: Helvetica, serif;\"><b>Vpliv kovidne krize na du\u0161evno zdravje<\/b><\/span><\/u><\/a><\/span><\/p>\n<\/div>\n<\/div><\/div><\/div><\/div><\/div><div id=\"pg-gb2017-69ef6bb90edf8-21\"  class=\"panel-grid panel-has-style\" ><div class=\"hiperlink-mini panel-row-style panel-row-style-for-gb2017-69ef6bb90edf8-21\" ><div id=\"pgc-gb2017-69ef6bb90edf8-21-0\"  class=\"panel-grid-cell\" ><div id=\"panel-gb2017-69ef6bb90edf8-21-0-0\" class=\"so-panel widget widget_sow-editor panel-first-child panel-last-child\" data-index=\"26\" ><div\n\t\t\t\n\t\t\tclass=\"so-widget-sow-editor so-widget-sow-editor-base\"\n\t\t\t\n\t\t>\n<div class=\"siteorigin-widget-tinymce textwidget\">\n\t<p class=\"western\" lang=\"en-US\" style=\"text-align: left;\" align=\"left\"><span style=\"font-size: medium;\"><span style=\"font-family: Helvetica, serif;\"><b>Vpra\u0161alnik:<\/b><\/span><b> <\/b><a href=\"https:\/\/odgovoren-za-zdravje.si\/vprasalnik-dusevno-zdravje\/\"><u><span style=\"font-family: Helvetica, serif;\"><b>Vpliv kovidne krize na du\u0161evno zdravje<\/b><\/span><\/u><\/a><\/span><\/p>\n<\/div>\n<\/div><\/div><\/div><\/div><\/div><div id=\"pg-gb2017-69ef6bb90edf8-22\"  class=\"panel-grid panel-has-style\" ><div class=\"panel-row-style panel-row-style-for-gb2017-69ef6bb90edf8-22\" ><div id=\"pgc-gb2017-69ef6bb90edf8-22-0\"  class=\"panel-grid-cell\" ><div id=\"panel-gb2017-69ef6bb90edf8-22-0-0\" class=\"so-panel widget widget_sow-editor panel-first-child panel-last-child\" data-index=\"27\" ><div class=\"besedilo-strani panel-widget-style panel-widget-style-for-gb2017-69ef6bb90edf8-22-0-0\" ><div\n\t\t\t\n\t\t\tclass=\"so-widget-sow-editor so-widget-sow-editor-base\"\n\t\t\t\n\t\t>\n<div class=\"siteorigin-widget-tinymce textwidget\">\n\t<h3 lang=\"en-US\" style=\"text-align: left;\"><span lang=\"sl-SI\">Zaprtje \u0161ol ni pripomoglo k zaustavitvi \u0161irjenja Covida-19<\/span><\/h3>\n<p align=\"justify\"><span style=\"font-family: Liberation Serif, serif;\"><span style=\"font-size: medium;\"><span style=\"color: #000000;\"><span style=\"font-family: Helvetica, serif;\">Kot priznava celo Center za nadzor in prepre\u010devanje bolezni (CDC) \u201cse zdi, da prenos Covida-19 v \u0161olah ni pogostej\u0161i kot v neizobra\u017eevalnih okoljih.&#8221; <\/span><\/span><span style=\"color: #0563c1;\"><u><a href=\"..\/..\/..\/..\/Downloads\/jogh-11-05013.pdf\"><span style=\"font-family: Helvetica, serif;\">\u0160tudija<\/span><\/a><\/u><\/span><span style=\"color: #000000;\"><span style=\"font-family: Helvetica, serif;\">, ki jo je kasneje objavil Journal of Global Health, je ugotovila, da so &#8220;otroci in mladostniki imeli ni\u017eje mo\u017enosti za oku\u017ebo v izobra\u017eevalnih okoljih kot v gospodinjstvih ali v skupnosti.<\/span><\/span><\/span><\/span><\/p>\n<\/div>\n<\/div><\/div><\/div><\/div><\/div><\/div><div id=\"pg-gb2017-69ef6bb90edf8-23\"  class=\"panel-grid panel-has-style\" ><div class=\"slikaintekst-boks3 panel-row-style panel-row-style-for-gb2017-69ef6bb90edf8-23\" ><div id=\"pgc-gb2017-69ef6bb90edf8-23-0\"  class=\"panel-grid-cell\" ><div id=\"panel-gb2017-69ef6bb90edf8-23-0-0\" class=\"so-panel widget widget_sow-editor panel-first-child panel-last-child\" data-index=\"28\" ><div class=\"slikaintekst-boks4 panel-widget-style panel-widget-style-for-gb2017-69ef6bb90edf8-23-0-0\" ><div\n\t\t\t\n\t\t\tclass=\"so-widget-sow-editor so-widget-sow-editor-base\"\n\t\t\t\n\t\t>\n<div class=\"siteorigin-widget-tinymce textwidget\">\n\t<p style=\"text-align: justify;\" align=\"center\"><span style=\"font-family: Liberation Serif, serif;\"><span style=\"font-size: medium;\"><span style=\"color: #000000;\"><span style=\"font-family: Helvetica, serif;\"><b>&#8220;Glede na drakonske ukrepe ni \u010dudno, da<\/b><\/span><\/span> <span style=\"color: #000000;\"><span style=\"font-family: Helvetica, serif;\"><b>vse ve\u010d otrok zaostaja v razvoju<\/b><\/span><\/span><span style=\"color: #000000;\"><span style=\"font-family: Helvetica, serif;\">. <\/span><\/span><span style=\"color: #000000;\"><span style=\"font-family: Helvetica, serif;\">Zaprtje \u0161ol, neu\u010dinkovito spletno u\u010denje, maskiranje in pomanjkanje socializacije predstavljajo veliko breme za otroke in verjamem, da zato zdaj opa\u017eamo u\u010dinke neoptimalnega u\u010denja.&#8221;<\/span><\/span><\/span><\/span><\/p>\n<p style=\"text-align: justify;\" align=\"center\"><span style=\"font-family: Liberation Serif, serif;\"><span style=\"font-size: medium;\"><span style=\"color: #000000;\"><span style=\"font-family: Helvetica, serif;\">(<\/span><\/span><span style=\"color: #000000;\"><span style=\"font-family: Helvetica, serif;\">Brian Hooker, dr., vi\u0161ji direktor znanosti in raziskav za obrambo zdravja otrok)<\/span><\/span><\/span><\/span><\/p>\n<\/div>\n<\/div><\/div><\/div><\/div><div id=\"pgc-gb2017-69ef6bb90edf8-23-1\"  class=\"panel-grid-cell\" ><div id=\"panel-gb2017-69ef6bb90edf8-23-1-0\" class=\"so-panel widget widget_sow-image panel-first-child panel-last-child\" data-index=\"29\" ><div\n\t\t\t\n\t\t\tclass=\"so-widget-sow-image so-widget-sow-image-default-8b5b6f678277-2017\"\n\t\t\t\n\t\t>\n<div class=\"sow-image-container\">\n\t\t<img \n\tsrc=\"https:\/\/odgovoren-za-zdravje.si\/wp-content\/uploads\/2023\/09\/front-view-child-taking-virtual-courses-scaled-e1695808118399.jpg\" width=\"1990\" height=\"1113\" srcset=\"https:\/\/odgovoren-za-zdravje.si\/wp-content\/uploads\/2023\/09\/front-view-child-taking-virtual-courses-scaled-e1695808118399.jpg 1990w, https:\/\/odgovoren-za-zdravje.si\/wp-content\/uploads\/2023\/09\/front-view-child-taking-virtual-courses-scaled-e1695808118399-300x168.jpg 300w, https:\/\/odgovoren-za-zdravje.si\/wp-content\/uploads\/2023\/09\/front-view-child-taking-virtual-courses-scaled-e1695808118399-1024x573.jpg 1024w, https:\/\/odgovoren-za-zdravje.si\/wp-content\/uploads\/2023\/09\/front-view-child-taking-virtual-courses-scaled-e1695808118399-768x430.jpg 768w, https:\/\/odgovoren-za-zdravje.si\/wp-content\/uploads\/2023\/09\/front-view-child-taking-virtual-courses-scaled-e1695808118399-1536x859.jpg 1536w\" sizes=\"(max-width: 1990px) 100vw, 1990px\" title=\"front-view-child-taking-virtual-courses\" alt=\"\" \t\tclass=\"so-widget-image\"\/>\n\t<\/div>\n\n<\/div><\/div><\/div><\/div><\/div><div id=\"pg-gb2017-69ef6bb90edf8-24\"  class=\"panel-grid panel-has-style\" ><div class=\"panel-row-style panel-row-style-for-gb2017-69ef6bb90edf8-24\" ><div id=\"pgc-gb2017-69ef6bb90edf8-24-0\"  class=\"panel-grid-cell\" ><div id=\"panel-gb2017-69ef6bb90edf8-24-0-0\" class=\"so-panel widget widget_sow-editor panel-first-child panel-last-child\" data-index=\"30\" ><div class=\"besedilo-strani panel-widget-style panel-widget-style-for-gb2017-69ef6bb90edf8-24-0-0\" ><div\n\t\t\t\n\t\t\tclass=\"so-widget-sow-editor so-widget-sow-editor-base\"\n\t\t\t\n\t\t>\n<div class=\"siteorigin-widget-tinymce textwidget\">\n\t<p style=\"text-align: justify;\" align=\"justify\"><span style=\"font-family: Liberation Serif, serif;\"><span style=\"font-size: medium;\"><span style=\"color: #000000;\"><span style=\"font-family: Helvetica, serif;\">V \u010dasu pandemije je bilo strokovno povsem neutemeljeno in moralno nesprejemljivo, da je bilo <\/span><\/span><span style=\"color: #000000;\"><span style=\"font-family: Helvetica, serif;\"><b>re\u0161evanje starej\u0161ih polo\u017eeno na ple\u010da otrok in mladostnikov.<\/b><\/span><\/span><span style=\"color: #000000;\"><span style=\"font-family: Helvetica, serif;\"> Navkljub \u017ee aprila 2020 jasnim dejstvom, da otroci ne zbolevajo pogosto in \u0161ole niso \u017eari\u0161\u010da oku\u017eb. Analiza zdravstvenega stanja po epidemiji je nujnost; v sklopu le-te je visoka prioriteta analiza zdravstvenega stanja otrok in mladostnikov.<\/span><\/span><\/span><\/span><\/p>\n<\/div>\n<\/div><\/div><\/div><\/div><\/div><\/div><div id=\"pg-gb2017-69ef6bb90edf8-25\"  class=\"panel-grid panel-has-style\" ><div class=\"hiperlink-mini panel-row-style panel-row-style-for-gb2017-69ef6bb90edf8-25\" ><div id=\"pgc-gb2017-69ef6bb90edf8-25-0\"  class=\"panel-grid-cell\" ><div id=\"panel-gb2017-69ef6bb90edf8-25-0-0\" class=\"so-panel widget widget_sow-editor panel-first-child panel-last-child\" data-index=\"31\" ><div\n\t\t\t\n\t\t\tclass=\"so-widget-sow-editor so-widget-sow-editor-base\"\n\t\t\t\n\t\t>\n<div class=\"siteorigin-widget-tinymce textwidget\">\n\t<p class=\"western\" lang=\"en-US\" style=\"text-align: left;\" align=\"left\"><span style=\"font-size: medium;\"><span style=\"font-family: Helvetica, serif;\"><b>Preberi in podpi\u0161i:<\/b><\/span><b> <\/b><a href=\"https:\/\/odgovoren-za-zdravje.si\/zascitimo-nase-otroke-in-mladostnike\/\"><u><span style=\"font-family: Helvetica, serif;\"><b>Poziv vladi \u2013 Za\u0161\u010ditimo na\u0161e otroke in mladostnike<\/b><\/span><\/u><\/a><\/span><\/p>\n<\/div>\n<\/div><\/div><\/div><\/div><\/div><div id=\"pg-gb2017-69ef6bb90edf8-26\"  class=\"panel-grid panel-has-style\" ><div class=\"panel-row-style panel-row-style-for-gb2017-69ef6bb90edf8-26\" ><div id=\"pgc-gb2017-69ef6bb90edf8-26-0\"  class=\"panel-grid-cell\" ><div id=\"panel-gb2017-69ef6bb90edf8-26-0-0\" class=\"so-panel widget widget_sow-editor panel-first-child panel-last-child\" data-index=\"32\" ><div class=\"besedilo-strani panel-widget-style panel-widget-style-for-gb2017-69ef6bb90edf8-26-0-0\" ><div\n\t\t\t\n\t\t\tclass=\"so-widget-sow-editor so-widget-sow-editor-base\"\n\t\t\t\n\t\t>\n<div class=\"siteorigin-widget-tinymce textwidget\">\n\t<h3 lang=\"en-US\" style=\"text-align: left;\"><span lang=\"sl-SI\" style=\"color: #000000;\">Ve\u010d primerov Covida-19 v dr\u017eavah, kjer so bile maske obvezne<\/span><\/h3>\n<p class=\"western\" lang=\"en-US\"><span style=\"font-size: medium; color: #000000;\"><span style=\"font-family: Helvetica, serif;\"><span lang=\"sl-SI\">Dolgotrajna in pogosta raba za\u0161\u010ditne maske predstavlja tveganje tako za fizi\u010dno kot du\u0161evno zdravje. <\/span><\/span><span style=\"font-family: Helvetica, serif;\"><span lang=\"sl-SI\">Problemati\u010dne so nevarne snovi in rast patogenov v maskah, zmanj\u0161ana nasi\u010denost krvi s kisikom ter posledi\u010dno utrujenost, slab\u0161a koncentracija, megla v glavi in te\u017eave s spominom, ob dolgotrajni rabi pa tudi trajne po\u0161kodbe mo\u017eganov. <\/span><\/span><\/span><\/p>\n<p class=\"western\" lang=\"en-US\"><span style=\"font-size: medium; color: #000000;\"><span style=\"font-family: Helvetica, serif;\"><span lang=\"sl-SI\">Strokovnjaki so opozorili, da je prisiljevanje \u0161olarjev k<\/span><\/span><b> <\/b><span style=\"font-family: Helvetica, serif;\"><span lang=\"sl-SI\">no\u0161enju obraznih mask povzro\u010dilo tudi psiholo\u0161ke stiske in dolgotrajne travme.<\/span><\/span><b> <\/b><span style=\"font-family: Helvetica, serif;\"><span lang=\"sl-SI\">Zaradi vseh zdravstvenih tveganj, je potrebno pri dolgotrajnej\u0161i in pogosti rabi dobro premisliti, ali je no\u0161enje mask resni\u010dno koristno, predvsem pri otrocih.<\/span><\/span><\/span><\/p>\n<\/div>\n<\/div><\/div><\/div><\/div><\/div><\/div><div id=\"pg-gb2017-69ef6bb90edf8-27\"  class=\"panel-grid panel-has-style\" ><div class=\"slikaintekst-boks3 panel-row-style panel-row-style-for-gb2017-69ef6bb90edf8-27\" ><div id=\"pgc-gb2017-69ef6bb90edf8-27-0\"  class=\"panel-grid-cell\" ><div id=\"panel-gb2017-69ef6bb90edf8-27-0-0\" class=\"so-panel widget widget_sow-image panel-first-child\" data-index=\"33\" ><div\n\t\t\t\n\t\t\tclass=\"so-widget-sow-image so-widget-sow-image-default-8b5b6f678277-2017\"\n\t\t\t\n\t\t>\n<div class=\"sow-image-container\">\n\t\t<img \n\tsrc=\"https:\/\/odgovoren-za-zdravje.si\/wp-content\/uploads\/2023\/09\/unnamed.jpg\" width=\"500\" height=\"283\" srcset=\"https:\/\/odgovoren-za-zdravje.si\/wp-content\/uploads\/2023\/09\/unnamed.jpg 500w, https:\/\/odgovoren-za-zdravje.si\/wp-content\/uploads\/2023\/09\/unnamed-300x170.jpg 300w\" sizes=\"(max-width: 500px) 100vw, 500px\" alt=\"\" \t\tclass=\"so-widget-image\"\/>\n\t<\/div>\n\n<\/div><\/div><div id=\"panel-gb2017-69ef6bb90edf8-27-0-1\" class=\"so-panel widget widget_sow-editor panel-last-child\" data-index=\"34\" ><div\n\t\t\t\n\t\t\tclass=\"so-widget-sow-editor so-widget-sow-editor-base\"\n\t\t\t\n\t\t>\n<div class=\"siteorigin-widget-tinymce textwidget\">\n\t<p><span style=\"color: #000000;\"><span style=\"font-family: Liberation Serif, serif;\"><span style=\"font-size: medium;\"><span style=\"font-family: Helvetica, serif;\"><span style=\"font-size: small;\">17. november 2020: Ve\u010d primerov Covida-19 je bilo v dr\u017eavah, kjer je bila maska obvezna (\u010drne krivulje), kot v dr\u017eavah, kjer maska ni bila obvezna (rde\u010de krivulje &#8211; \u0160vedska, Norve\u0161ka, Danska)<\/span><\/span><\/span><\/span><\/span><\/p>\n<\/div>\n<\/div><\/div><\/div><div id=\"pgc-gb2017-69ef6bb90edf8-27-1\"  class=\"panel-grid-cell\" ><div id=\"panel-gb2017-69ef6bb90edf8-27-1-0\" class=\"so-panel widget widget_sow-editor panel-first-child panel-last-child\" data-index=\"35\" ><div class=\"slikaintekst-boks4 panel-widget-style panel-widget-style-for-gb2017-69ef6bb90edf8-27-1-0\" ><div\n\t\t\t\n\t\t\tclass=\"so-widget-sow-editor so-widget-sow-editor-base\"\n\t\t\t\n\t\t>\n<div class=\"siteorigin-widget-tinymce textwidget\">\n\t<p style=\"text-align: justify;\" align=\"center\"><span style=\"font-family: Liberation Serif, serif;\"><span style=\"font-size: medium;\"><span style=\"color: #000000;\"><span style=\"font-family: Helvetica, serif;\"><span lang=\"sl-SI\">\u00bb<\/span><\/span><\/span><span style=\"color: #0563c1;\"><u><a href=\"https:\/\/www.afa-zone.at\/allgemein\/auswirkungen-von-masken-neues-gutachten-ueber-medizinische-psychologische-und-soziologische-vor-und-nachteile\/\"><span style=\"font-family: Helvetica, serif;\"><span lang=\"sl-SI\">Rezultati<\/span><\/span><\/a><\/u><\/span><span style=\"color: #000000;\"><span style=\"font-family: Helvetica, serif;\"><span lang=\"sl-SI\"> ka\u017eejo, da <\/span><\/span><\/span><span style=\"color: #000000;\"><span style=\"font-family: Helvetica, serif;\"><span lang=\"sl-SI\"><b>dr\u017eave, kjer so bile maske obvezne, niso bile uspe\u0161nej\u0161e od dr\u017eav, kjer maske niso bile obvezne<\/b><\/span><\/span><\/span><span style=\"color: #000000;\"><span style=\"font-family: Helvetica, serif;\"><span lang=\"sl-SI\">. Poleg tega zmerno pozitivna korelacija med uporabo mask in smrtnimi primeri v zahodni Evropi ka\u017ee, da bi lahko imela raz\u0161irjena uporaba mask potencialno \u0161kodljive, nenamerne posledice.\u201c<\/span><\/span><\/span><\/span><\/span><\/p>\n<\/div>\n<\/div><\/div><\/div><\/div><\/div><\/div><div id=\"pg-gb2017-69ef6bb90edf8-28\"  class=\"panel-grid panel-has-style\" ><div class=\"panel-row-style panel-row-style-for-gb2017-69ef6bb90edf8-28\" ><div id=\"pgc-gb2017-69ef6bb90edf8-28-0\"  class=\"panel-grid-cell\" ><div id=\"panel-gb2017-69ef6bb90edf8-28-0-0\" class=\"so-panel widget widget_sow-editor panel-first-child panel-last-child\" data-index=\"36\" ><div class=\"besedilo-strani panel-widget-style panel-widget-style-for-gb2017-69ef6bb90edf8-28-0-0\" ><div\n\t\t\t\n\t\t\tclass=\"so-widget-sow-editor so-widget-sow-editor-base\"\n\t\t\t\n\t\t>\n<div class=\"siteorigin-widget-tinymce textwidget\">\n\t<p class=\"western\" lang=\"en-US\"><span style=\"font-size: medium;\"><span style=\"color: #000000;\"><span style=\"font-family: Helvetica, serif;\"><span lang=\"sl-SI\">\u010ce ste vi ali va\u0161i bli\u017enji zaradi maske utrpeli zdravstveno \u0161kodo, nam to sporo\u010dite.<\/span><\/span><\/span><\/span><\/p>\n<\/div>\n<\/div><\/div><\/div><\/div><\/div><\/div><div id=\"pg-gb2017-69ef6bb90edf8-29\"  class=\"panel-grid panel-has-style\" ><div class=\"hiperlink-mini panel-row-style panel-row-style-for-gb2017-69ef6bb90edf8-29\" ><div id=\"pgc-gb2017-69ef6bb90edf8-29-0\"  class=\"panel-grid-cell\" ><div id=\"panel-gb2017-69ef6bb90edf8-29-0-0\" class=\"so-panel widget widget_sow-editor panel-first-child panel-last-child\" data-index=\"37\" ><div\n\t\t\t\n\t\t\tclass=\"so-widget-sow-editor so-widget-sow-editor-base\"\n\t\t\t\n\t\t>\n<div class=\"siteorigin-widget-tinymce textwidget\">\n\t<p class=\"western\" lang=\"en-US\" style=\"text-align: left;\" align=\"left\"><span style=\"font-size: medium;\"><span style=\"font-family: Helvetica, serif;\"><b>Vpra\u0161alnik:<\/b><\/span><b> <\/b><a href=\"https:\/\/odgovoren-za-zdravje.si\/vprasalnik-maske\/\"><u><span style=\"font-family: Helvetica, serif;\"><b>Zdravstvene te\u017eave zaradi maske<\/b><\/span><\/u><\/a><\/span><\/p>\n<\/div>\n<\/div><\/div><\/div><\/div><\/div><div id=\"pg-gb2017-69ef6bb90edf8-30\"  class=\"panel-grid panel-has-style\" ><div class=\"panel-row-style panel-row-style-for-gb2017-69ef6bb90edf8-30\" ><div id=\"pgc-gb2017-69ef6bb90edf8-30-0\"  class=\"panel-grid-cell\" ><div id=\"panel-gb2017-69ef6bb90edf8-30-0-0\" class=\"so-panel widget widget_sow-editor panel-first-child panel-last-child\" data-index=\"38\" ><div class=\"besedilo-strani panel-widget-style panel-widget-style-for-gb2017-69ef6bb90edf8-30-0-0\" ><div\n\t\t\t\n\t\t\tclass=\"so-widget-sow-editor so-widget-sow-editor-base\"\n\t\t\t\n\t\t>\n<div class=\"siteorigin-widget-tinymce textwidget\">\n\t<h3 style=\"text-align: left;\">Kako varno, potrebno in u\u010dinkovito je (bilo) testiranje?<\/h3>\n<p align=\"justify\"><span style=\"font-family: Liberation Serif, serif;\"><span style=\"font-size: medium;\"><span style=\"color: #000000;\"><span style=\"font-family: Helvetica, serif;\">Ministrstvo za zdravje je v <\/span><\/span><span style=\"color: #0563c1;\"><u><a href=\"https:\/\/www.gov.si\/novice\/2021-04-07-samotestiranje-pomembno-prispeva-k-odkrivanju-pozitivnih-primerov\/\"><span style=\"font-family: Helvetica, serif;\">\u010dlanku<\/span><\/a><\/u><\/span><span style=\"color: #000000;\"><span style=\"font-family: Helvetica, serif;\"> o u\u010dinkovitosti testiranja navedlo, da spremljajo in upo\u0161tevajo dobre prakse iz tujine in, da s testiranjem 3x tedensko za kar 80% zmanj\u0161amo \u0161tevilo pozitivnih primerov. Seveda smo iz napisanega sklepali, kot verjetno ve\u010dina bralcev, da so to zmanj\u0161anje opazili skozi analizo dobrih praks iz tujine. A smo od NIJZ, po enem mesecu neodzivnosti pristojnih, prejeli podatek, da predvidevajo, da je g. Poklukar uporabil \u0161tevilke podane iz <\/span><\/span><span style=\"color: #0563c1;\"><u><a href=\"https:\/\/www.medrxiv.org\/content\/10.1101\/2020.06.22.20136309v3\"><span style=\"font-family: Helvetica, serif;\">\u0161tudije<\/span><\/a><\/u><\/span><span style=\"color: #000000;\"><span style=\"font-family: Helvetica, serif;\"> na podlagi ra\u010dunalni\u0161kega simulacijskega modela, ki je bila v tistem \u010dasu \u0161e \u201cunder review\u201c. <\/span><\/span><\/span><\/span><\/p>\n<\/div>\n<\/div><\/div><\/div><\/div><\/div><\/div><div id=\"pg-gb2017-69ef6bb90edf8-31\"  class=\"panel-grid panel-has-style\" ><div class=\"slikaintekst-boks3 panel-row-style panel-row-style-for-gb2017-69ef6bb90edf8-31\" ><div id=\"pgc-gb2017-69ef6bb90edf8-31-0\"  class=\"panel-grid-cell\" ><div id=\"panel-gb2017-69ef6bb90edf8-31-0-0\" class=\"so-panel widget widget_sow-editor panel-first-child panel-last-child\" data-index=\"39\" ><div class=\"slikaintekst-boks4 panel-widget-style panel-widget-style-for-gb2017-69ef6bb90edf8-31-0-0\" ><div\n\t\t\t\n\t\t\tclass=\"so-widget-sow-editor so-widget-sow-editor-base\"\n\t\t\t\n\t\t>\n<div class=\"siteorigin-widget-tinymce textwidget\">\n\t<p style=\"text-align: justify;\" align=\"center\"><span style=\"color: #000000;\">\u201c<span style=\"font-family: Liberation Serif, serif;\"><span style=\"font-size: medium;\"><span style=\"font-family: Helvetica, serif;\">Testiranje v domovih za ostarele in v bolni\u0161ni\u010dnem okolju je pomembno. Po drugi strani <\/span><\/span><span style=\"font-family: Helvetica, serif;\"><b>ni nobene javnozdravstvene koristi v masovnem testiranju \u0161olskih otrok, dijakov in \u0161tudentov. <\/b><\/span><span style=\"font-family: Helvetica, serif;\">To je \u0161kodljivo.\u201c (<\/span><a href=\"https:\/\/www.planet-lepote.com\/harvardski-epidemiolog-zapiranja-drzav-so-katastrofalen-eksperiment\/?fbclid=IwAR0rwFocDZilnIvNf52NZc-c_wtMidi9oGIDqZHayS_8MlZHnMbXF3i6QH0\"><span style=\"color: #0070c0;\"><span style=\"font-family: Helvetica, serif;\"><u>Martin Kulldorff<\/u><\/span><\/span><span style=\"font-family: Helvetica, serif;\">,<\/span><\/a><span style=\"font-family: Helvetica, serif;\"> profesor medicine na univerzi Harvard)<\/span><\/span><\/span><\/p>\n<\/div>\n<\/div><\/div><\/div><\/div><div id=\"pgc-gb2017-69ef6bb90edf8-31-1\"  class=\"panel-grid-cell\" ><div id=\"panel-gb2017-69ef6bb90edf8-31-1-0\" class=\"so-panel widget widget_sow-image panel-first-child panel-last-child\" data-index=\"40\" ><div\n\t\t\t\n\t\t\tclass=\"so-widget-sow-image so-widget-sow-image-default-8b5b6f678277-2017\"\n\t\t\t\n\t\t>\n<div class=\"sow-image-container\">\n\t\t<img \n\tsrc=\"https:\/\/odgovoren-za-zdravje.si\/wp-content\/uploads\/2023\/09\/coronavirus-sample-procedure-scaled-e1695808408303.jpg\" width=\"2553\" height=\"1363\" srcset=\"https:\/\/odgovoren-za-zdravje.si\/wp-content\/uploads\/2023\/09\/coronavirus-sample-procedure-scaled-e1695808408303.jpg 2553w, https:\/\/odgovoren-za-zdravje.si\/wp-content\/uploads\/2023\/09\/coronavirus-sample-procedure-scaled-e1695808408303-300x160.jpg 300w, https:\/\/odgovoren-za-zdravje.si\/wp-content\/uploads\/2023\/09\/coronavirus-sample-procedure-scaled-e1695808408303-1024x547.jpg 1024w, https:\/\/odgovoren-za-zdravje.si\/wp-content\/uploads\/2023\/09\/coronavirus-sample-procedure-scaled-e1695808408303-768x410.jpg 768w, https:\/\/odgovoren-za-zdravje.si\/wp-content\/uploads\/2023\/09\/coronavirus-sample-procedure-scaled-e1695808408303-1536x820.jpg 1536w, https:\/\/odgovoren-za-zdravje.si\/wp-content\/uploads\/2023\/09\/coronavirus-sample-procedure-scaled-e1695808408303-2048x1093.jpg 2048w\" sizes=\"(max-width: 2553px) 100vw, 2553px\" title=\"coronavirus-sample-procedure\" alt=\"\" \t\tclass=\"so-widget-image\"\/>\n\t<\/div>\n\n<\/div><\/div><\/div><\/div><\/div><div id=\"pg-gb2017-69ef6bb90edf8-32\"  class=\"panel-grid panel-has-style\" ><div class=\"panel-row-style panel-row-style-for-gb2017-69ef6bb90edf8-32\" ><div id=\"pgc-gb2017-69ef6bb90edf8-32-0\"  class=\"panel-grid-cell\" ><div id=\"panel-gb2017-69ef6bb90edf8-32-0-0\" class=\"so-panel widget widget_sow-editor panel-first-child panel-last-child\" data-index=\"41\" ><div class=\"besedilo-strani panel-widget-style panel-widget-style-for-gb2017-69ef6bb90edf8-32-0-0\" ><div\n\t\t\t\n\t\t\tclass=\"so-widget-sow-editor so-widget-sow-editor-base\"\n\t\t\t\n\t\t>\n<div class=\"siteorigin-widget-tinymce textwidget\">\n\t<p align=\"justify\"><span style=\"font-family: Liberation Serif, serif;\"><span style=\"font-size: medium;\"><span style=\"color: #000000;\"><span style=\"font-family: Helvetica, serif;\">Testiranje je mnogim povzro\u010dilo glavobol, krvavenje iz nosu ter druge zdravstvene te\u017eave. Globok odvzem brisa predstavlja nevarnost resnih <\/span><\/span><span style=\"color: #0563c1;\"><u><a href=\"https:\/\/www.dihalnica.si\/post\/komu-gre-to-v-nos?fbclid=IwAR0HK3WVglPsGr9PfoYpGUqwUXGpGf1BAbspPhYTR1hs7FnXHmDaa60TO_U\"><span style=\"font-family: Helvetica, serif;\">fizi\u010dnih po\u0161kodb<\/span><\/a><\/u><\/span><span style=\"color: #000000;\"><span style=\"font-family: Helvetica, serif;\">. Tak\u0161en invaziven na\u010din se je v medicini do pojava Covida-19 uporabljal redko in le le v izrednih primerih. <\/span><\/span><span style=\"color: #0563c1;\"><u><a href=\"https:\/\/m.planet-lepote.com\/neodvisni-raziskovalci-v-pcr-palicicah-odkrili-izjemno-nevarne-substance\/\"><span style=\"font-family: Helvetica, serif;\">Neuradne analize<\/span><\/a><\/u><\/span><span style=\"color: #000000;\"><span style=\"font-family: Helvetica, serif;\"> so na testirnih pal\u010dkah pokazale tudi prisotnost izredno nevarnih substanc. Vpra\u0161ljiva je tudi zanesljivost testov.<\/span><\/span><\/span><\/span><\/p>\n<p class=\"western\" lang=\"en-US\"><span style=\"font-size: medium;\"><span style=\"color: #000000;\"><span style=\"font-family: Helvetica, serif;\"><span lang=\"sl-SI\">\u010ce ste vi ali va\u0161i bli\u017enji zaradi testiranja utrpeli zdravstveno \u0161kodo, nam to sporo\u010dite. <\/span><\/span><\/span><\/span><\/p>\n<\/div>\n<\/div><\/div><\/div><\/div><\/div><\/div><div id=\"pg-gb2017-69ef6bb90edf8-33\"  class=\"panel-grid panel-has-style\" ><div class=\"hiperlink-mini panel-row-style panel-row-style-for-gb2017-69ef6bb90edf8-33\" ><div id=\"pgc-gb2017-69ef6bb90edf8-33-0\"  class=\"panel-grid-cell\" ><div id=\"panel-gb2017-69ef6bb90edf8-33-0-0\" class=\"so-panel widget widget_sow-editor panel-first-child panel-last-child\" data-index=\"42\" ><div\n\t\t\t\n\t\t\tclass=\"so-widget-sow-editor so-widget-sow-editor-base\"\n\t\t\t\n\t\t>\n<div class=\"siteorigin-widget-tinymce textwidget\">\n\t<p class=\"western\" lang=\"en-US\" style=\"text-align: left;\" align=\"left\"><span style=\"font-size: medium;\"><span style=\"font-family: Helvetica, serif;\"><b>Vpra\u0161alnik:<\/b><\/span><b> <\/b><a href=\"https:\/\/odgovoren-za-zdravje.si\/vprasalnik-testiranje\/\"><u><span style=\"font-family: Helvetica, serif;\"><b>Zdravstvene te\u017eave zaradi testiranja<\/b><\/span><\/u><\/a><\/span><\/p>\n<\/div>\n<\/div><\/div><\/div><\/div><\/div><div id=\"pg-gb2017-69ef6bb90edf8-34\"  class=\"panel-grid panel-has-style\" ><div class=\"panel-row-style panel-row-style-for-gb2017-69ef6bb90edf8-34\" ><div id=\"pgc-gb2017-69ef6bb90edf8-34-0\"  class=\"panel-grid-cell\" ><div id=\"panel-gb2017-69ef6bb90edf8-34-0-0\" class=\"so-panel widget widget_sow-editor panel-first-child panel-last-child\" data-index=\"43\" ><div class=\"besedilo-strani panel-widget-style panel-widget-style-for-gb2017-69ef6bb90edf8-34-0-0\" ><div\n\t\t\t\n\t\t\tclass=\"so-widget-sow-editor so-widget-sow-editor-base\"\n\t\t\t\n\t\t>\n<div class=\"siteorigin-widget-tinymce textwidget\">\n\t<h3 style=\"text-align: left;\" align=\"justify\"><span style=\"color: #000000;\">(Ne)u\u010dinkovitost in (ne)varnost cepljenja proti Covidu-19<\/span><\/h3>\n<p align=\"justify\"><span style=\"font-family: 'Liberation Serif', serif; color: #000000;\"><span style=\"font-size: medium;\"><span style=\"font-family: Helvetica, serif;\">Cepljenje je bilo predstavljeno kot varno in u\u010dinkovito, z zelo majhno mo\u017enostjo resnih zapletov, kot edina re\u0161itev za zajezitev pandemije in najbolj\u0161a za\u0161\u010dita pred huj\u0161im potekom in smrtjo. <\/span><span style=\"font-family: Helvetica, serif;\"><b>Izkazalo se je, da so varnostne \u0161tudije proizvajalcev cepiv pomanjkljive ali celo ne obstajajo. <\/b><\/span><span style=\"font-family: Helvetica, serif;\">Resnih analiz in primerjav zdravja cepljenih in necepljenih pristojne institucije ne izvajajo, pa \u010deprav so podatki o cepilnem statusu za vsakega prebivalca enostavno dostopni<\/span><span style=\"font-family: Helvetica, serif;\"><b>. <\/b><\/span><span style=\"font-family: Helvetica, serif;\">Na\u0161i pristojni so zatrjevali, da so cepiva varna in u\u010dinkovita, \u010deprav jih je Pfizer v <\/span><a href=\"https:\/\/odgovoren-za-zdravje.si\/wp-content\/uploads\/2022\/10\/NAROCILNICA-prevod.pdf\"><span style=\"font-family: Helvetica, serif;\">pogodbi<\/span> <\/a><span style=\"font-family: Helvetica, serif;\">z na\u0161o vlado opozoril, da <\/span><span style=\"font-family: Helvetica, serif;\"><i>\u201c<\/i><\/span><span style=\"font-family: Helvetica, serif;\"><i>dolgoro\u010dni u\u010dinki\u00a0in\u00a0u\u010dinkovitost cepiva\u00a0trenutno niso znani in da lahko obstajajo \u0161kodljivi u\u010dinki cepiva, ki trenutno niso znani.\u2019\u2019<\/i><\/span><\/span><\/span><\/p>\n<\/div>\n<\/div><\/div><\/div><\/div><\/div><\/div><div id=\"pg-gb2017-69ef6bb90edf8-35\"  class=\"panel-grid panel-has-style\" ><div class=\"slikaintekst-boks3 panel-row-style panel-row-style-for-gb2017-69ef6bb90edf8-35\" ><div id=\"pgc-gb2017-69ef6bb90edf8-35-0\"  class=\"panel-grid-cell\" ><div id=\"panel-gb2017-69ef6bb90edf8-35-0-0\" class=\"so-panel widget widget_sow-image panel-first-child panel-last-child\" data-index=\"44\" ><div\n\t\t\t\n\t\t\tclass=\"so-widget-sow-image so-widget-sow-image-default-8b5b6f678277-2017\"\n\t\t\t\n\t\t>\n<div class=\"sow-image-container\">\n\t\t<img \n\tsrc=\"https:\/\/odgovoren-za-zdravje.si\/wp-content\/uploads\/2023\/09\/brunette-woman-being-vaccinated-by-doctor-1-scaled-e1701943421810.jpg\" width=\"1519\" height=\"1091\" srcset=\"https:\/\/odgovoren-za-zdravje.si\/wp-content\/uploads\/2023\/09\/brunette-woman-being-vaccinated-by-doctor-1-scaled-e1701943421810.jpg 1519w, https:\/\/odgovoren-za-zdravje.si\/wp-content\/uploads\/2023\/09\/brunette-woman-being-vaccinated-by-doctor-1-scaled-e1701943421810-300x215.jpg 300w, https:\/\/odgovoren-za-zdravje.si\/wp-content\/uploads\/2023\/09\/brunette-woman-being-vaccinated-by-doctor-1-scaled-e1701943421810-1024x735.jpg 1024w, https:\/\/odgovoren-za-zdravje.si\/wp-content\/uploads\/2023\/09\/brunette-woman-being-vaccinated-by-doctor-1-scaled-e1701943421810-768x552.jpg 768w\" sizes=\"(max-width: 1519px) 100vw, 1519px\" title=\"cepljenje\" alt=\"\" \t\tclass=\"so-widget-image\"\/>\n\t<\/div>\n\n<\/div><\/div><\/div><div id=\"pgc-gb2017-69ef6bb90edf8-35-1\"  class=\"panel-grid-cell\" ><div id=\"panel-gb2017-69ef6bb90edf8-35-1-0\" class=\"so-panel widget widget_sow-editor panel-first-child panel-last-child\" data-index=\"45\" ><div class=\"slikaintekst-boks4 panel-widget-style panel-widget-style-for-gb2017-69ef6bb90edf8-35-1-0\" ><div\n\t\t\t\n\t\t\tclass=\"so-widget-sow-editor so-widget-sow-editor-base\"\n\t\t\t\n\t\t>\n<div class=\"siteorigin-widget-tinymce textwidget\">\n\t<p style=\"text-align: center;\" align=\"center\"><span style=\"font-family: Liberation Serif, serif;\"><span style=\"font-size: medium;\"><span style=\"color: #000000;\"><span style=\"font-family: Helvetica, serif;\"><span lang=\"sl-SI\"><b>\u0160tevilni strokovnjaki opozarjajo <\/b><\/span><\/span><\/span><span style=\"color: #000000;\"><span style=\"font-family: Helvetica, serif;\"><span lang=\"sl-SI\"><b>na prete\u010do nevarnost zdravstvene, socialne in gospodarske krize zaradi dolgoro\u010dnih posledic vnosa genskih pripravkov in pozivajo k ukrepanju.<\/b><\/span><\/span><\/span><\/span><\/span><\/p>\n<\/div>\n<\/div><\/div><\/div><\/div><\/div><\/div><div id=\"pg-gb2017-69ef6bb90edf8-36\"  class=\"panel-grid panel-has-style\" ><div class=\"panel-row-style panel-row-style-for-gb2017-69ef6bb90edf8-36\" ><div id=\"pgc-gb2017-69ef6bb90edf8-36-0\"  class=\"panel-grid-cell\" ><div id=\"panel-gb2017-69ef6bb90edf8-36-0-0\" class=\"so-panel widget widget_sow-editor panel-first-child panel-last-child\" data-index=\"46\" ><div class=\"besedilo-strani panel-widget-style panel-widget-style-for-gb2017-69ef6bb90edf8-36-0-0\" ><div\n\t\t\t\n\t\t\tclass=\"so-widget-sow-editor so-widget-sow-editor-base\"\n\t\t\t\n\t\t>\n<div class=\"siteorigin-widget-tinymce textwidget\">\n\t<p class=\"western\" lang=\"en-US\"><span style=\"font-size: medium; color: #000000;\"><span style=\"font-family: Helvetica, serif;\"><span lang=\"sl-SI\">Ve\u010d o u\u010dinkovitosti, varnosti, ne\u017eelenih u\u010dinkih, mo\u017enostih samozdravljenja in razstrupljanja po cepljenju, ter o dol\u017enostih zdravnikov pred in po cepljenju si preberite na straneh o cepljenju proti Covidu-19.<\/span><\/span> <\/span><\/p>\n<p class=\"western\" lang=\"en-US\"><span style=\"font-size: medium;\"><span style=\"font-family: Helvetica, serif; color: #000000;\"><span lang=\"sl-SI\">\u010ce se je vam, va\u0161im bli\u017enjim ali va\u0161im pacientom zdravje po cepljenju poslab\u0161alo in ste prepri\u010dani ali sumite, da je prejeto cepivo (deloma) vzrok za va\u0161e te\u017eave, nam sporo\u010dite preko spodnjega vpra\u0161alnika.\u00a0\u010ce boste izrecno dovolili, bomo va\u0161o zgodbo (anonimno) objavili na strani s <\/span><\/span><u><a href=\"https:\/\/odgovoren-za-zdravje.si\/pricanja\"><span style=\"font-family: Helvetica, serif;\"><span lang=\"sl-SI\">Pri\u010danji<\/span><\/span><\/a><\/u><span style=\"font-family: Helvetica, serif; color: #000000;\"><span lang=\"sl-SI\">.<\/span><\/span><\/span><\/p>\n<\/div>\n<\/div><\/div><\/div><\/div><\/div><\/div><div id=\"pg-gb2017-69ef6bb90edf8-37\"  class=\"panel-grid panel-has-style\" ><div class=\"hiperlink-mini panel-row-style panel-row-style-for-gb2017-69ef6bb90edf8-37\" ><div id=\"pgc-gb2017-69ef6bb90edf8-37-0\"  class=\"panel-grid-cell\" ><div id=\"panel-gb2017-69ef6bb90edf8-37-0-0\" class=\"so-panel widget widget_sow-editor panel-first-child panel-last-child\" data-index=\"47\" ><div\n\t\t\t\n\t\t\tclass=\"so-widget-sow-editor so-widget-sow-editor-base\"\n\t\t\t\n\t\t>\n<div class=\"siteorigin-widget-tinymce textwidget\">\n\t<p class=\"western\" lang=\"en-US\" style=\"text-align: left;\" align=\"left\"><span style=\"font-size: medium;\"><span style=\"font-family: Helvetica, serif;\"><b>Preberi ve\u010d:<\/b><\/span><b> <\/b><a href=\"https:\/\/odgovoren-za-zdravje.si\/cepljenje-proti-c19\/\"><u><span style=\"font-family: Helvetica, serif;\"><b>Cepljenje proti Covidu-19<\/b><\/span><\/u><\/a><\/span><\/p>\n<\/div>\n<\/div><\/div><\/div><\/div><\/div><div id=\"pg-gb2017-69ef6bb90edf8-38\"  class=\"panel-grid panel-has-style\" ><div class=\"hiperlink-mini panel-row-style panel-row-style-for-gb2017-69ef6bb90edf8-38\" ><div id=\"pgc-gb2017-69ef6bb90edf8-38-0\"  class=\"panel-grid-cell\" ><div id=\"panel-gb2017-69ef6bb90edf8-38-0-0\" class=\"so-panel widget widget_sow-editor panel-first-child panel-last-child\" data-index=\"48\" ><div\n\t\t\t\n\t\t\tclass=\"so-widget-sow-editor so-widget-sow-editor-base\"\n\t\t\t\n\t\t>\n<div class=\"siteorigin-widget-tinymce textwidget\">\n\t<p class=\"western\" lang=\"en-US\" style=\"text-align: left;\" align=\"left\"><span style=\"font-size: medium;\"><span style=\"font-family: Helvetica, serif;\"><b>Vpra\u0161alnik:<\/b><\/span><b> <\/b><a href=\"https:\/\/odgovoren-za-zdravje.si\/vprasalnik-cepljenje\/\"><u><span style=\"font-family: Helvetica, serif;\"><b>Zdravstvene te\u017eave po cepljenju proti Covidu-19<\/b><\/span><\/u><\/a><\/span><\/p>\n<\/div>\n<\/div><\/div><\/div><\/div><\/div><div id=\"pg-gb2017-69ef6bb90edf8-39\"  class=\"panel-grid panel-has-style\" ><div class=\"panel-row-style panel-row-style-for-gb2017-69ef6bb90edf8-39\" ><div id=\"pgc-gb2017-69ef6bb90edf8-39-0\"  class=\"panel-grid-cell\" ><div id=\"panel-gb2017-69ef6bb90edf8-39-0-0\" class=\"so-panel widget widget_sow-editor panel-first-child panel-last-child\" data-index=\"49\" ><div class=\"besedilo-strani panel-widget-style panel-widget-style-for-gb2017-69ef6bb90edf8-39-0-0\" ><div\n\t\t\t\n\t\t\tclass=\"so-widget-sow-editor so-widget-sow-editor-base\"\n\t\t\t\n\t\t>\n<div class=\"siteorigin-widget-tinymce textwidget\">\n\t<h3 style=\"text-align: left;\">Je bila PCT prisila uvedena brez strokovne in zakonske podlage?<\/h3>\n<p class=\"western\" lang=\"en-US\" style=\"text-align: justify;\"><span style=\"font-size: medium;\"><span style=\"color: #000000;\"><span style=\"font-family: Helvetica, serif;\"><span lang=\"sl-SI\">Mnogi so se cepili zato, ker so verjeli, da bodo s tem zmanj\u0161ali mo\u017enost prenosa oku\u017ebe in za\u0161\u010ditili ranljive posameznike pred oku\u017ebo. Mnogi pa so bili v cepljenje \u201cprisiljeni\u201c skozi PCT pogoje, vsakodnevno testiranje ter skozi pritiske pristojnih, nadrejenih in dru\u017ebe. <strong>Vsa prisila je temeljila na predpostavki, da cepljenje zmanj\u0161a mo\u017enost oku\u017ebe in prenosa.<\/strong><\/span><\/span><\/span><\/span><\/p>\n<\/div>\n<\/div><\/div><\/div><\/div><\/div><\/div><div id=\"pg-gb2017-69ef6bb90edf8-40\"  class=\"panel-grid panel-has-style\" ><div class=\"slikaintekst-boks3 panel-row-style panel-row-style-for-gb2017-69ef6bb90edf8-40\" ><div id=\"pgc-gb2017-69ef6bb90edf8-40-0\"  class=\"panel-grid-cell\" ><div id=\"panel-gb2017-69ef6bb90edf8-40-0-0\" class=\"so-panel widget widget_sow-editor panel-first-child panel-last-child\" data-index=\"50\" ><div class=\"slikaintekst-boks4 panel-widget-style panel-widget-style-for-gb2017-69ef6bb90edf8-40-0-0\" ><div\n\t\t\t\n\t\t\tclass=\"so-widget-sow-editor so-widget-sow-editor-base\"\n\t\t\t\n\t\t>\n<div class=\"siteorigin-widget-tinymce textwidget\">\n\t<p style=\"text-align: justify;\" align=\"center\"><span style=\"font-family: Liberation Serif, serif;\"><span style=\"font-size: medium;\"><span style=\"color: #000000;\"><span style=\"font-family: Helvetica, serif;\"><span lang=\"sl-SI\"><b>Vendar pa cepiva sploh niso bila testirana na u\u010dinkovitost pri prenosu,<\/b><\/span><\/span><\/span><span style=\"color: #000000;\"><span style=\"font-family: Helvetica, serif;\"><span lang=\"sl-SI\"> kar <\/span><\/span><\/span><span style=\"color: #0563c1;\"><u><a href=\"https:\/\/www.youtube.com\/watch?v=mnxlxzxoZx0\"><span style=\"font-family: Helvetica, serif;\"><span lang=\"sl-SI\">prizna<\/span><\/span><\/a><\/u><\/span> <span style=\"color: #000000;\"><span style=\"font-family: Helvetica, serif;\"><span lang=\"sl-SI\">Pfizerjeva predstavnica v Evropskem parlamentu. So bila torej digitalna potrdila oz. PCT pogoji uvedeni brez vsakr\u0161ne strokovne in zakonske podlage?<\/span><\/span><\/span><\/span><\/span><\/p>\n<\/div>\n<\/div><\/div><\/div><\/div><div id=\"pgc-gb2017-69ef6bb90edf8-40-1\"  class=\"panel-grid-cell\" ><div id=\"panel-gb2017-69ef6bb90edf8-40-1-0\" class=\"so-panel widget widget_sow-image panel-first-child panel-last-child\" data-index=\"51\" ><div\n\t\t\t\n\t\t\tclass=\"so-widget-sow-image so-widget-sow-image-default-8b5b6f678277-2017\"\n\t\t\t\n\t\t>\n<div class=\"sow-image-container\">\n\t\t<img \n\tsrc=\"https:\/\/odgovoren-za-zdravje.si\/wp-content\/uploads\/2023\/09\/blurry-woman-holding-thermometer-scaled-e1695808692868.jpg\" width=\"2553\" height=\"1420\" srcset=\"https:\/\/odgovoren-za-zdravje.si\/wp-content\/uploads\/2023\/09\/blurry-woman-holding-thermometer-scaled-e1695808692868.jpg 2553w, https:\/\/odgovoren-za-zdravje.si\/wp-content\/uploads\/2023\/09\/blurry-woman-holding-thermometer-scaled-e1695808692868-300x167.jpg 300w, https:\/\/odgovoren-za-zdravje.si\/wp-content\/uploads\/2023\/09\/blurry-woman-holding-thermometer-scaled-e1695808692868-1024x570.jpg 1024w, https:\/\/odgovoren-za-zdravje.si\/wp-content\/uploads\/2023\/09\/blurry-woman-holding-thermometer-scaled-e1695808692868-768x427.jpg 768w, https:\/\/odgovoren-za-zdravje.si\/wp-content\/uploads\/2023\/09\/blurry-woman-holding-thermometer-scaled-e1695808692868-1536x854.jpg 1536w, https:\/\/odgovoren-za-zdravje.si\/wp-content\/uploads\/2023\/09\/blurry-woman-holding-thermometer-scaled-e1695808692868-2048x1139.jpg 2048w\" sizes=\"(max-width: 2553px) 100vw, 2553px\" title=\"blurry-woman-holding-thermometer\" alt=\"\" \t\tclass=\"so-widget-image\"\/>\n\t<\/div>\n\n<\/div><\/div><\/div><\/div><\/div><div id=\"pg-gb2017-69ef6bb90edf8-41\"  class=\"panel-grid panel-has-style\" ><div class=\"panel-row-style panel-row-style-for-gb2017-69ef6bb90edf8-41\" ><div id=\"pgc-gb2017-69ef6bb90edf8-41-0\"  class=\"panel-grid-cell\" ><div id=\"panel-gb2017-69ef6bb90edf8-41-0-0\" class=\"so-panel widget widget_sow-editor panel-first-child panel-last-child\" data-index=\"52\" ><div class=\"besedilo-strani panel-widget-style panel-widget-style-for-gb2017-69ef6bb90edf8-41-0-0\" ><div\n\t\t\t\n\t\t\tclass=\"so-widget-sow-editor so-widget-sow-editor-base\"\n\t\t\t\n\t\t>\n<div class=\"siteorigin-widget-tinymce textwidget\">\n\t<p class=\"western\" lang=\"en-US\" style=\"text-align: justify;\"><span style=\"font-size: medium;\"><span style=\"color: #000000;\"><span style=\"font-family: Helvetica, serif;\"><span lang=\"sl-SI\">Je bila to zdravstvena ali politi\u010dna odlo\u010ditev? Agenda 2030 in s tem nova svetovna dru\u017ebena ureditev pod taktirko Svetovne zdravstvene organizacije (SZO) in Zdru\u017eenih narodov (ZN) v sodelovanju s Svetovnim gospodarskim forumom ka\u017ee, da digitalna potrdila, in s tem <\/span><\/span><\/span><span style=\"color: #000000;\"><span style=\"font-family: Helvetica, serif;\"><span lang=\"sl-SI\"><b>digitalni nadzor po kitajskem modelu, \u017ee postaja tudi na\u0161a \u201cnova normalnost\u201c.<\/b><\/span><\/span><\/span> <\/span><\/p>\n<\/div>\n<\/div><\/div><\/div><\/div><\/div><\/div><div id=\"pg-gb2017-69ef6bb90edf8-42\"  class=\"panel-grid panel-has-style\" ><div class=\"hiperlink-mini panel-row-style panel-row-style-for-gb2017-69ef6bb90edf8-42\" ><div id=\"pgc-gb2017-69ef6bb90edf8-42-0\"  class=\"panel-grid-cell\" ><div id=\"panel-gb2017-69ef6bb90edf8-42-0-0\" class=\"so-panel widget widget_sow-editor panel-first-child panel-last-child\" data-index=\"53\" ><div\n\t\t\t\n\t\t\tclass=\"so-widget-sow-editor so-widget-sow-editor-base\"\n\t\t\t\n\t\t>\n<div class=\"siteorigin-widget-tinymce textwidget\">\n\t<p class=\"western\" lang=\"en-US\" style=\"text-align: left;\" align=\"left\"><span style=\"font-size: medium;\"><span style=\"font-family: Helvetica, serif;\"><b>Preberi ve\u010d:<\/b><\/span><b> <\/b><a href=\"https:\/\/odgovoren-za-zdravje.si\/svetovna-zdravstvena-organizacija\/\"><u><span style=\"font-family: Helvetica, serif;\"><b>Svetovna zdravstvena organizacija (SZO)<\/b><\/span><\/u><\/a><\/span><\/p>\n<\/div>\n<\/div><\/div><\/div><\/div><\/div><div id=\"pg-gb2017-69ef6bb90edf8-43\"  class=\"panel-grid panel-has-style\" ><div class=\"panel-row-style panel-row-style-for-gb2017-69ef6bb90edf8-43\" ><div id=\"pgc-gb2017-69ef6bb90edf8-43-0\"  class=\"panel-grid-cell\" ><div id=\"panel-gb2017-69ef6bb90edf8-43-0-0\" class=\"so-panel widget widget_sow-editor panel-first-child panel-last-child\" data-index=\"54\" ><div class=\"besedilo-strani panel-widget-style panel-widget-style-for-gb2017-69ef6bb90edf8-43-0-0\" ><div\n\t\t\t\n\t\t\tclass=\"so-widget-sow-editor so-widget-sow-editor-base\"\n\t\t\t\n\t\t>\n<div class=\"siteorigin-widget-tinymce textwidget\">\n\t<h3 style=\"text-align: left;\"><span style=\"color: #000000;\">Situacija je zelo zaskrbljujo\u010da, pristojni mol\u010dijo<\/span><\/h3>\n<p class=\"western\" lang=\"en-US\" style=\"text-align: justify;\"><span style=\"font-size: medium; color: #000000;\"><span style=\"font-family: Helvetica, serif;\"><span lang=\"sl-SI\">Kljub \u0161tevilnim in izredno zaskrbljujo\u010dim podatkom, statistikam, verodostojnim \u0161tudijam in osebnim pri\u010danjem o poslab\u0161anju zdravstvenega stanja in ve\u010dji umrljivosti, ter o slabi u\u010dinkovitosti in celo nevarnosti \u201ccepiv\u201c proti Covidu-19, kljub sporni \u201ctihi\u201c predaji na\u0161e suverenosti Svetovni zdravstveni organizaciji, ki je vse ukrepe priporo\u010dala in kljub mnogim pozivom, tako lai\u010dne kot strokovne javnosti, se pristojni na vse pretege izogibajo analizi in javni strokovni razpravi z drugim mnenjem stroke.<\/span><\/span><\/span><\/p>\n<\/div>\n<\/div><\/div><\/div><\/div><\/div><\/div><div id=\"pg-gb2017-69ef6bb90edf8-44\"  class=\"panel-grid panel-has-style\" ><div class=\"so-rounded panel-row-style panel-row-style-for-gb2017-69ef6bb90edf8-44\" ><div id=\"pgc-gb2017-69ef6bb90edf8-44-0\"  class=\"panel-grid-cell\" ><div id=\"panel-gb2017-69ef6bb90edf8-44-0-0\" class=\"so-panel widget widget_sow-image panel-first-child panel-last-child\" data-index=\"55\" ><div\n\t\t\t\n\t\t\tclass=\"so-widget-sow-image so-widget-sow-image-default-c67d20f9f743-2017\"\n\t\t\t\n\t\t>\n<div class=\"sow-image-container\">\n\t\t<img \n\tsrc=\"https:\/\/odgovoren-za-zdravje.si\/wp-content\/uploads\/2024\/01\/Zahteva-za-analizo-in-soocenje-slika-5.png\" width=\"970\" height=\"599\" srcset=\"https:\/\/odgovoren-za-zdravje.si\/wp-content\/uploads\/2024\/01\/Zahteva-za-analizo-in-soocenje-slika-5.png 970w, https:\/\/odgovoren-za-zdravje.si\/wp-content\/uploads\/2024\/01\/Zahteva-za-analizo-in-soocenje-slika-5-300x185.png 300w, https:\/\/odgovoren-za-zdravje.si\/wp-content\/uploads\/2024\/01\/Zahteva-za-analizo-in-soocenje-slika-5-768x474.png 768w\" sizes=\"(max-width: 970px) 100vw, 970px\" alt=\"\" \t\tclass=\"so-widget-image\"\/>\n\t<\/div>\n\n<\/div><\/div><\/div><div id=\"pgc-gb2017-69ef6bb90edf8-44-1\"  class=\"panel-grid-cell\" ><div id=\"panel-gb2017-69ef6bb90edf8-44-1-0\" class=\"so-panel widget widget_sow-editor panel-first-child\" data-index=\"56\" ><div class=\"panel-widget-style panel-widget-style-for-gb2017-69ef6bb90edf8-44-1-0\" ><div\n\t\t\t\n\t\t\tclass=\"so-widget-sow-editor so-widget-sow-editor-base\"\n\t\t\t\n\t\t>\n<div class=\"siteorigin-widget-tinymce textwidget\">\n\t<h4>ZAHTEVA ZA ANALIZO ZDRAVSTVENEGA STANJA PO EPIDEMIJI<\/h4>\n<p><strong>Zakaj se je v Sloveniji poslab\u0161alo javno zdravje v 2021 in 2022?<\/strong> Zahtevamo analizo varnosti in u\u010dinkovitosti cepiv proti Covidu-19 s primerjavo zdravstvenega stanja in smrti med cepljeno in necepljeno populacijo, analizo odziva na epidemijo, soo\u010denje z drugim mnenjem stroke ter prevzem odgovornosti in sanacijo povzro\u010dene \u0161kode.<\/p>\n<div id=\"panel-w65a2b95f860f5-0-1-0\" class=\"so-panel widget widget_sow-editor panel-first-child\" data-index=\"1\">\n<div class=\"panel-widget-style panel-widget-style-for-w65a2b95f860f5-0-1-0\">\n<div class=\"so-widget-sow-editor so-widget-sow-editor-base\">\n<div class=\"siteorigin-widget-tinymce textwidget\">\n<div id=\"panel-w658da9000cb5f-0-0-1\" class=\"so-panel widget widget_sow-editor\" data-index=\"1\">\n<div class=\"panel-widget-style panel-widget-style-for-w658da9000cb5f-0-0-1\">\n<div class=\"so-widget-sow-editor so-widget-sow-editor-base\"><\/div>\n<\/div>\n<\/div>\n<\/div>\n<\/div>\n<\/div>\n<\/div>\n<div id=\"panel-w65a2b95f860f5-0-1-1\" class=\"so-panel widget widget_sow-editor panel-last-child\" data-index=\"2\">\n<div class=\"so-widget-sow-editor so-widget-sow-editor-base\"><\/div>\n<\/div>\n<\/div>\n<\/div><\/div><\/div><div id=\"panel-gb2017-69ef6bb90edf8-44-1-1\" class=\"so-panel widget widget_sow-button panel-last-child\" data-index=\"57\" ><div\n\t\t\t\n\t\t\tclass=\"so-widget-sow-button so-widget-sow-button-atom-c6acfef5e0e0-2017\"\n\t\t\t\n\t\t><div class=\"ow-button-base ow-button-align-left\"\n>\n\t\t\t<a\n\t\t\t\t\thref=\"https:\/\/odgovoren-za-zdravje.si\/zahteva-za-analizo\/\"\n\t\t\t\t\tclass=\"sowb-button ow-icon-placement-right ow-button-hover\" \t>\n\t\t<span>\n\t\t\t<span class=\"sow-icon-fontawesome sow-far\" data-sow-icon=\"&#xf35a;\"\n\t\tstyle=\"\" \n\t\taria-hidden=\"true\"><\/span>\n\t\t\tPODPI\u0160I ZAHTEVO\t\t<\/span>\n\t\t\t<\/a>\n\t<\/div>\n<\/div><\/div><\/div><\/div><\/div><\/div>","protected":false},"excerpt":{"rendered":"","protected":false},"author":3,"featured_media":0,"parent":0,"menu_order":0,"comment_status":"closed","ping_status":"closed","template":"","meta":{"footnotes":""},"class_list":["post-2017","page","type-page","status-publish","hentry"],"_links":{"self":[{"href":"https:\/\/odgovoren-za-zdravje.si\/index.php?rest_route=\/wp\/v2\/pages\/2017","targetHints":{"allow":["GET"]}}],"collection":[{"href":"https:\/\/odgovoren-za-zdravje.si\/index.php?rest_route=\/wp\/v2\/pages"}],"about":[{"href":"https:\/\/odgovoren-za-zdravje.si\/index.php?rest_route=\/wp\/v2\/types\/page"}],"author":[{"embeddable":true,"href":"https:\/\/odgovoren-za-zdravje.si\/index.php?rest_route=\/wp\/v2\/users\/3"}],"replies":[{"embeddable":true,"href":"https:\/\/odgovoren-za-zdravje.si\/index.php?rest_route=%2Fwp%2Fv2%2Fcomments&post=2017"}],"version-history":[{"count":28,"href":"https:\/\/odgovoren-za-zdravje.si\/index.php?rest_route=\/wp\/v2\/pages\/2017\/revisions"}],"predecessor-version":[{"id":9116,"href":"https:\/\/odgovoren-za-zdravje.si\/index.php?rest_route=\/wp\/v2\/pages\/2017\/revisions\/9116"}],"wp:attachment":[{"href":"https:\/\/odgovoren-za-zdravje.si\/index.php?rest_route=%2Fwp%2Fv2%2Fmedia&parent=2017"}],"curies":[{"name":"wp","href":"https:\/\/api.w.org\/{rel}","templated":true}]}}