{"id":1925,"date":"2023-09-26T10:36:05","date_gmt":"2023-09-26T10:36:05","guid":{"rendered":"http:\/\/odgovoren-za-zdravje.si\/?page_id=1925"},"modified":"2024-04-16T08:22:17","modified_gmt":"2024-04-16T08:22:17","slug":"varnost-cepljenja","status":"publish","type":"page","link":"https:\/\/odgovoren-za-zdravje.si\/?page_id=1925","title":{"rendered":"ALI SO COVID-19 CEPIVA VARNA?"},"content":{"rendered":"<div id=\"pl-gb1925-69ef6bc992d2c\"  class=\"panel-layout\" ><div id=\"pg-gb1925-69ef6bc992d2c-0\"  class=\"panel-grid panel-has-style\" ><div class=\"siteorigin-panels-stretch panel-row-style panel-row-style-for-gb1925-69ef6bc992d2c-0\" data-stretch-type=\"full-width-stretch\" ><div id=\"pgc-gb1925-69ef6bc992d2c-0-0\"  class=\"panel-grid-cell\" ><div id=\"panel-gb1925-69ef6bc992d2c-0-0-0\" class=\"so-panel widget widget_sow-image panel-first-child panel-last-child\" data-index=\"0\" ><div\n\t\t\t\n\t\t\tclass=\"so-widget-sow-image so-widget-sow-image-default-8b5b6f678277-1925\"\n\t\t\t\n\t\t>\n<div class=\"sow-image-container\">\n\t\t<img \n\tsrc=\"https:\/\/odgovoren-za-zdravje.si\/wp-content\/uploads\/2023\/10\/Varnost-cepiv-naslovna-slika-1.png\" width=\"2560\" height=\"600\" srcset=\"https:\/\/odgovoren-za-zdravje.si\/wp-content\/uploads\/2023\/10\/Varnost-cepiv-naslovna-slika-1.png 2560w, https:\/\/odgovoren-za-zdravje.si\/wp-content\/uploads\/2023\/10\/Varnost-cepiv-naslovna-slika-1-300x70.png 300w, https:\/\/odgovoren-za-zdravje.si\/wp-content\/uploads\/2023\/10\/Varnost-cepiv-naslovna-slika-1-1024x240.png 1024w, https:\/\/odgovoren-za-zdravje.si\/wp-content\/uploads\/2023\/10\/Varnost-cepiv-naslovna-slika-1-768x180.png 768w, https:\/\/odgovoren-za-zdravje.si\/wp-content\/uploads\/2023\/10\/Varnost-cepiv-naslovna-slika-1-1536x360.png 1536w, https:\/\/odgovoren-za-zdravje.si\/wp-content\/uploads\/2023\/10\/Varnost-cepiv-naslovna-slika-1-2048x480.png 2048w\" sizes=\"(max-width: 2560px) 100vw, 2560px\" title=\"Varnost cepiv &#8211; naslovna slika (1)\" alt=\"\" \t\tclass=\"so-widget-image\"\/>\n\t<\/div>\n\n<\/div><\/div><\/div><\/div><\/div><div id=\"pg-gb1925-69ef6bc992d2c-1\"  class=\"panel-grid panel-no-style\" ><div id=\"pgc-gb1925-69ef6bc992d2c-1-0\"  class=\"panel-grid-cell\" ><div id=\"panel-gb1925-69ef6bc992d2c-1-0-0\" class=\"so-panel widget widget_themegrill_flash_heading tg-widget section-title-wrapper panel-first-child\" data-index=\"1\" >\t<h3 class=\"section-title\">ALI SO CEPIVA PROTI C-19 VARNA?<\/h3>\n<\/div><div id=\"panel-gb1925-69ef6bc992d2c-1-0-1\" class=\"so-panel widget widget_sow-editor panel-last-child\" data-index=\"2\" ><div class=\"besedilo-strani panel-widget-style panel-widget-style-for-gb1925-69ef6bc992d2c-1-0-1\" ><div\n\t\t\t\n\t\t\tclass=\"so-widget-sow-editor so-widget-sow-editor-base\"\n\t\t\t\n\t\t>\n<div class=\"siteorigin-widget-tinymce textwidget\">\n\t<p align=\"justify\"><strong><span lang=\"sl-SI\">&#8216;Cepiva&#8217; proti Covidu-19 so bila razvita v naglici in pod pritiskom<\/span><\/strong><span lang=\"sl-SI\"> z argumentom re\u0161evanja zdravstva pred preobremenjenostjo in kolapsom. Navadno klini\u010dna preizku\u0161anja novih cepiv trajajo ve\u010d let, &#8216;cepiva&#8217; proti Covidu-19 pa so dobila pogojno dovoljenje za uporabo po manj kot 6 mesecih klini\u010dnih preizku\u0161anj, \u010deprav gre za novo tehnologijo izdelave cepiv, s katero nimamo izku\u0161enj in ki je potencialno nevarna. Pristojni sicer trdijo, da naj resnih ne\u017eelenih u\u010dinkov ne bi bilo oziroma naj bi bile zelo redke. Kljub temu ljudje ne zaupajo &#8216;cepivom&#8217; proti Covidu-19 saj se je v Sloveniji s tremi odmerki cepilo le 31% in s \u0161tirimi odmerki le 4% prebivalcev (<\/span><span lang=\"sl-SI\">vir:<\/span> <a href=\"https:\/\/app.powerbi.com\/view?r=eyJrIjoiYWQ3NGE1NTMtZWJkMi00NzZmLWFiNDItZDc5YjU5MGRkOGMyIiwidCI6ImFkMjQ1ZGFlLTQ0YTAtNGQ5NC04OTY3LTVjNjk5MGFmYTQ2MyIsImMiOjl9\"><span lang=\"sl-SI\">NIJZ<\/span><\/a><span lang=\"sl-SI\">). <\/span><\/p>\n<\/div>\n<\/div><\/div><\/div><\/div><\/div><div id=\"pg-gb1925-69ef6bc992d2c-2\"  class=\"panel-grid panel-has-style\" ><div class=\"besedilo-strani panel-row-style panel-row-style-for-gb1925-69ef6bc992d2c-2\" ><div id=\"pgc-gb1925-69ef6bc992d2c-2-0\"  class=\"panel-grid-cell\" ><div id=\"panel-gb1925-69ef6bc992d2c-2-0-0\" class=\"so-panel widget widget_sow-editor panel-first-child panel-last-child\" data-index=\"3\" ><div\n\t\t\t\n\t\t\tclass=\"so-widget-sow-editor so-widget-sow-editor-base\"\n\t\t\t\n\t\t>\n<div class=\"siteorigin-widget-tinymce textwidget\">\n\t<p align=\"justify\"><span lang=\"sl-SI\">Kaj to pomeni z vidika varnosti za zdravje ljudi, \u0161e danes ni znano. <\/span><strong><span lang=\"sl-SI\">Varnostne \u0161tudije, ki so jih pripravili proizvajalci cepiv, so pomanjkljive ali celo<\/span><span lang=\"sl-SI\"> ne obstajajo<\/span><\/strong><span lang=\"sl-SI\"><strong>.<\/strong> <\/span><span lang=\"sl-SI\">Resnih analiz in primerjav zdravja cepljenih in necepljenih pristojne institucije ne izvajajo, pa \u010deprav so podatki o cepilnem statusu za vsakega prebivalca enostavno dostopni. Statistike <\/span><span lang=\"sl-SI\">s <\/span><span lang=\"sl-SI\">celega sveta ka\u017eejo visoko <\/span><strong><span lang=\"sl-SI\">prese\u017eno smrtnost tudi v letih 2022 in 2023<\/span><\/strong><span lang=\"sl-SI\"><strong>,<\/strong> ko bi morala biti\u00a0 zdravstvena kriza zaradi Covida-19, na podlagi napovedane u\u010dinkovitosti cepiv, \u017ee kon\u010dana. <\/span><\/p>\n<\/div>\n<\/div><\/div><\/div><div id=\"pgc-gb1925-69ef6bc992d2c-2-1\"  class=\"panel-grid-cell\" ><div id=\"panel-gb1925-69ef6bc992d2c-2-1-0\" class=\"so-panel widget widget_sow-editor panel-first-child panel-last-child\" data-index=\"4\" ><div class=\"slikaintekst-boks4 panel-widget-style panel-widget-style-for-gb1925-69ef6bc992d2c-2-1-0\" ><div\n\t\t\t\n\t\t\tclass=\"so-widget-sow-editor so-widget-sow-editor-base\"\n\t\t\t\n\t\t>\n<div class=\"siteorigin-widget-tinymce textwidget\">\n\t<p align=\"center\"><span lang=\"sl-SI\">Statisti\u010dni podatki EU (vir: <\/span><a href=\"https:\/\/www.euromomo.eu\/graphs-and-maps\/\"><span lang=\"sl-SI\">EUROMOMO<\/span><\/a><span lang=\"sl-SI\">) ka\u017eejo, da<strong> je <\/strong><\/span><strong><span lang=\"sl-SI\">prese\u017ena smrtnost ve\u010dja v dr\u017eavah z vi\u0161jo precepljenostjo in ni\u017eja ali negativna v manj precepljenih dr\u017eavah.<\/span><\/strong><\/p>\n<\/div>\n<\/div><\/div><\/div><\/div><\/div><\/div><div id=\"pg-gb1925-69ef6bc992d2c-3\"  class=\"panel-grid panel-no-style\" ><div id=\"pgc-gb1925-69ef6bc992d2c-3-0\"  class=\"panel-grid-cell\" ><div id=\"panel-gb1925-69ef6bc992d2c-3-0-0\" class=\"so-panel widget widget_sow-editor panel-first-child panel-last-child\" data-index=\"5\" ><div class=\"besedilo-strani panel-widget-style panel-widget-style-for-gb1925-69ef6bc992d2c-3-0-0\" ><div\n\t\t\t\n\t\t\tclass=\"so-widget-sow-editor so-widget-sow-editor-base\"\n\t\t\t\n\t\t>\n<div class=\"siteorigin-widget-tinymce textwidget\">\n\t<p align=\"justify\"><span lang=\"sl-SI\">Ena redkih dr\u017eav, ki a\u017eurno spremlja statistiko oku\u017eb, hospitalizacij in smrti cepljenega in necepljenega dela populacije, je Velika Britanija (<\/span><a href=\"https:\/\/www.ons.gov.uk\/peoplepopulationandcommunity\/birthsdeathsandmarriages\/deaths\/bulletins\/deathsinvolvingcovid19byvaccinationstatusengland\/deathsoccurringbetween1april2021and31may2023\"><span lang=\"sl-SI\">ONS<\/span><\/a><span lang=\"sl-SI\">). Na osnovi teh podatkov je \u0160orli s sodelavci izra\u010dunal statisti\u010dno primerjavo smrti cepljenih in necepljenih v VB v letu 2021 in ocenil, <\/span><strong><span lang=\"sl-SI\">da je bilo med cepljenimi za 14.5% ve\u010d umrlih<\/span><\/strong><span lang=\"sl-SI\"> (<\/span><span lang=\"sl-SI\"><a href=\"https:\/\/www.researchgate.net\/publication\/370025119_Quality_in_Primary_Care_Forgotten_Primum_Non_Nocere_and_Increased_Mortality_after_COVID-19_Vaccination\">vir<\/a>).<\/span><\/p>\n<\/div>\n<\/div><\/div><\/div><\/div><\/div><div id=\"pg-gb1925-69ef6bc992d2c-4\"  class=\"panel-grid panel-has-style\" ><div class=\"slikaintekst-boks3 panel-row-style panel-row-style-for-gb1925-69ef6bc992d2c-4\" ><div id=\"pgc-gb1925-69ef6bc992d2c-4-0\"  class=\"panel-grid-cell\" ><div id=\"panel-gb1925-69ef6bc992d2c-4-0-0\" class=\"so-panel widget widget_sow-image panel-first-child panel-last-child\" data-index=\"6\" ><div\n\t\t\t\n\t\t\tclass=\"so-widget-sow-image so-widget-sow-image-default-dbf295114b96-1925\"\n\t\t\t\n\t\t>\n<div class=\"sow-image-container\">\n\t\t<img \n\tsrc=\"https:\/\/odgovoren-za-zdravje.si\/wp-content\/uploads\/2023\/09\/Stop-e1707478057955.png\" width=\"782\" height=\"476\" srcset=\"https:\/\/odgovoren-za-zdravje.si\/wp-content\/uploads\/2023\/09\/Stop-e1707478057955.png 782w, https:\/\/odgovoren-za-zdravje.si\/wp-content\/uploads\/2023\/09\/Stop-e1707478057955-300x183.png 300w, https:\/\/odgovoren-za-zdravje.si\/wp-content\/uploads\/2023\/09\/Stop-e1707478057955-768x467.png 768w\" sizes=\"(max-width: 782px) 100vw, 782px\" alt=\"\" \t\tclass=\"so-widget-image\"\/>\n\t<\/div>\n\n<\/div><\/div><\/div><div id=\"pgc-gb1925-69ef6bc992d2c-4-1\"  class=\"panel-grid-cell\" ><div id=\"panel-gb1925-69ef6bc992d2c-4-1-0\" class=\"so-panel widget widget_sow-editor panel-first-child panel-last-child\" data-index=\"7\" ><div\n\t\t\t\n\t\t\tclass=\"so-widget-sow-editor so-widget-sow-editor-base\"\n\t\t\t\n\t\t>\n<div class=\"siteorigin-widget-tinymce textwidget\">\n\t<p align=\"justify\"><span style=\"font-family: Times New Roman, serif;\"><span style=\"font-size: small;\"><span style=\"font-family: Helvetica, serif;\"><span style=\"font-size: medium;\"><span lang=\"sl-SI\"><b>\u0160tevilni strokovnjaki opozarjajo na prete\u010do nevarnost zdravstvene, socialne in gospodarske krize zaradi dolgoro\u010dnih posledic vnosa genskih pripravkov v organizem in pozivajo k ukrepanju.<\/b><\/span><\/span><\/span><span style=\"font-family: Helvetica, serif;\"><span style=\"font-size: medium;\"><span lang=\"sl-SI\"> Ugotovitve svojih raziskav in klini\u010dne prakse so maja 2023 predstavili v Evropskem parlamentu in bili jasni: vodenje odziva na epidemijo, vklju\u010dno s cepivi proti covidu-19, je bilo strokovno neustrezno, katastrofa za javno zdravje in ima elemente kaznivega dejanja (glej <\/span><\/span><\/span><a href=\"https:\/\/rumble.com\/v358v2o-poroilo-o-3.-mednarodnem-vrhu-o-kovidu-dr.-john-campbell.html\"><span style=\"color: #0000cc;\"><span style=\"font-family: Helvetica, serif;\"><span style=\"font-size: medium;\"><span lang=\"sl-SI\"><u>Povzetek 3. mednarodnega vrha o kovidu<\/u><\/span><\/span><\/span><\/span><\/a><span style=\"font-family: Helvetica, serif;\"><span style=\"font-size: medium;\"><span lang=\"sl-SI\">).<\/span><\/span><\/span><\/span><\/span><\/p>\n<\/div>\n<\/div><\/div><\/div><\/div><\/div><div id=\"pg-gb1925-69ef6bc992d2c-5\"  class=\"panel-grid panel-no-style\" ><div id=\"pgc-gb1925-69ef6bc992d2c-5-0\"  class=\"panel-grid-cell\" ><div id=\"panel-gb1925-69ef6bc992d2c-5-0-0\" class=\"so-panel widget widget_sow-editor panel-first-child panel-last-child\" data-index=\"8\" ><div class=\"besedilo-strani panel-widget-style panel-widget-style-for-gb1925-69ef6bc992d2c-5-0-0\" ><div\n\t\t\t\n\t\t\tclass=\"so-widget-sow-editor so-widget-sow-editor-base\"\n\t\t\t\n\t\t>\n<div class=\"siteorigin-widget-tinymce textwidget\">\n\t<h3><span lang=\"sl-SI\">Varnostne \u0161tudije<\/span><span lang=\"sl-SI\"> cepiv proti covidu-19<\/span><\/h3>\n<\/div>\n<\/div><\/div><\/div><\/div><\/div><div id=\"pg-gb1925-69ef6bc992d2c-6\"  class=\"panel-grid panel-has-style\" ><div class=\"slikaintekst-boks3 panel-row-style panel-row-style-for-gb1925-69ef6bc992d2c-6\" ><div id=\"pgc-gb1925-69ef6bc992d2c-6-0\"  class=\"panel-grid-cell\" ><div id=\"panel-gb1925-69ef6bc992d2c-6-0-0\" class=\"so-panel widget widget_sow-editor panel-first-child panel-last-child\" data-index=\"9\" ><div class=\"slikaintekst-boks4 panel-widget-style panel-widget-style-for-gb1925-69ef6bc992d2c-6-0-0\" ><div\n\t\t\t\n\t\t\tclass=\"so-widget-sow-editor so-widget-sow-editor-base\"\n\t\t\t\n\t\t>\n<div class=\"siteorigin-widget-tinymce textwidget\">\n\t<p align=\"center\"><span style=\"font-family: Helvetica, serif;\"><span style=\"font-size: medium;\"><span lang=\"sl-SI\"><b>Vsa cepiva proti Covidu-19 so bila preizku\u0161ena v postopku, ki je trajal 6 mesecev, in odobrena po izrednem postopku<\/b><\/span><\/span><\/span><span style=\"color: #000000;\"><span style=\"font-family: Helvetica, serif;\"><span style=\"font-size: medium;\"><span lang=\"sl-SI\"><b>.<\/b><\/span><\/span><\/span><\/span><\/p>\n<\/div>\n<\/div><\/div><\/div><\/div><div id=\"pgc-gb1925-69ef6bc992d2c-6-1\"  class=\"panel-grid-cell\" ><div id=\"panel-gb1925-69ef6bc992d2c-6-1-0\" class=\"so-panel widget widget_sow-editor panel-first-child panel-last-child\" data-index=\"10\" ><div\n\t\t\t\n\t\t\tclass=\"so-widget-sow-editor so-widget-sow-editor-base\"\n\t\t\t\n\t\t>\n<div class=\"siteorigin-widget-tinymce textwidget\">\n\t<p style=\"text-align: justify;\" align=\"justify\"><span style=\"font-family: Times New Roman, serif;\"><span style=\"font-size: small;\"><span style=\"font-family: Helvetica, serif;\"><span style=\"font-size: medium;\"><span lang=\"sl-SI\">Pfizer je prve tri faze klini\u010dnih preizku\u0161anj zaklju\u010dil novembra 2020 in to objavil na svoji spletni strani. Na dnu objave je izjavil, da za morebitne podatke in analize v prihodnosti, ki bi lahko imele druga\u010dne ugotovitve, ne odgovarja<\/span><\/span><\/span><b> <\/b><span style=\"font-family: Helvetica, serif;\"><span style=\"font-size: medium;\"><span lang=\"sl-SI\">(<\/span><\/span><\/span><a href=\"https:\/\/www.businesswire.com\/news\/home\/20201118005595\/en\/Pfizer-and-BioNTech-Conclude-Phase-3-Study-of-COVID-19-Vaccine-Candidate-Meeting-All-Primary-Efficacy-Endpoints\"><span style=\"color: #0000cc;\"><span style=\"font-family: Helvetica, serif;\"><span style=\"font-size: medium;\"><span lang=\"sl-SI\"><u>vir<\/u><\/span><\/span><\/span><\/span><\/a><span style=\"font-family: Helvetica, serif;\"><span style=\"font-size: medium;\"><span lang=\"sl-SI\">). Istega dne je ukinil kontrolno skupino necepljenih in na ta na\u010din zelo verjetno prikril razliko med cepljenimi in necepljenimi. (<\/span><\/span><\/span><span style=\"color: #0000cc;\"><span style=\"font-family: Helvetica, serif;\"><span style=\"font-size: medium;\"><span lang=\"sl-SI\"><u>vir<\/u><\/span><\/span><\/span><\/span><span style=\"font-family: Helvetica, serif;\"><span style=\"font-size: medium;\"><span lang=\"sl-SI\">: <\/span><\/span><\/span><a href=\"https:\/\/read.amazon.com\/kp\/kshare?asin=B0BSK6LV5D&amp;id=n3fim7hsxvgcxfrozqadmltzoe&amp;reshareId=NZMRY72R5K9M342X1WZ1&amp;reshareChannel=system\"><span style=\"font-family: Helvetica, serif;\"><span style=\"font-size: medium;\"><span lang=\"sl-SI\">Poro\u010dilo o Pfizerjevi dokumentaciji<\/span><\/span><\/span><\/a><span style=\"font-family: Helvetica, serif;\"><span style=\"font-size: medium;\"><span lang=\"sl-SI\">).<\/span><\/span><\/span><\/span><\/span><\/p>\n<\/div>\n<\/div><\/div><\/div><\/div><\/div><div id=\"pg-gb1925-69ef6bc992d2c-7\"  class=\"panel-grid panel-no-style\" ><div id=\"pgc-gb1925-69ef6bc992d2c-7-0\"  class=\"panel-grid-cell\" ><div id=\"panel-gb1925-69ef6bc992d2c-7-0-0\" class=\"so-panel widget widget_sow-editor panel-first-child panel-last-child\" data-index=\"11\" ><div class=\"besedilo-strani panel-widget-style panel-widget-style-for-gb1925-69ef6bc992d2c-7-0-0\" ><div\n\t\t\t\n\t\t\tclass=\"so-widget-sow-editor so-widget-sow-editor-base\"\n\t\t\t\n\t\t>\n<div class=\"siteorigin-widget-tinymce textwidget\">\n\t<p align=\"justify\"><span style=\"font-family: Helvetica, serif;\"><span style=\"font-size: medium;\"><span lang=\"sl-SI\">Pfizer resnih varnostnih tveganj ni navedel, vendar podroben pregled klini\u010dne dokumentacije podjetja ka\u017ee, da je bilo v skupini cepljenih <\/span><\/span><\/span><span style=\"font-family: Helvetica, serif;\"><span style=\"font-size: medium;\"><span lang=\"sl-SI\"><b>opazno ve\u010d sr\u010dnih infarktov kot med necepljenimi,<\/b><\/span><\/span><\/span><span style=\"font-family: Helvetica, serif;\"><span style=\"font-size: medium;\"><span lang=\"sl-SI\"> kar je potrdila tudi neodvisna forenzi\u010dna analiza Pfizerjeve dokumentacije (<\/span><\/span><\/span><a href=\"https:\/\/www.preprints.org\/manuscript\/202309.0131\/v1\"><span style=\"color: #0000cc;\"><span style=\"font-family: Helvetica, serif;\"><span style=\"font-size: medium;\"><span lang=\"sl-SI\"><u>vir<\/u><\/span><\/span><\/span><\/span><\/a><span style=\"font-family: Helvetica, serif;\"><span style=\"font-size: medium;\"><span lang=\"sl-SI\">: Mihcels s sod., 2023). <\/span><\/span><\/span><\/p>\n<p align=\"justify\"><span style=\"font-family: Helvetica, serif;\"><span style=\"font-size: medium;\"><span lang=\"sl-SI\"><b>\u0160tevilne ne\u017eeleni u\u010dinki so se pokazali \u0161ele po za\u010detku mno\u017ei\u010dnega cepljenja, <\/b><\/span><\/span><\/span><span style=\"font-family: Helvetica, serif;\"><span style=\"font-size: medium;\"><span lang=\"sl-SI\">a jih niti proizvajalci &#8216;cepiv&#8217; niti javno zdravstvene agencije niso jemale resno.<\/span><\/span><\/span><\/p>\n<p align=\"justify\"><span style=\"font-family: Times New Roman, serif;\"><span style=\"font-size: small;\"><span style=\"font-family: Helvetica, serif;\"><span style=\"font-size: medium;\"><span lang=\"sl-SI\">V ameri\u0161kem prosto dostopnem sistemu za bele\u017eenje ne\u017eelenih u\u010dinkov po cepljenju (ang. VAERS), so po za\u010detku cepljenja proti Covidu-19 zabele\u017eili <\/span><\/span><\/span><span style=\"font-family: Helvetica, serif;\"><span style=\"font-size: medium;\"><span lang=\"sl-SI\"><b>izreden porast smrti.<\/b><\/span><\/span><\/span><\/span><\/span><\/p>\n<\/div>\n<\/div><\/div><\/div><\/div><\/div><div id=\"pg-gb1925-69ef6bc992d2c-8\"  class=\"panel-grid panel-has-style\" ><div class=\"slikaintekst-boks3 panel-row-style panel-row-style-for-gb1925-69ef6bc992d2c-8\" ><div id=\"pgc-gb1925-69ef6bc992d2c-8-0\"  class=\"panel-grid-cell\" ><div id=\"panel-gb1925-69ef6bc992d2c-8-0-0\" class=\"so-panel widget widget_sow-image panel-first-child panel-last-child\" data-index=\"12\" ><div\n\t\t\t\n\t\t\tclass=\"so-widget-sow-image so-widget-sow-image-default-8b5b6f678277-1925\"\n\t\t\t\n\t\t>\n<div class=\"sow-image-container\">\n\t\t<img \n\tsrc=\"https:\/\/odgovoren-za-zdravje.si\/wp-content\/uploads\/2023\/09\/5125215.jpg\" width=\"1456\" height=\"723\" srcset=\"https:\/\/odgovoren-za-zdravje.si\/wp-content\/uploads\/2023\/09\/5125215.jpg 1456w, https:\/\/odgovoren-za-zdravje.si\/wp-content\/uploads\/2023\/09\/5125215-300x149.jpg 300w, https:\/\/odgovoren-za-zdravje.si\/wp-content\/uploads\/2023\/09\/5125215-1024x508.jpg 1024w, https:\/\/odgovoren-za-zdravje.si\/wp-content\/uploads\/2023\/09\/5125215-768x381.jpg 768w\" sizes=\"(max-width: 1456px) 100vw, 1456px\" alt=\"\" \t\tclass=\"so-widget-image\"\/>\n\t<\/div>\n\n<\/div><\/div><\/div><\/div><\/div><div id=\"pg-gb1925-69ef6bc992d2c-9\"  class=\"panel-grid panel-no-style\" ><div id=\"pgc-gb1925-69ef6bc992d2c-9-0\"  class=\"panel-grid-cell\" ><div id=\"panel-gb1925-69ef6bc992d2c-9-0-0\" class=\"so-panel widget widget_sow-editor panel-first-child panel-last-child\" data-index=\"13\" ><div class=\"besedilo-strani panel-widget-style panel-widget-style-for-gb1925-69ef6bc992d2c-9-0-0\" ><div\n\t\t\t\n\t\t\tclass=\"so-widget-sow-editor so-widget-sow-editor-base\"\n\t\t\t\n\t\t>\n<div class=\"siteorigin-widget-tinymce textwidget\">\n\t<p align=\"justify\"><span style=\"font-family: Helvetica, serif;\"><span style=\"font-size: medium;\"><span lang=\"sl-SI\">Potem, ko so bila cepiva decembra 2020 pogojno odobrena za uporabo, spremljanje varnosti ni bila glavna skrb proizvajalcev cepiv. Dvajsetega novembra 2020, istega dne, ko je Pfizer zaklju\u010dil predvidena testiranja, je Evropska komisija v imenu dr\u017eav \u010dlanic s podjetjem sklenila Pogodbo o dobavi cepiv. V njej je jasno navedeno, da \u201csodelujo\u010da \u010dlanica priznava, da dolgoro\u010dni u\u010dinki in u\u010dinkovitost cepiva trenutno niso znani in da lahko obstajajo \u0161kodljivi u\u010dinki cepiva, ki trenutno niso znani\u201c<\/span><\/span><\/span><b> <\/b><span style=\"color: #000000;\"><span style=\"font-family: Helvetica, serif;\"><span style=\"font-size: medium;\"><span lang=\"sl-SI\">(glej <\/span><\/span><\/span><\/span><a href=\"https:\/\/odgovoren-za-zdravje.si\/wp-content\/uploads\/2022\/10\/NAROCILNICA-prevod.pdf\"><span style=\"color: #0070c0;\"><span style=\"font-family: Helvetica, serif;\"><span style=\"font-size: medium;\"><span lang=\"sl-SI\">prevod<\/span><\/span><\/span><\/span><\/a><span style=\"color: #000000;\"><span style=\"font-family: Helvetica, serif;\"><span style=\"font-size: medium;\"><span lang=\"sl-SI\"> in <\/span><\/span><\/span><\/span><a href=\"https:\/\/odgovoren-za-zdravje.si\/wp-content\/uploads\/2022\/10\/NAROCILNICA-original.pdf\"><span style=\"color: #0070c0;\"><span style=\"font-family: Helvetica, serif;\"><span style=\"font-size: medium;\"><span lang=\"sl-SI\">original<\/span><\/span><\/span><\/span><\/a><span style=\"color: #000000;\"><span style=\"font-family: Helvetica, serif;\"><span style=\"font-size: medium;\"><span lang=\"sl-SI\"> naro\u010dilnice<\/span><\/span><\/span><\/span><span style=\"font-family: Helvetica, serif;\"><span style=\"font-size: medium;\"><span lang=\"sl-SI\">). <\/span><\/span><\/span><span style=\"font-family: Helvetica, serif;\"><span style=\"font-size: medium;\"><span lang=\"sl-SI\"><b>Spremljanje dolgoro\u010dnih varnostnih podatkov bi moralo zato toliko bolj zanimati pristojne institucije in stroko. \u017dal temu ni tako.<\/b><\/span><\/span><\/span><\/p>\n<\/div>\n<\/div><\/div><\/div><\/div><\/div><div id=\"pg-gb1925-69ef6bc992d2c-10\"  class=\"panel-grid panel-no-style\" ><div id=\"pgc-gb1925-69ef6bc992d2c-10-0\"  class=\"panel-grid-cell\" ><div id=\"panel-gb1925-69ef6bc992d2c-10-0-0\" class=\"so-panel widget widget_sow-editor panel-first-child panel-last-child\" data-index=\"14\" ><div class=\"besedilo-strani panel-widget-style panel-widget-style-for-gb1925-69ef6bc992d2c-10-0-0\" ><div\n\t\t\t\n\t\t\tclass=\"so-widget-sow-editor so-widget-sow-editor-base\"\n\t\t\t\n\t\t>\n<div class=\"siteorigin-widget-tinymce textwidget\">\n\t<h3><span lang=\"sl-SI\">Pfizerjeva dokumentacija objavljena po sodnem nalogu<\/span><\/h3>\n<p align=\"justify\"><span style=\"font-family: Helvetica, serif;\"><span style=\"font-size: medium;\"><span lang=\"sl-SI\">Podatki klini\u010dnih preizku\u0161anj proizvajalcev cepiv so bili javnosti nedostopni vse do za\u010detka leta 2022, ko je ameri\u0161ka zvezna agencija FDA, na podlagi sodne odlo\u010dbe, morala za\u010deti objavljati Pfizerjevo dokumentacijo, ki jo je \u017eelela javnosti prikrivati \u0161e naslednjih 55 let. <\/span><\/span><\/span><\/p>\n<\/div>\n<\/div><\/div><\/div><\/div><\/div><div id=\"pg-gb1925-69ef6bc992d2c-11\"  class=\"panel-grid panel-has-style\" ><div class=\"slikaintekst-boks3 panel-row-style panel-row-style-for-gb1925-69ef6bc992d2c-11\" ><div id=\"pgc-gb1925-69ef6bc992d2c-11-0\"  class=\"panel-grid-cell\" ><div id=\"panel-gb1925-69ef6bc992d2c-11-0-0\" class=\"so-panel widget widget_sow-image panel-first-child panel-last-child\" data-index=\"15\" ><div\n\t\t\t\n\t\t\tclass=\"so-widget-sow-image so-widget-sow-image-default-a258e6bfa2d8-1925\"\n\t\t\t\n\t\t>\n<div class=\"sow-image-container\">\n\t\t<img \n\tsrc=\"https:\/\/odgovoren-za-zdravje.si\/wp-content\/uploads\/2023\/09\/Zaklenjena-dokumentacija-slika-1-e1695726030462.png\" width=\"698\" height=\"404\" srcset=\"https:\/\/odgovoren-za-zdravje.si\/wp-content\/uploads\/2023\/09\/Zaklenjena-dokumentacija-slika-1-e1695726030462.png 698w, https:\/\/odgovoren-za-zdravje.si\/wp-content\/uploads\/2023\/09\/Zaklenjena-dokumentacija-slika-1-e1695726030462-300x174.png 300w\" sizes=\"(max-width: 698px) 100vw, 698px\" title=\"Zaklenjena dokumentacija &#8211; slika\" alt=\"\" \t\tclass=\"so-widget-image\"\/>\n\t<\/div>\n\n<\/div><\/div><\/div><div id=\"pgc-gb1925-69ef6bc992d2c-11-1\"  class=\"panel-grid-cell\" ><div id=\"panel-gb1925-69ef6bc992d2c-11-1-0\" class=\"so-panel widget widget_sow-editor panel-first-child panel-last-child\" data-index=\"16\" ><div class=\"slikaintekst-boks4 panel-widget-style panel-widget-style-for-gb1925-69ef6bc992d2c-11-1-0\" ><div\n\t\t\t\n\t\t\tclass=\"so-widget-sow-editor so-widget-sow-editor-base\"\n\t\t\t\n\t\t>\n<div class=\"siteorigin-widget-tinymce textwidget\">\n\t<p style=\"text-align: center;\" align=\"justify\"><strong><span style=\"font-family: Helvetica, serif; color: #000000;\"><span style=\"font-size: medium;\"><span lang=\"sl-SI\">Tako Pfizer kot ameri\u0161ka Zvezna agencija za zdravila in hrano (FDA) sta vedela za \u0161tevilna varnostna tveganja, ki so lahko posledica nove tehnologije &#8216;cepiv&#8217;, nista pa se ukvarjala z nadaljnjim raziskovanjem teh primerov, \u010deprav je to njihova zakonska dol\u017enost.<\/span><\/span><\/span><\/strong><\/p>\n<\/div>\n<\/div><\/div><\/div><\/div><\/div><\/div><div id=\"pg-gb1925-69ef6bc992d2c-12\"  class=\"panel-grid panel-no-style\" ><div id=\"pgc-gb1925-69ef6bc992d2c-12-0\"  class=\"panel-grid-cell\" ><div id=\"panel-gb1925-69ef6bc992d2c-12-0-0\" class=\"so-panel widget widget_sow-editor panel-first-child panel-last-child\" data-index=\"17\" ><div class=\"besedilo-strani panel-widget-style panel-widget-style-for-gb1925-69ef6bc992d2c-12-0-0\" ><div\n\t\t\t\n\t\t\tclass=\"so-widget-sow-editor so-widget-sow-editor-base\"\n\t\t\t\n\t\t>\n<div class=\"siteorigin-widget-tinymce textwidget\">\n\t<p align=\"justify\"><span style=\"font-family: Helvetica, serif;\"><span style=\"font-size: medium;\"><span lang=\"sl-SI\"><b>Proizvajalci teh preparatov so na podlagi podatkov iz klini\u010dnih raziskav vedeli,<\/b><\/span><\/span><\/span><span style=\"font-family: Helvetica, serif;\"><span style=\"font-size: medium;\"><span lang=\"sl-SI\"><b> da &#8216;cepivo&#8217; ne ostane na mestu vboda, temve\u010d se raz\u0161iri po celotnem organizmu,<\/b><\/span><\/span><\/span><span style=\"font-family: Helvetica, serif;\"><span style=\"font-size: medium;\"><span lang=\"sl-SI\"> in da se se nevarni oz. toksi\u010dni lipidni nanodelci kopi\u010dijo v srcu, mo\u017eganih, jetrih, nadledvi\u010dnih \u017elezah in jaj\u010dnikih. <span style=\"font-weight: 400;\">Vedeli so, da se lahko mRNK vgradi v na\u0161 genom. Vedeli so tudi, da se spike proteini cepljenih z mRNK &#8216;cepivi&#8217;<\/span> lahko prena\u0161ajo z ene osebe na drugo preko stika s ko\u017eo, dihanjem in spolnimi teko\u010dinami, zaradi \u010desar je lahko necepljena oseba izpostavljena &#8216;cepivu iz okolja&#8217;. <\/span><\/span><\/span><\/p>\n<p align=\"justify\"><span style=\"font-family: Helvetica, serif;\"><span style=\"font-size: medium;\"><span lang=\"sl-SI\"><span style=\"font-weight: 400;\">\u0160tudija o biodistribuciji nanolipidnih delcev, ki se v mRNK <\/span><span style=\"font-weight: 400;\">\u00bb<\/span><span style=\"font-weight: 400;\">cepivih<\/span><span style=\"font-weight: 400;\">\u00ab<\/span><span style=\"font-weight: 400;\"> uporabljajo za stabilizacijo<\/span><span style=\"font-weight: 400;\"> genetskega materiala<\/span><span style=\"font-weight: 400;\">, je jasno pokazala, da sestavine cepiva ne ostanejo na mestu vboda, ampak potujejo po krvi <\/span><span style=\"font-weight: 400;\">ter limfi in tako pridejo do vseh organov. <\/span><span style=\"font-weight: 400;\">\u00a0<\/span><span style=\"font-weight: 400;\">P<\/span><span style=\"font-weight: 400;\">restopijo <\/span><span style=\"font-weight: 400;\">tudi mo\u017egansko \u017eilno <\/span><span style=\"font-weight: 400;\">pregrado <\/span><span style=\"font-weight: 400;\">in tako pridejo v mo\u017egane.<\/span><\/span><\/span><\/span><\/p>\n<p align=\"justify\">\n<\/div>\n<\/div><\/div><\/div><\/div><\/div><div id=\"pg-gb1925-69ef6bc992d2c-13\"  class=\"panel-grid panel-has-style\" ><div class=\"slikaintekst-boks3 panel-row-style panel-row-style-for-gb1925-69ef6bc992d2c-13\" ><div id=\"pgc-gb1925-69ef6bc992d2c-13-0\"  class=\"panel-grid-cell\" ><div id=\"panel-gb1925-69ef6bc992d2c-13-0-0\" class=\"so-panel widget widget_sow-image panel-first-child\" data-index=\"18\" ><div\n\t\t\t\n\t\t\tclass=\"so-widget-sow-image so-widget-sow-image-default-c67d20f9f743-1925\"\n\t\t\t\n\t\t>\n<div class=\"sow-image-container\">\n\t\t<img \n\tsrc=\"https:\/\/odgovoren-za-zdravje.si\/wp-content\/uploads\/2023\/09\/53235235.png\" width=\"747\" height=\"516\" srcset=\"https:\/\/odgovoren-za-zdravje.si\/wp-content\/uploads\/2023\/09\/53235235.png 747w, https:\/\/odgovoren-za-zdravje.si\/wp-content\/uploads\/2023\/09\/53235235-300x207.png 300w\" sizes=\"(max-width: 747px) 100vw, 747px\" alt=\"\" \t\tclass=\"so-widget-image\"\/>\n\t<\/div>\n\n<\/div><\/div><div id=\"panel-gb1925-69ef6bc992d2c-13-0-1\" class=\"so-panel widget widget_sow-editor panel-last-child\" data-index=\"19\" ><div class=\"besedilo-strani panel-widget-style panel-widget-style-for-gb1925-69ef6bc992d2c-13-0-1\" ><div\n\t\t\t\n\t\t\tclass=\"so-widget-sow-editor so-widget-sow-editor-base\"\n\t\t\t\n\t\t>\n<div class=\"siteorigin-widget-tinymce textwidget\">\n\t<p align=\"center\"><em><span style=\"color: #000000;\"><span style=\"font-family: Helvetica, serif; font-size: small;\"><span lang=\"sl-SI\">Tabela: Biolo\u0161ka distribucija nanolipidnih delcev v jetrih in nadledvi\u010dni \u017elezi (<\/span><\/span><\/span><a href=\"https:\/\/www.naturalnews.com\/files\/Pfizer-bio-distribution-confidential-document-translated-to-english.pdf\"><span style=\"color: #0000cc;\"><span style=\"font-family: Helvetica, serif; font-size: small;\"><span lang=\"sl-SI\"><u>Vir<\/u><\/span><\/span><\/span><\/a><span style=\"color: #000000;\"><span style=\"font-family: Helvetica, serif; font-size: small;\"><span lang=\"sl-SI\">: Povzetek farmakokineti\u010dnih \u0161tudij v Pfizerjevi klini\u010dni dokumentaciji)<\/span><\/span><\/span><\/em><\/p>\n<\/div>\n<\/div><\/div><\/div><\/div><\/div><\/div><div id=\"pg-gb1925-69ef6bc992d2c-14\"  class=\"panel-grid panel-no-style\" ><div id=\"pgc-gb1925-69ef6bc992d2c-14-0\"  class=\"panel-grid-cell\" ><div id=\"panel-gb1925-69ef6bc992d2c-14-0-0\" class=\"so-panel widget widget_sow-editor panel-first-child panel-last-child\" data-index=\"20\" ><div class=\"besedilo-strani panel-widget-style panel-widget-style-for-gb1925-69ef6bc992d2c-14-0-0\" ><div\n\t\t\t\n\t\t\tclass=\"so-widget-sow-editor so-widget-sow-editor-base\"\n\t\t\t\n\t\t>\n<div class=\"siteorigin-widget-tinymce textwidget\">\n\t<p align=\"justify\"><span style=\"font-family: Helvetica, serif;\"><span style=\"font-size: medium;\"><span lang=\"sl-SI\">V dvanajstih tednih od za\u010detka mno\u017ei\u010dnega cepljenja (1.12.2020 \u2013 28.02.2021) je <\/span><\/span><\/span><span style=\"font-family: Helvetica, serif;\"><span style=\"font-size: medium;\"><span lang=\"sl-SI\"><b>Pfizer prejel skoraj 159.000 poro\u010dil o \u0161tevilnih ne\u017eelenih stranskih u\u010dinkih<\/b><\/span><\/span><\/span><span style=\"color: #000000;\"><span style=\"font-family: Helvetica, serif;\"><span style=\"font-size: medium;\"><span lang=\"sl-SI\"><b>, <\/b><\/span><\/span><\/span><\/span><span style=\"font-family: Helvetica, serif;\"><span style=\"font-size: medium;\"><span lang=\"sl-SI\"><b>od tega 1.200 o smrtih zaradi kardiovaskularnih boleznih, mo\u017eganske kapi, krvavitev, krvnih strdkov v razli\u010dnih delih telesa, plju\u010dne embolije in nevrolo\u0161kih bolezni.\u00a0<\/b><\/span><\/span><\/span><span style=\"font-family: Helvetica, serif;\"><span style=\"font-size: medium;\"><span lang=\"sl-SI\">Vedel je, da je imelo ve\u010d kot 1.000 otrok v poskusni skupini cepljenih ve\u010d resnih ne\u017eelenih posledic. <b>Znano je bilo tudi to, da lipidni nanodelci po\u0161kodujejo placento ter se nose\u010dnosti cepljenih mater pogosto kon\u010dajo s splavom, prezgodnjim porodom ali mrtvorojenimi otroki<\/b><b>.<\/b><\/span><\/span><\/span><span style=\"font-family: Helvetica, serif;\"><span style=\"font-size: medium;\"><span lang=\"sl-SI\"> <span style=\"font-weight: 400;\">Vedeli so, <\/span><span style=\"font-weight: 400;\">da lahko lipidni nanodelci v materinem mleku po\u0161kodujejo in <\/span><span style=\"font-weight: 400;\">tudi <\/span><span style=\"font-weight: 400;\">\u017eivljenjsko ogrozijo<\/span> otroka (<\/span><\/span><\/span><a href=\"https:\/\/phmpt.org\/wp-content\/uploads\/2021\/11\/5.3.6-postmarketing-experience.pdf\"><span style=\"color: #0000cc;\"><span style=\"font-family: Helvetica, serif;\"><span style=\"font-size: medium;\"><span lang=\"sl-SI\"><u>vir<\/u><\/span><\/span><\/span><\/span><\/a><span style=\"font-family: Helvetica, serif;\"><span style=\"font-size: medium;\"><span lang=\"sl-SI\">: Kumulativna analiza ne\u017eelenih posledic po za\u010detku prometa z PF-07302048). Za kar 20.000 primerov oseb, ki so poro\u010dale o ne\u017eelenih dogodkih, kon\u010dni izid ni bil znan (ozdravljen\/ni ozdravljen\/umrl).<\/span><\/span><\/span><\/p>\n<p align=\"justify\"><span style=\"font-weight: 400;\">Dokumentacija je razkrila tudi, da je Pfizer<\/span><span style=\"font-weight: 400;\">jevo<\/span> &#8216;<span style=\"font-weight: 400;\">cepivo&#8217;<\/span>\u00a0<span style=\"font-weight: 400;\">ni bil le mesenger RNK temve\u010d modificiran RNK, namre\u010d so naravno aminokiselino uridin nadomestili s sinteti\u010dno, organizmu tujo, aminokiselino pseuridin, ki je upo\u010dasnil razgradnjo genetskega materiala vbrizganega z \u00bbcepivi\u00ab. To je pove\u010dalo tveganje prepisa mRNK v DNK in vgradnjo v na\u0161 genom, kar je zelo tvegano. <\/span><\/p>\n<\/div>\n<\/div><\/div><\/div><\/div><\/div><div id=\"pg-gb1925-69ef6bc992d2c-15\"  class=\"panel-grid panel-has-style\" ><div class=\"besedilo-strani panel-row-style panel-row-style-for-gb1925-69ef6bc992d2c-15\" ><div id=\"pgc-gb1925-69ef6bc992d2c-15-0\"  class=\"panel-grid-cell\" ><div id=\"panel-gb1925-69ef6bc992d2c-15-0-0\" class=\"so-panel widget widget_sow-editor panel-first-child panel-last-child\" data-index=\"21\" ><div\n\t\t\t\n\t\t\tclass=\"so-widget-sow-editor so-widget-sow-editor-base\"\n\t\t\t\n\t\t>\n<div class=\"siteorigin-widget-tinymce textwidget\">\n\t<p align=\"justify\"><span style=\"font-family: Times New Roman, serif;\"><span style=\"font-size: small;\"><span style=\"font-family: Helvetica, serif;\"><span style=\"font-size: medium;\"><span lang=\"sl-SI\">Vemo, da bolj stabilna modificirana RNK omogo\u010di bolj trajno proizvodnjo S-proteina v celicah tkiv, prav zato pa lahko predstavlja ve\u010dje varnostno tveganje za zdravje ljudi, mogo\u010de dolgotrajne posledice in pomanjkljivosti imunskega odziva na druge viruse oz. mikrorganizme viruse in raka.<\/span><\/span><\/span><\/span><\/span><\/p>\n<\/div>\n<\/div><\/div><\/div><div id=\"pgc-gb1925-69ef6bc992d2c-15-1\"  class=\"panel-grid-cell\" ><div id=\"panel-gb1925-69ef6bc992d2c-15-1-0\" class=\"so-panel widget widget_sow-editor panel-first-child panel-last-child\" data-index=\"22\" ><div class=\"slikaintekst-boks4 panel-widget-style panel-widget-style-for-gb1925-69ef6bc992d2c-15-1-0\" ><div\n\t\t\t\n\t\t\tclass=\"so-widget-sow-editor so-widget-sow-editor-base\"\n\t\t\t\n\t\t>\n<div class=\"siteorigin-widget-tinymce textwidget\">\n\t<p align=\"center\"><span style=\"font-family: Helvetica, serif;\"><span style=\"font-size: medium;\"><span lang=\"sl-SI\"><b>Kljub temu Pfizer ni nikoli preveril, koliko \u010dasa traja proizvodnja S-proteina pri cepljeni osebi, na\u0161e Javne agencije za zdravila ta podatek ni zanimal.<\/b><\/span><\/span><\/span><\/p>\n<\/div>\n<\/div><\/div><\/div><\/div><\/div><\/div><div id=\"pg-gb1925-69ef6bc992d2c-16\"  class=\"panel-grid panel-has-style\" ><div class=\"slikaintekst-boks3 panel-row-style panel-row-style-for-gb1925-69ef6bc992d2c-16\" ><div id=\"pgc-gb1925-69ef6bc992d2c-16-0\"  class=\"panel-grid-cell\" ><div id=\"panel-gb1925-69ef6bc992d2c-16-0-0\" class=\"so-panel widget widget_sow-image panel-first-child panel-last-child\" data-index=\"23\" ><div\n\t\t\t\n\t\t\tclass=\"so-widget-sow-image so-widget-sow-image-default-8b5b6f678277-1925\"\n\t\t\t\n\t\t>\n<div class=\"sow-image-container\">\n\t\t<img \n\tsrc=\"https:\/\/odgovoren-za-zdravje.si\/wp-content\/uploads\/2023\/09\/dna-representation-collage-scaled-e1695726068560.jpg\" width=\"2553\" height=\"1177\" srcset=\"https:\/\/odgovoren-za-zdravje.si\/wp-content\/uploads\/2023\/09\/dna-representation-collage-scaled-e1695726068560.jpg 2553w, https:\/\/odgovoren-za-zdravje.si\/wp-content\/uploads\/2023\/09\/dna-representation-collage-scaled-e1695726068560-300x138.jpg 300w, https:\/\/odgovoren-za-zdravje.si\/wp-content\/uploads\/2023\/09\/dna-representation-collage-scaled-e1695726068560-1024x472.jpg 1024w, https:\/\/odgovoren-za-zdravje.si\/wp-content\/uploads\/2023\/09\/dna-representation-collage-scaled-e1695726068560-768x354.jpg 768w, https:\/\/odgovoren-za-zdravje.si\/wp-content\/uploads\/2023\/09\/dna-representation-collage-scaled-e1695726068560-1536x708.jpg 1536w, https:\/\/odgovoren-za-zdravje.si\/wp-content\/uploads\/2023\/09\/dna-representation-collage-scaled-e1695726068560-2048x944.jpg 2048w\" sizes=\"(max-width: 2553px) 100vw, 2553px\" title=\"dna-representation-collage\" alt=\"\" \t\tclass=\"so-widget-image\"\/>\n\t<\/div>\n\n<\/div><\/div><\/div><div id=\"pgc-gb1925-69ef6bc992d2c-16-1\"  class=\"panel-grid-cell\" ><div id=\"panel-gb1925-69ef6bc992d2c-16-1-0\" class=\"so-panel widget widget_sow-editor panel-first-child panel-last-child\" data-index=\"24\" ><div\n\t\t\t\n\t\t\tclass=\"so-widget-sow-editor so-widget-sow-editor-base\"\n\t\t\t\n\t\t>\n<div class=\"siteorigin-widget-tinymce textwidget\">\n\t<p style=\"text-align: justify;\" align=\"justify\"><span style=\"font-family: Times New Roman, serif;\"><span style=\"font-size: small;\"><span style=\"font-family: Helvetica, serif;\"><span style=\"font-size: medium;\"><span lang=\"sl-SI\"><b>Nova &#8216;cepiva&#8217; proti Covidu-19 temeljijo na genski tehnologiji,<\/b><\/span><\/span><\/span><span style=\"font-family: Helvetica, serif;\"><span style=\"font-size: medium;\"><span lang=\"sl-SI\"> ki v telesu ne spro\u017ei samo imunskega odziva, kot tradicionalna cepiva, ampak tudi proizvodnjo S-proteina, kar predstavlja njihovo farmakolo\u0161ko delovanje. \u010ceprav so registrirana kot cepiva, delujejo kot zdravila, <span style=\"font-weight: 400;\">za <\/span><span style=\"font-weight: 400;\">registracijo <\/span><span style=\"font-weight: 400;\">kater<\/span><span style=\"font-weight: 400;\">ih so predpisani<\/span> <span style=\"font-weight: 400;\">vi\u0161ji varnostni standardi kot za cepiva, vendar pa <\/span><span style=\"font-weight: 400;\">ustrezne<\/span>\u00a0<span style=\"font-weight: 400;\">\u0161tudije niso bile izvedene<\/span> (<\/span><\/span><\/span><a href=\"https:\/\/rumble.com\/v358olc-loveka-reprodukcija-in-mrnk-cepiva-drugo-mnenje-prof.dr.-giovanni-frajese-3.html%20\"><span style=\"color: #0000cc;\"><span style=\"font-family: Helvetica, serif;\"><span style=\"font-size: medium;\"><span lang=\"sl-SI\"><u>glej posnetek<\/u><\/span><\/span><\/span><\/span><\/a><span style=\"font-family: Helvetica, serif;\"><span style=\"font-size: medium;\"><span lang=\"sl-SI\"> Manjkajo\u010de \u0161tudije mRNK cepiv).<\/span><\/span><\/span><\/span><\/span><\/p>\n<\/div>\n<\/div><\/div><\/div><\/div><\/div><div id=\"pg-gb1925-69ef6bc992d2c-17\"  class=\"panel-grid panel-has-style\" ><div class=\"panel-row-style panel-row-style-for-gb1925-69ef6bc992d2c-17\" ><div id=\"pgc-gb1925-69ef6bc992d2c-17-0\"  class=\"panel-grid-cell\" ><div id=\"panel-gb1925-69ef6bc992d2c-17-0-0\" class=\"so-panel widget widget_sow-editor panel-first-child panel-last-child\" data-index=\"25\" ><div class=\"besedilo-strani panel-widget-style panel-widget-style-for-gb1925-69ef6bc992d2c-17-0-0\" ><div\n\t\t\t\n\t\t\tclass=\"so-widget-sow-editor so-widget-sow-editor-base\"\n\t\t\t\n\t\t>\n<div class=\"siteorigin-widget-tinymce textwidget\">\n\t<h3><span lang=\"sl-SI\">Imunolo\u0161ki mehanizmi po\u0161kodb z genskimi cepivi<\/span><\/h3>\n<\/div>\n<\/div><\/div><\/div><\/div><\/div><\/div><div id=\"pg-gb1925-69ef6bc992d2c-18\"  class=\"panel-grid panel-has-style\" ><div class=\"besedilo-strani panel-row-style panel-row-style-for-gb1925-69ef6bc992d2c-18\" ><div id=\"pgc-gb1925-69ef6bc992d2c-18-0\"  class=\"panel-grid-cell\" ><div id=\"panel-gb1925-69ef6bc992d2c-18-0-0\" class=\"so-panel widget widget_sow-editor panel-first-child panel-last-child\" data-index=\"26\" ><div\n\t\t\t\n\t\t\tclass=\"so-widget-sow-editor so-widget-sow-editor-base\"\n\t\t\t\n\t\t>\n<div class=\"siteorigin-widget-tinymce textwidget\">\n\t<p style=\"text-align: justify;\" align=\"left\"><span style=\"font-family: Times New Roman, serif;\"><span style=\"font-size: small;\"><span style=\"font-family: Helvetica, serif;\"><span style=\"font-size: medium;\"><span lang=\"sl-SI\">Mehanizem povzro\u010ditve po\u0161kodbe zaradi genskih preparatov je enostaven &#8211; na\u0161 imunski sistem napade in uni\u010di celice, ki sintetizirajo tuje antigene <span style=\"font-weight: 400;\">in jih imajo na svojih celi\u010dnih ovojnicah<\/span><span style=\"font-weight: 400;\">.<\/span> <\/span><\/span><\/span><span style=\"font-family: Helvetica, serif;\"><span style=\"font-size: medium;\"><span lang=\"sl-SI\"><b>Zagovorniki teh &#8216;cepiv&#8217; obi\u010dajno trdijo, da naj bi bila sinteza tujega S-proteina kratkotrajna in omejena predvsem na mesto, kjer se vbrizga v mi\u0161ico, zato naj ne bi pri\u010dakovali resnih ne\u017eelenih reakcij. Vendar to ne dr\u017ei,<\/b><\/span><\/span><\/span><span style=\"font-family: Helvetica, serif;\"><span style=\"font-size: medium;\"><span lang=\"sl-SI\"> saj mRNK v lipidnih ovojnicah pride v limfni in krvni obtok, od tu pa vstopi v endotelne celice o\u017eilja, ki za\u010dnejo proizvajati beljakovino bodice. Imunski sistem tak\u0161no celico prepozna kot tujek in jo uni\u010di, <span style=\"font-weight: 400;\">pri \u010demer <\/span><span style=\"font-weight: 400;\">nastane <\/span><span style=\"font-weight: 400;\">po\u0161kod<\/span><span style=\"font-weight: 400;\">ba<\/span><span style=\"font-weight: 400;\"> endotel<\/span><span style=\"font-weight: 400;\">a (plast celic, ki prekriva notranjo povr\u0161ino o\u017eilja)<\/span><span style=\"font-weight: 400;\">.<\/span> Po\u0161kodovane endotelne celice se odlu\u0161\u010dijo <span style=\"font-weight: 400;\">z <\/span><span style=\"font-weight: 400;\">\u017eilne stene <\/span><span style=\"font-weight: 400;\">in na tem mestu pride do strjevanja krvi in nastajanja krvih strdkov.<\/span><\/span><\/span><\/span><\/span><\/span><\/p>\n<p style=\"text-align: justify;\"><span style=\"font-family: Helvetica, serif;\"><span style=\"font-size: medium;\"><span lang=\"sl-SI\">Konec leta 2021 so prve neodvisne raziskave dokazale prisotnost S-proteina v krvnem obtoku prejemnikov cepiv \u017ee isti dan po prejemu odmerka (<\/span><\/span><\/span><a href=\"https:\/\/pubmed.ncbi.nlm.nih.gov\/34015087\/\"><span style=\"color: #0000cc;\"><span style=\"font-family: Helvetica, serif;\"><span style=\"font-size: medium;\"><span lang=\"sl-SI\"><u>vir<\/u><\/span><\/span><\/span><\/span><\/a><span style=\"font-family: Helvetica, serif;\"><span style=\"font-size: medium;\"><span lang=\"sl-SI\">: Ogata, 2021). Kasnej\u0161e \u0161tudije so dokazale, da je S-protein prisoten v krvi cepljenih tudi ve\u010d mesecev. Bansal in sodelavci (<\/span><\/span><\/span><a href=\"https:\/\/pubmed.ncbi.nlm.nih.gov\/34654691\/%20\"><span style=\"color: #0000cc;\"><span style=\"font-family: Helvetica, serif;\"><span style=\"font-size: medium;\"><span lang=\"sl-SI\"><u>vir<\/u><\/span><\/span><\/span><\/span><\/a><span style=\"font-family: Helvetica, serif;\"><span style=\"font-size: medium;\"><span lang=\"sl-SI\">) so zaznali najvi\u0161je ravni S-proteina dva tedna po prvem odmerku cepiva, ki so se za\u010dele ni\u017eati \u0161tiri mesece po drugem odmerku. R\u00f6ltgen s sodelavci (<\/span><\/span><\/span><a href=\"https:\/\/pubmed.ncbi.nlm.nih.gov\/35148837\/\"><span style=\"color: #0000cc;\"><span style=\"font-family: Helvetica, serif;\"><span style=\"font-size: medium;\"><span lang=\"sl-SI\"><u>vir<\/u><\/span><\/span><\/span><\/span><\/a><span style=\"font-family: Helvetica, serif;\"><span style=\"font-size: medium;\"><span lang=\"sl-SI\">) <span style=\"font-weight: 400;\">je S-protein zaznal v bezgavkah \u0161e 60 dni po drugem odmerku, skupaj z mRNK, ki kodira <\/span><span style=\"font-weight: 400;\">sintezo S-proteina.<\/span> Brogna in Cristoni sta ugotovila <\/span><\/span><\/span><span style=\"font-family: Helvetica, serif;\"><span style=\"font-size: medium;\"><span lang=\"sl-SI\"><b>prisotnost S-proteina v krvi cepljenih \u0161e 6 mesecev po zadnjem odmerku, medtem ko necepljeni in prebolevniki S-proteina v vzorcih krvi niso imeli<\/b><\/span><\/span><\/span><span style=\"font-family: Helvetica, serif;\"><span style=\"font-size: medium;\"><span lang=\"sl-SI\"> (<\/span><\/span><\/span><a href=\"https:\/\/pubmed.ncbi.nlm.nih.gov\/37650258\/%20\"><span style=\"color: #0000cc;\"><span style=\"font-family: Helvetica, serif;\"><span style=\"font-size: medium;\"><span lang=\"sl-SI\"><u>vir<\/u><\/span><\/span><\/span><\/span><\/a><span style=\"font-family: Helvetica, serif;\"><span style=\"font-size: medium;\"><span lang=\"sl-SI\">).<\/span><\/span><\/span><\/p>\n<\/div>\n<\/div><\/div><\/div><div id=\"pgc-gb1925-69ef6bc992d2c-18-1\"  class=\"panel-grid-cell\" ><div id=\"panel-gb1925-69ef6bc992d2c-18-1-0\" class=\"so-panel widget widget_sow-image panel-first-child\" data-index=\"27\" ><div\n\t\t\t\n\t\t\tclass=\"so-widget-sow-image so-widget-sow-image-default-46c7616ffdb5-1925\"\n\t\t\t\n\t\t>\n<div class=\"sow-image-container\">\n\t\t<img \n\tsrc=\"https:\/\/odgovoren-za-zdravje.si\/wp-content\/uploads\/2023\/09\/325235.png\" width=\"692\" height=\"664\" srcset=\"https:\/\/odgovoren-za-zdravje.si\/wp-content\/uploads\/2023\/09\/325235.png 692w, https:\/\/odgovoren-za-zdravje.si\/wp-content\/uploads\/2023\/09\/325235-300x288.png 300w\" sizes=\"(max-width: 692px) 100vw, 692px\" alt=\"\" \t\tclass=\"so-widget-image\"\/>\n\t<\/div>\n\n<\/div><\/div><div id=\"panel-gb1925-69ef6bc992d2c-18-1-1\" class=\"so-panel widget widget_sow-editor panel-last-child\" data-index=\"28\" ><div class=\"whiteBGtekst panel-widget-style panel-widget-style-for-gb1925-69ef6bc992d2c-18-1-1\" ><div\n\t\t\t\n\t\t\tclass=\"so-widget-sow-editor so-widget-sow-editor-base\"\n\t\t\t\n\t\t>\n<div class=\"siteorigin-widget-tinymce textwidget\">\n\t<p align=\"center\"><span style=\"color: #000000;\"><span style=\"font-family: Helvetica, serif;\"><span lang=\"sl-SI\">Slika: Po\u0161kodbe o\u017eilja in strjevanje krvi zaradi mRNK cepiv (<\/span><\/span><\/span><a href=\"https:\/\/doctors4covidethics.org\/mrna-vaccine-toxicity\/\"><span style=\"color: #0000cc;\"><span style=\"font-family: Helvetica, serif;\"><span lang=\"sl-SI\"><u>Vir<\/u><\/span><\/span><\/span><\/a><span style=\"color: #000000;\"><span style=\"font-family: Helvetica, serif;\"><span lang=\"sl-SI\">: mRNK vaccine toxicity, M. Palmer, S. Bhakdi. 2023, Doctors for Covid Ethics, str. 40)<\/span><\/span><\/span><\/p>\n<\/div>\n<\/div><\/div><\/div><\/div><\/div><\/div><div id=\"pg-gb1925-69ef6bc992d2c-19\"  class=\"panel-grid panel-has-style\" ><div class=\"panel-row-style panel-row-style-for-gb1925-69ef6bc992d2c-19\" ><div id=\"pgc-gb1925-69ef6bc992d2c-19-0\"  class=\"panel-grid-cell\" ><div id=\"panel-gb1925-69ef6bc992d2c-19-0-0\" class=\"so-panel widget widget_sow-editor panel-first-child panel-last-child\" data-index=\"29\" ><div class=\"besedilo-strani panel-widget-style panel-widget-style-for-gb1925-69ef6bc992d2c-19-0-0\" ><div\n\t\t\t\n\t\t\tclass=\"so-widget-sow-editor so-widget-sow-editor-base\"\n\t\t\t\n\t\t>\n<div class=\"siteorigin-widget-tinymce textwidget\">\n\t<p style=\"text-align: justify;\"><span style=\"font-family: Helvetica, serif;\"><span style=\"font-size: medium;\"><span lang=\"sl-SI\">Nekateri strokovnjaki so si za\u010deli zastavljati vpra\u0161anja o tem, ali lahko dolgotrajna sinteza S-proteina pri cepljenih pripelje do negativne u\u010dinkovitosti cepiva, ne\u017eelenih stranskih u\u010dinkov in po\u0161kodb (npr. <\/span><\/span><\/span><a href=\"https:\/\/pubmed.ncbi.nlm.nih.gov\/35537987\/\"><span style=\"font-family: Helvetica, serif;\"><span style=\"font-size: medium;\"><span lang=\"sl-SI\">Trougakos, 2022).<\/span><\/span><\/span><\/a><span style=\"font-family: Helvetica, serif;\"><span style=\"font-size: medium;\"><span lang=\"sl-SI\"> V krvi cepljene osebe je podobno \u0161tevilo S-proteinov, kot jih ima oseba s te\u017ekim potekom kovida in veliko ve\u010d kot oseba z blagim potekom, kjer oku\u017eba ostane v dihalih.<\/span><\/span><\/span><\/p>\n<\/div>\n<\/div><\/div><\/div><\/div><\/div><\/div><div id=\"pg-gb1925-69ef6bc992d2c-20\"  class=\"panel-grid panel-has-style\" ><div class=\"slikaintekst-boks panel-row-style panel-row-style-for-gb1925-69ef6bc992d2c-20\" ><div id=\"pgc-gb1925-69ef6bc992d2c-20-0\"  class=\"panel-grid-cell\" ><div id=\"panel-gb1925-69ef6bc992d2c-20-0-0\" class=\"so-panel widget widget_sow-editor panel-first-child panel-last-child\" data-index=\"30\" ><div class=\"panel-widget-style panel-widget-style-for-gb1925-69ef6bc992d2c-20-0-0\" ><div\n\t\t\t\n\t\t\tclass=\"so-widget-sow-editor so-widget-sow-editor-base\"\n\t\t\t\n\t\t>\n<div class=\"siteorigin-widget-tinymce textwidget\">\n\t<p align=\"center\"><span style=\"font-family: Helvetica, serif;\"><span style=\"font-size: medium;\"><span lang=\"sl-SI\"><b>S-protein po cepljenju z mRNK cepivi nastaja v telesu neznano dolgo, zato lahko sklepamo, da pride do visokih in toksi\u010dnih koncentracij S-proteina v tkivih (<a href=\"https:\/\/pubmed.ncbi.nlm.nih.gov\/36114089\/\">vir<\/a>: Cosentino, 2022), kot npr. pri pojavu akutnega miokarditisu po prejemu odmerka<\/b><\/span><\/span><\/span><span style=\"font-family: Helvetica, serif;\"><span style=\"font-size: medium;\"><span lang=\"sl-SI\"><strong> &#8216;cepiva<\/strong>&#8216; (<\/span><\/span><\/span><span style=\"color: #0070c0;\"><span style=\"font-family: Helvetica, serif;\"><span style=\"font-size: medium;\"><span lang=\"sl-SI\"><u><a href=\"https:\/\/pubmed.ncbi.nlm.nih.gov\/36597886\/\">vir<\/a>:<\/u><\/span><\/span><\/span><\/span> <span style=\"font-family: Helvetica, serif;\"><span style=\"font-size: medium;\"><span lang=\"sl-SI\">Yonker, 2023).<\/span><\/span><\/span><\/p>\n<\/div>\n<\/div><\/div><\/div><\/div><\/div><\/div><div id=\"pg-gb1925-69ef6bc992d2c-21\"  class=\"panel-grid panel-has-style\" ><div class=\"panel-row-style panel-row-style-for-gb1925-69ef6bc992d2c-21\" ><div id=\"pgc-gb1925-69ef6bc992d2c-21-0\"  class=\"panel-grid-cell\" ><div id=\"panel-gb1925-69ef6bc992d2c-21-0-0\" class=\"so-panel widget widget_sow-editor panel-first-child panel-last-child\" data-index=\"31\" ><div class=\"besedilo-strani panel-widget-style panel-widget-style-for-gb1925-69ef6bc992d2c-21-0-0\" ><div\n\t\t\t\n\t\t\tclass=\"so-widget-sow-editor so-widget-sow-editor-base\"\n\t\t\t\n\t\t>\n<div class=\"siteorigin-widget-tinymce textwidget\">\n\t<p><span style=\"font-family: Helvetica, serif;\"><span style=\"font-size: medium;\"><span lang=\"sl-SI\">Problematika toksi\u010dnosti S-proteina je manj akutna pri adenovirusnih vektorskih genskih &#8216;cepivih&#8217;, saj lahko protitelesa nevtralizirajo genetsko spremenjen adenovirus, <span style=\"font-weight: 400;\">ki je nosilec genskega zapisa za sintezo S-proteina<\/span><span style=\"font-weight: 400;\">.<\/span> Tega seveda ne gre razumeti kot odobritev vektorske tehnologije adenovirusov; tudi ta cepiva proti Covidu-19 so povzro\u010dila resne ne\u017eelene dogodke (predvsem krvne strdke), zaradi \u010desar so nekatere dr\u017eave prepovedale ali omejile njihovo uporabo.<\/span><\/span><\/span><\/p>\n<p align=\"justify\"><span style=\"color: #000000;\"><span style=\"font-family: Helvetica, serif;\"><span style=\"font-size: medium;\"><span lang=\"sl-SI\">Proizvajalci so mRNK v cepivu spremenili tako, da je bolj stabilna (modificirana RNA) in jo zapakirali v nanolipidno ovojnico. <span style=\"font-weight: 400;\">S tem so dosegli, da <\/span><span style=\"font-weight: 400;\">je prejemnik &#8216;<\/span><span style=\"font-weight: 400;\">cepiva&#8217;<\/span><span style=\"font-weight: 400;\"> dalj \u010dasa izpostavljen <\/span><span style=\"font-weight: 400;\">u\u010dinkom <\/span><span style=\"font-weight: 400;\">gensk<\/span><span style=\"font-weight: 400;\">e <\/span><span style=\"font-weight: 400;\">terapij<\/span><span style=\"font-weight: 400;\">e<\/span><span style=\"font-weight: 400;\">, ki neznano dolgo spodbuja <\/span><span style=\"font-weight: 400;\">sintezo<\/span>\u00a0toksi\u010dnega S-proteina v celicah. <\/span><\/span><\/span><\/span><span style=\"color: #000000;\"><span style=\"font-family: Helvetica, serif;\"><span style=\"font-size: medium;\"><span lang=\"sl-SI\"><b>Poleg avtoimunskega napada na celice tkiv in organov, ki sintetizirajo S-protein, lahko<\/b><\/span><\/span><\/span><\/span> <span style=\"color: #000000;\"><span style=\"font-family: Helvetica, serif;\"><span style=\"font-size: medium;\"><span lang=\"sl-SI\"><b>dolgotrajna prisotnost S-proteina s svojimi prionogenimi sekvencami spro\u017ei nevrodegenerativne bolezni, ki se bodo v ve\u010djem \u0161tevilu pojavljale \u0161ele v naslednjih nekaj letih.<\/b><\/span><\/span><\/span><\/span><span style=\"color: #000000;\"><span style=\"font-family: Helvetica, serif;\"><span style=\"font-size: medium;\"><span lang=\"sl-SI\"> Proizvajalec cepiv se s tem problemom ne ukvarja. B<\/span><\/span><\/span><\/span><span style=\"color: #000000;\"><span style=\"font-family: Helvetica, serif;\"><span style=\"font-size: medium;\"><span lang=\"sl-SI\">rez resnih dokazov trdijo, da so genska &#8216;cepiva&#8217; varna.<\/span><\/span><\/span><\/span><\/p>\n<\/div>\n<\/div><\/div><\/div><\/div><\/div><\/div><div id=\"pg-gb1925-69ef6bc992d2c-22\"  class=\"panel-grid panel-has-style\" ><div class=\"panel-row-style panel-row-style-for-gb1925-69ef6bc992d2c-22\" ><div id=\"pgc-gb1925-69ef6bc992d2c-22-0\"  class=\"panel-grid-cell\" ><div id=\"panel-gb1925-69ef6bc992d2c-22-0-0\" class=\"so-panel widget widget_sow-editor panel-first-child panel-last-child\" data-index=\"32\" ><div class=\"besedilo-strani panel-widget-style panel-widget-style-for-gb1925-69ef6bc992d2c-22-0-0\" ><div\n\t\t\t\n\t\t\tclass=\"so-widget-sow-editor so-widget-sow-editor-base\"\n\t\t\t\n\t\t>\n<div class=\"siteorigin-widget-tinymce textwidget\">\n\t<h3><span lang=\"sl-SI\">Neodvisne histopatolo\u0161ke preiskave<\/span><\/h3>\n<p><span style=\"font-family: Helvetica, serif;\"><span style=\"font-size: medium;\"><span lang=\"sl-SI\">Temeljni mehanizem po\u0161kodb s &#8216;cepivi&#8217; proti covidu-19 je splo\u0161en: beljakovina bodice (S-protein) lahko spodbuja strjevanje krvi in vnetje. Vendar dokazi ka\u017eejo, da hudo, raz\u0161irjeno in trajno po\u0161kodbo tkiv in krvnih \u017eil ve\u010dinoma povzro\u010da imunski napad na celice, ki proizvajajo beljakovine bodice.<\/span><\/span><\/span><\/p>\n<\/div>\n<\/div><\/div><\/div><\/div><\/div><\/div><div id=\"pg-gb1925-69ef6bc992d2c-23\"  class=\"panel-grid panel-has-style\" ><div class=\"slikaintekst-boks3 panel-row-style panel-row-style-for-gb1925-69ef6bc992d2c-23\" ><div id=\"pgc-gb1925-69ef6bc992d2c-23-0\"  class=\"panel-grid-cell\" ><div id=\"panel-gb1925-69ef6bc992d2c-23-0-0\" class=\"so-panel widget widget_sow-image panel-first-child panel-last-child\" data-index=\"33\" ><div\n\t\t\t\n\t\t\tclass=\"so-widget-sow-image so-widget-sow-image-default-8b5b6f678277-1925\"\n\t\t\t\n\t\t>\n<div class=\"sow-image-container\">\n\t\t<img \n\tsrc=\"https:\/\/odgovoren-za-zdravje.si\/wp-content\/uploads\/2023\/09\/Obdukcija.png\" width=\"1000\" height=\"700\" srcset=\"https:\/\/odgovoren-za-zdravje.si\/wp-content\/uploads\/2023\/09\/Obdukcija.png 1000w, https:\/\/odgovoren-za-zdravje.si\/wp-content\/uploads\/2023\/09\/Obdukcija-300x210.png 300w, https:\/\/odgovoren-za-zdravje.si\/wp-content\/uploads\/2023\/09\/Obdukcija-768x538.png 768w\" sizes=\"(max-width: 1000px) 100vw, 1000px\" alt=\"\" \t\tclass=\"so-widget-image\"\/>\n\t<\/div>\n\n<\/div><\/div><\/div><div id=\"pgc-gb1925-69ef6bc992d2c-23-1\"  class=\"panel-grid-cell\" ><div id=\"panel-gb1925-69ef6bc992d2c-23-1-0\" class=\"so-panel widget widget_sow-editor panel-first-child panel-last-child\" data-index=\"34\" ><div\n\t\t\t\n\t\t\tclass=\"so-widget-sow-editor so-widget-sow-editor-base\"\n\t\t\t\n\t\t>\n<div class=\"siteorigin-widget-tinymce textwidget\">\n\t<p align=\"left\"><span style=\"font-family: Times New Roman, serif;\"><span style=\"font-size: small;\"><span style=\"font-family: Helvetica, serif;\"><span style=\"font-size: medium;\"><span lang=\"sl-SI\"><b>Edini na\u010din, kako lahko zagotovo trdimo, da gre za resno po\u0161kodbo po cepljenju proti Covidu-19 ali ne, so histopatolo\u0161ke raziskave tkiv po obdukciji, ki lahko prepoznajo, ali S-protein izvira iz cepiva ali iz virusa. <\/b><\/span><\/span><\/span><span style=\"font-family: Helvetica, serif;\"><span style=\"font-size: medium;\"><span lang=\"sl-SI\">S tem se izognemo posplo\u0161evanju, da so za posledice krive ali oku\u017eba z virusom ali druge bolezni.<\/span><\/span><\/span><\/span><\/span><\/p>\n<\/div>\n<\/div><\/div><\/div><\/div><\/div><div id=\"pg-gb1925-69ef6bc992d2c-24\"  class=\"panel-grid panel-has-style\" ><div class=\"slikaintekst-boks panel-row-style panel-row-style-for-gb1925-69ef6bc992d2c-24\" ><div id=\"pgc-gb1925-69ef6bc992d2c-24-0\"  class=\"panel-grid-cell\" ><div id=\"panel-gb1925-69ef6bc992d2c-24-0-0\" class=\"so-panel widget widget_sow-editor panel-first-child panel-last-child\" data-index=\"35\" ><div class=\"panel-widget-style panel-widget-style-for-gb1925-69ef6bc992d2c-24-0-0\" ><div\n\t\t\t\n\t\t\tclass=\"so-widget-sow-editor so-widget-sow-editor-base\"\n\t\t\t\n\t\t>\n<div class=\"siteorigin-widget-tinymce textwidget\">\n\t<p align=\"center\"><span style=\"font-family: Helvetica, serif;\"><span style=\"font-size: medium;\"><span lang=\"sl-SI\"><b>Ustrezno opravljene obdukcije bi lahko odgovorile na vpra\u0161anje, ali so nenadne in nepri\u010dakovane smrti, nenadne bolezni in poslab\u0161anje zdravja posledica uporabe genskih &#8216;cepiv&#8217;.<\/b><\/span><\/span><\/span><\/p>\n<\/div>\n<\/div><\/div><\/div><\/div><\/div><\/div><div id=\"pg-gb1925-69ef6bc992d2c-25\"  class=\"panel-grid panel-has-style\" ><div class=\"slikaintekst-boks3 panel-row-style panel-row-style-for-gb1925-69ef6bc992d2c-25\" ><div id=\"pgc-gb1925-69ef6bc992d2c-25-0\"  class=\"panel-grid-cell\" ><div id=\"panel-gb1925-69ef6bc992d2c-25-0-0\" class=\"so-panel widget widget_sow-editor panel-first-child panel-last-child\" data-index=\"36\" ><div\n\t\t\t\n\t\t\tclass=\"so-widget-sow-editor so-widget-sow-editor-base\"\n\t\t\t\n\t\t>\n<div class=\"siteorigin-widget-tinymce textwidget\">\n\t<p align=\"left\"><span style=\"font-family: Times New Roman, serif;\"><span style=\"font-size: small;\"><span style=\"font-family: Helvetica, serif;\"><span style=\"font-size: medium;\"><span lang=\"sl-SI\"><span style=\"font-weight: 400;\">S-protein, ki ga kodira mRNK <\/span><span style=\"font-weight: 400;\">\u00bb<\/span><span style=\"font-weight: 400;\">cepivo<\/span><span style=\"font-weight: 400;\">\u00ab<\/span><span style=\"font-weight: 400;\">, in S-protein, ki <\/span><span style=\"font-weight: 400;\">nastane <\/span><span style=\"font-weight: 400;\">z <\/span><span style=\"font-weight: 400;\">razmno\u017eevanjem <\/span><span style=\"font-weight: 400;\">virus<\/span><span style=\"font-weight: 400;\">a<\/span><span style=\"font-weight: 400;\">, nista identi\u010dna, zato z metodo kontrastnega barv<\/span><span style=\"font-weight: 400;\">anja<\/span><span style=\"font-weight: 400;\"> patologi <\/span><span style=\"font-weight: 400;\">lahko <\/span><span style=\"font-weight: 400;\">ugotovijo, ali S-protein v tkivih <\/span><span style=\"font-weight: 400;\">izvira iz <\/span><span style=\"font-weight: 400;\">cepiva ali virusa. Pionir na tem podro\u010dju, pokojni nem\u0161ki prof. Arne Burkhardt, je ugotovil, da napad imunskih celic ubijalk na celice, ki <\/span><span style=\"font-weight: 400;\">sintetizirajo <\/span><span style=\"font-weight: 400;\">S-protein, <\/span><span style=\"font-weight: 400;\">lahko <\/span><span style=\"font-weight: 400;\">povzro\u010di <\/span><b>nepopravljivo \u0161kodo na vitalnih organih, <\/b><b>ter posledi\u010dno <\/b><b>nenadno bolezen in smrt.<\/b> Ugotovitve svojih raziskav je predstavil na 3. mednarodnem vrhu o kovidu v Evropskem parlamentu (<\/span><\/span><\/span><a href=\"https:\/\/rumble.com\/v358mwa-pokodbe-po-cepljenju-proti-covid-19-drugo-mnenje-prof.-dr.-med.-arne-burkha.html\"><span style=\"color: #0000cc;\"><span style=\"font-family: Helvetica, serif;\"><span style=\"font-size: medium;\"><span lang=\"sl-SI\"><u>glej posnetek<\/u><\/span><\/span><\/span><\/span><\/a><span style=\"font-family: Helvetica, serif;\"><span style=\"font-size: medium;\"><span lang=\"sl-SI\"> Po\u0161kodbe po cepljenju proti covidu-19).<\/span><\/span><\/span><\/span><\/span><\/p>\n<p align=\"left\"><span style=\"font-family: Helvetica, serif;\"><span style=\"font-size: medium;\"><span lang=\"sl-SI\"><span style=\"font-weight: 400;\">Na enak na\u010din je z metodo kontrastnega barvanja vzorcev tkiv patolog Ryan Cole dokazal, da <\/span><b>so \u0161tevilni primeri <\/b><b>\u00bbturbo raka\u00ab (izjemno hitro rasto\u010d in agresiven)<\/b><b>, ki je v <\/b><b>izrazitem <\/b><b>porastu <\/b><b>od za\u010detka uporabe kovid &#8216;cepiv<\/b><b>, posledic<\/b><b>e<\/b><b> po\u0161kodbe po cepljenju<\/b> (<\/span><\/span><\/span><a href=\"https:\/\/rumble.com\/v358lte-cepiva-proti-kovidu19-in-rak-drugo-mnenje-dr.-ryan-cole-3.5.2023.html\"><span style=\"color: #0000cc;\"><span style=\"font-family: Helvetica, serif;\"><span style=\"font-size: medium;\"><span lang=\"sl-SI\"><u>glej posnetek<\/u><\/span><\/span><\/span><\/span><\/a><span style=\"color: #0000cc;\"><span style=\"font-family: Helvetica, serif;\"><span style=\"font-size: medium;\"><span lang=\"sl-SI\"><u>:<\/u><\/span><\/span><\/span><\/span><span style=\"font-family: Helvetica, serif;\"><span style=\"font-size: medium;\"><span lang=\"sl-SI\"> Cepiva proti kovidu in rak)<\/span><\/span><\/span><\/p>\n<\/div>\n<\/div><\/div><\/div><div id=\"pgc-gb1925-69ef6bc992d2c-25-1\"  class=\"panel-grid-cell\" ><div id=\"panel-gb1925-69ef6bc992d2c-25-1-0\" class=\"so-panel widget widget_sow-image panel-first-child\" data-index=\"37\" ><div\n\t\t\t\n\t\t\tclass=\"so-widget-sow-image so-widget-sow-image-default-8b5b6f678277-1925\"\n\t\t\t\n\t\t>\n<div class=\"sow-image-container\">\n\t\t<img \n\tsrc=\"https:\/\/odgovoren-za-zdravje.si\/wp-content\/uploads\/2023\/09\/21512.jpg\" width=\"783\" height=\"470\" srcset=\"https:\/\/odgovoren-za-zdravje.si\/wp-content\/uploads\/2023\/09\/21512.jpg 783w, https:\/\/odgovoren-za-zdravje.si\/wp-content\/uploads\/2023\/09\/21512-300x180.jpg 300w, https:\/\/odgovoren-za-zdravje.si\/wp-content\/uploads\/2023\/09\/21512-768x461.jpg 768w\" sizes=\"(max-width: 783px) 100vw, 783px\" alt=\"\" \t\tclass=\"so-widget-image\"\/>\n\t<\/div>\n\n<\/div><\/div><div id=\"panel-gb1925-69ef6bc992d2c-25-1-1\" class=\"so-panel widget widget_sow-editor panel-last-child\" data-index=\"38\" ><div class=\"whiteBGtekst panel-widget-style panel-widget-style-for-gb1925-69ef6bc992d2c-25-1-1\" ><div\n\t\t\t\n\t\t\tclass=\"so-widget-sow-editor so-widget-sow-editor-base\"\n\t\t\t\n\t\t>\n<div class=\"siteorigin-widget-tinymce textwidget\">\n\t<p align=\"center\"><span style=\"color: #000000;\"><span style=\"font-family: Helvetica, serif;\"><span lang=\"sl-SI\">Slika: Izra\u017eanje S-proteina v kapilarah, manj\u0161ih arterijah in venah (primer 25). prof. Arne Burkhardt<\/span><\/span><\/span><\/p>\n<\/div>\n<\/div><\/div><\/div><\/div><\/div><\/div><div id=\"pg-gb1925-69ef6bc992d2c-26\"  class=\"panel-grid panel-has-style\" ><div class=\"panel-row-style panel-row-style-for-gb1925-69ef6bc992d2c-26\" ><div id=\"pgc-gb1925-69ef6bc992d2c-26-0\"  class=\"panel-grid-cell\" ><div id=\"panel-gb1925-69ef6bc992d2c-26-0-0\" class=\"so-panel widget widget_sow-editor panel-first-child panel-last-child\" data-index=\"39\" ><div class=\"besedilo-strani panel-widget-style panel-widget-style-for-gb1925-69ef6bc992d2c-26-0-0\" ><div\n\t\t\t\n\t\t\tclass=\"so-widget-sow-editor so-widget-sow-editor-base\"\n\t\t\t\n\t\t>\n<div class=\"siteorigin-widget-tinymce textwidget\">\n\t<h3><span lang=\"sl-SI\">Genotoksi\u010dnost mRNK cepiv<\/span><\/h3>\n<p align=\"justify\"><span style=\"font-family: Helvetica, serif;\"><span style=\"font-size: medium;\"><span lang=\"sl-SI\">Tehnologija novih cepiv je zelo zapletena in tehnolo\u0161ko dovr\u0161ena, vseeno pa se lahko v mno\u017ei\u010dni proizvodnji pojavijo odstopanja kakovosti. <b>Evropska agencija za zdravila je opomnila podjetji Pfizer in Moderna, da uporabljata nezanesljive metode odstranjevanja plazmidne DNK ob zaklju\u010dku proizvodnje, ne da bi jima nalo\u017eila, da to popravita, pa\u010d pa jima je vseeno izdala dovoljenje za redni promet <\/b><\/span><\/span><\/span><span style=\"font-family: Helvetica, serif;\"><span style=\"font-size: medium;\"><span lang=\"sl-SI\">(<\/span><\/span><\/span><a href=\"https:\/\/doctors4covidethics.org\/mrna-vaccine-toxicity\/\"><span style=\"color: #0000cc;\"><span style=\"font-family: Helvetica, serif;\"><span style=\"font-size: medium;\"><span lang=\"sl-SI\"><u>vir<\/u><\/span><\/span><\/span><\/span><\/a><span style=\"font-family: Helvetica, serif;\"><span style=\"font-size: medium;\"><span lang=\"sl-SI\">: mRNA vaccine toxicity, str. 58, 60). <span style=\"font-weight: 400;\">\u017de majhna kontaminacija s plazmidno DNK, ki <\/span><span style=\"font-weight: 400;\">nastane <\/span><span style=\"font-weight: 400;\">v postopku proizvodnje mRNK &#8216;<\/span><span style=\"font-weight: 400;\">cepiva&#8217;<\/span><span style=\"font-weight: 400;\">, lahko pomeni veliko tveganje za prejemnika <\/span><span style=\"font-weight: 400;\">teh<\/span><span style=\"font-weight: 400;\">, saj se lahko <\/span><span style=\"font-weight: 400;\">vgradi <\/span><span style=\"font-weight: 400;\">v njegov genom.<\/span><\/span><\/span><\/span><\/p>\n<p align=\"justify\"><span style=\"font-family: Helvetica, serif;\"><span style=\"font-size: medium;\"><span lang=\"sl-SI\"><span style=\"font-weight: 400;\">Druga te\u017eava so drobci RNK v &#8216;<\/span><span style=\"font-weight: 400;\">cepivu&#8217;<\/span><span style=\"font-weight: 400;\">. Klju\u010dni problem za proizvajalce cepiva je stabilizacija hitro razgradljive mRNK. \u017de manj\u0161a razgradnja kjerkoli vzdol\u017e verige lahko upo\u010dasni ali prekine pravilno prepisovanje <\/span><span style=\"font-weight: 400;\">(kodiranje) <\/span><span style=\"font-weight: 400;\">in povzro\u010di <\/span><span style=\"font-weight: 400;\">sintezo <\/span><span style=\"font-weight: 400;\">ciljnega antigena <\/span><span style=\"font-weight: 400;\">nepravilne strukture<\/span> (<\/span><\/span><\/span><a href=\"https:\/\/doctors4covidethics.org\/mrna-vaccine-toxicity\/\"><span style=\"color: #0000cc;\"><span style=\"font-family: Helvetica, serif;\"><span style=\"font-size: medium;\"><span lang=\"sl-SI\"><u>vir<\/u><\/span><\/span><\/span><\/span><\/a><span style=\"font-family: Helvetica, serif;\"><span style=\"font-size: medium;\"><span lang=\"sl-SI\">: Crommelin, 2021). To pomeni, da ne moremo z gotovostjo vedeti, kak\u0161no beljakovino proizvaja razdrobljena RNK.<\/span><\/span><\/span><\/p>\n<\/div>\n<\/div><\/div><\/div><\/div><\/div><\/div><div id=\"pg-gb1925-69ef6bc992d2c-27\"  class=\"panel-grid panel-has-style\" ><div class=\"slikaintekst-boks3 panel-row-style panel-row-style-for-gb1925-69ef6bc992d2c-27\" ><div id=\"pgc-gb1925-69ef6bc992d2c-27-0\"  class=\"panel-grid-cell\" ><div id=\"panel-gb1925-69ef6bc992d2c-27-0-0\" class=\"so-panel widget widget_sow-image panel-first-child panel-last-child\" data-index=\"40\" ><div\n\t\t\t\n\t\t\tclass=\"so-widget-sow-image so-widget-sow-image-default-8b5b6f678277-1925\"\n\t\t\t\n\t\t>\n<div class=\"sow-image-container\">\n\t\t<img \n\tsrc=\"https:\/\/odgovoren-za-zdravje.si\/wp-content\/uploads\/2023\/09\/2135235.png\" width=\"2560\" height=\"1600\" srcset=\"https:\/\/odgovoren-za-zdravje.si\/wp-content\/uploads\/2023\/09\/2135235.png 2560w, https:\/\/odgovoren-za-zdravje.si\/wp-content\/uploads\/2023\/09\/2135235-300x188.png 300w, https:\/\/odgovoren-za-zdravje.si\/wp-content\/uploads\/2023\/09\/2135235-1024x640.png 1024w, https:\/\/odgovoren-za-zdravje.si\/wp-content\/uploads\/2023\/09\/2135235-768x480.png 768w, https:\/\/odgovoren-za-zdravje.si\/wp-content\/uploads\/2023\/09\/2135235-1536x960.png 1536w, https:\/\/odgovoren-za-zdravje.si\/wp-content\/uploads\/2023\/09\/2135235-2048x1280.png 2048w\" sizes=\"(max-width: 2560px) 100vw, 2560px\" alt=\"\" \t\tclass=\"so-widget-image\"\/>\n\t<\/div>\n\n<\/div><\/div><\/div><div id=\"pgc-gb1925-69ef6bc992d2c-27-1\"  class=\"panel-grid-cell\" ><div id=\"panel-gb1925-69ef6bc992d2c-27-1-0\" class=\"so-panel widget widget_sow-editor panel-first-child panel-last-child\" data-index=\"41\" ><div class=\"slikaintekst-boks4 panel-widget-style panel-widget-style-for-gb1925-69ef6bc992d2c-27-1-0\" ><div\n\t\t\t\n\t\t\tclass=\"so-widget-sow-editor so-widget-sow-editor-base\"\n\t\t\t\n\t\t>\n<div class=\"siteorigin-widget-tinymce textwidget\">\n\t<p align=\"center\"><span style=\"font-family: Helvetica, serif;\"><span style=\"font-size: medium;\"><span lang=\"sl-SI\"><b>Do danes ni jasno, kak\u0161ne so v resnici posledice \u00a0vgradnje genetske sekvence iz &#8216;cepiva&#8217; v \u010dlove\u0161ki genom.<span style=\"font-weight: 400;\">\u00a0<\/span><\/b><\/span><\/span><\/span><\/p>\n<\/div>\n<\/div><\/div><\/div><\/div><\/div><\/div><div id=\"pg-gb1925-69ef6bc992d2c-28\"  class=\"panel-grid panel-has-style\" ><div class=\"panel-row-style panel-row-style-for-gb1925-69ef6bc992d2c-28\" ><div id=\"pgc-gb1925-69ef6bc992d2c-28-0\"  class=\"panel-grid-cell\" ><div id=\"panel-gb1925-69ef6bc992d2c-28-0-0\" class=\"so-panel widget widget_sow-editor panel-first-child panel-last-child\" data-index=\"42\" ><div class=\"besedilo-strani panel-widget-style panel-widget-style-for-gb1925-69ef6bc992d2c-28-0-0\" ><div\n\t\t\t\n\t\t\tclass=\"so-widget-sow-editor so-widget-sow-editor-base\"\n\t\t\t\n\t\t>\n<div class=\"siteorigin-widget-tinymce textwidget\">\n\t<p><span style=\"font-family: Helvetica, serif;\"><span style=\"font-size: medium;\"><span lang=\"sl-SI\">Ugotovitve \u0161tudije (<\/span><\/span><\/span><a href=\"https:\/\/pubmed.ncbi.nlm.nih.gov\/35723296\/\"><span style=\"color: #0000cc;\"><span style=\"font-family: Helvetica, serif;\"><span style=\"font-size: medium;\"><span lang=\"sl-SI\"><u>vir<\/u><\/span><\/span><\/span><\/span><\/a><span style=\"font-family: Helvetica, serif;\"><span style=\"font-size: medium;\"><span lang=\"sl-SI\">), izvedene na laboratorijskih \u017eivalih, da se mRNK iz cepiva Pfizer-BioNTech, <\/span><\/span><\/span><span style=\"font-family: Helvetica, serif;\"><span style=\"font-size: medium;\"><span lang=\"sl-SI\"><b>\u017ee v \u0161estih urah po prejemu odmerka, v celicah jeter vgradi v <\/b><\/span><\/span><\/span><span style=\"color: #000000;\"><span style=\"font-family: Helvetica, serif;\"><span style=\"font-size: medium;\"><span lang=\"sl-SI\"><b>\u017eivalsko <\/b><\/span><\/span><\/span><\/span><span style=\"font-family: Helvetica, serif;\"><span style=\"font-size: medium;\"><span lang=\"sl-SI\"><b>DNK,<\/b><\/span><\/span><\/span><span style=\"font-family: Helvetica, serif;\"><span style=\"font-size: medium;\"><span lang=\"sl-SI\"> so zaskrbljujo\u010de. Namesto resnih varnostnih \u0161tudij, nam pristojni zagotavljajo, da so cepiva proti Covidu-19 varna.<\/span><\/span><\/span><\/p>\n<p>&nbsp;<\/p>\n<h3><span lang=\"sl-SI\">Nose\u010dnost in &#8216;cepiva&#8217; proti Covidu-19<\/span><\/h3>\n<\/div>\n<\/div><\/div><\/div><\/div><\/div><\/div><div id=\"pg-gb1925-69ef6bc992d2c-29\"  class=\"panel-grid panel-has-style\" ><div class=\"slikaintekst-boks3 panel-row-style panel-row-style-for-gb1925-69ef6bc992d2c-29\" ><div id=\"pgc-gb1925-69ef6bc992d2c-29-0\"  class=\"panel-grid-cell\" ><div id=\"panel-gb1925-69ef6bc992d2c-29-0-0\" class=\"so-panel widget widget_sow-image panel-first-child panel-last-child\" data-index=\"43\" ><div\n\t\t\t\n\t\t\tclass=\"so-widget-sow-image so-widget-sow-image-default-8b5b6f678277-1925\"\n\t\t\t\n\t\t>\n<div class=\"sow-image-container\">\n\t\t<img \n\tsrc=\"https:\/\/odgovoren-za-zdravje.si\/wp-content\/uploads\/2023\/09\/Nosecnica-e1695726192591.png\" width=\"997\" height=\"405\" srcset=\"https:\/\/odgovoren-za-zdravje.si\/wp-content\/uploads\/2023\/09\/Nosecnica-e1695726192591.png 997w, https:\/\/odgovoren-za-zdravje.si\/wp-content\/uploads\/2023\/09\/Nosecnica-e1695726192591-300x122.png 300w, https:\/\/odgovoren-za-zdravje.si\/wp-content\/uploads\/2023\/09\/Nosecnica-e1695726192591-768x312.png 768w\" sizes=\"(max-width: 997px) 100vw, 997px\" title=\"Nosec\u030cnica\" alt=\"\" \t\tclass=\"so-widget-image\"\/>\n\t<\/div>\n\n<\/div><\/div><\/div><div id=\"pgc-gb1925-69ef6bc992d2c-29-1\"  class=\"panel-grid-cell\" ><div id=\"panel-gb1925-69ef6bc992d2c-29-1-0\" class=\"so-panel widget widget_sow-editor panel-first-child panel-last-child\" data-index=\"44\" ><div class=\"slikaintekst-boks4 panel-widget-style panel-widget-style-for-gb1925-69ef6bc992d2c-29-1-0\" ><div\n\t\t\t\n\t\t\tclass=\"so-widget-sow-editor so-widget-sow-editor-base\"\n\t\t\t\n\t\t>\n<div class=\"siteorigin-widget-tinymce textwidget\">\n\t<p align=\"center\"><span style=\"font-family: Helvetica, serif;\"><span style=\"font-size: medium;\"><span lang=\"sl-SI\"><b>Za uporabo &#8216;cepiv&#8217; proti Covidu-19 med nose\u010dnostjo ni na voljo klini\u010dnih podatkov, saj so bile nose\u010dnice izklju\u010dene iz sodelovanja v klini\u010dnih \u0161tudijah.<\/b><\/span><\/span><\/span><\/p>\n<\/div>\n<\/div><\/div><\/div><\/div><\/div><\/div><div id=\"pg-gb1925-69ef6bc992d2c-30\"  class=\"panel-grid panel-has-style\" ><div class=\"slikaintekst-boks3 panel-row-style panel-row-style-for-gb1925-69ef6bc992d2c-30\" ><div id=\"pgc-gb1925-69ef6bc992d2c-30-0\"  class=\"panel-grid-cell\" ><div id=\"panel-gb1925-69ef6bc992d2c-30-0-0\" class=\"so-panel widget widget_sow-editor panel-first-child panel-last-child\" data-index=\"45\" ><div class=\"panel-widget-style panel-widget-style-for-gb1925-69ef6bc992d2c-30-0-0\" ><div\n\t\t\t\n\t\t\tclass=\"so-widget-sow-editor so-widget-sow-editor-base\"\n\t\t\t\n\t\t>\n<div class=\"siteorigin-widget-tinymce textwidget\">\n\t<p><span style=\"color: #000000;\"><span style=\"font-family: Helvetica, serif;\"><span style=\"font-size: medium;\"><span lang=\"sl-SI\">Februarja <\/span><\/span><\/span><\/span><span style=\"color: #000000;\"><span style=\"font-family: Helvetica, serif;\"><span style=\"font-size: medium;\"><span lang=\"sl-SI\">2021, ko je ameri\u0161ki CDC brez kakr\u0161nih koli dokazov o varnosti odobril &#8216;cepivo&#8217; mRNA za nose\u010dnice in dojen\u010dke, starej\u0161e od 6 mesecev, je dru\u017eba Pfizer nenadoma ustavila randomizirano preiskavo na nose\u010dnicah. \u0160tudija je bila sprva predvidena za vklju\u010ditev 4000 \u017eensk, vendar se je Pfizerju prijavilo le 349 nose\u010dnic, nato pa so nabor preizku\u0161ank popolnoma ustavili. Proizvajalec cepiva \u0161e ni razkril podatkov o svoji \u0161tudiji.&#8221; (<\/span><\/span><\/span><\/span><a href=\"https:\/\/childrenshealthdefense.org\/defender\/pfizer-covid-vaccine-clinical-trials-pregnant-women-cola\/?utm_source=luminate&amp;utm_medium=email&amp;utm_campaign=defender-wk&amp;utm_id=20230716\"><span style=\"color: #0070c0;\"><span style=\"font-family: Helvetica, serif;\"><span style=\"font-size: medium;\"><span lang=\"sl-SI\"><u>vir<\/u><\/span><\/span><\/span><\/span><\/a><span style=\"color: #0070c0;\"><span style=\"font-family: Helvetica, serif;\"><span style=\"font-size: medium;\"><span lang=\"sl-SI\"><u>:<\/u><\/span><\/span><\/span><\/span> <span style=\"color: #000000;\"><span style=\"font-family: Helvetica, serif;\"><span style=\"font-size: medium;\"><span lang=\"sl-SI\">CHD)<\/span><\/span><\/span><\/span><\/p>\n<p>&nbsp;<\/p>\n<p align=\"left\"><span style=\"font-family: Times New Roman, serif;\"><span style=\"font-size: small;\"><span style=\"color: #000000;\"><span style=\"font-family: Helvetica, serif;\"><span style=\"font-size: medium;\"><span lang=\"sl-SI\">Nekatere \u0161tudije vpliva mRNK cepiv za covid-19 pri nose\u010dnicah se bodo kon\u010dale v prihodnosti, to je 30. 5. 2024 (\u0161tudija NCT04765384) in 31. 12. 2026 (\u0161tudija NCT04705116), medtem pa <\/span><\/span><\/span><\/span><span style=\"color: #000000;\"><span style=\"font-family: Helvetica, serif;\"><span style=\"font-size: medium;\"><span lang=\"sl-SI\"><b>demografski podatki statisti\u010dnega urada RS za prvo polovico leta 2022 ka\u017eejo 225-odstotno pove\u010danje mrtvorojenih otrok po za\u010detku cepljenja nose\u010dnic s cepivi proti covidu-19. <\/b><\/span><\/span><\/span><\/span><\/span><\/span><\/p>\n<\/div>\n<\/div><\/div><\/div><\/div><div id=\"pgc-gb1925-69ef6bc992d2c-30-1\"  class=\"panel-grid-cell\" ><div id=\"panel-gb1925-69ef6bc992d2c-30-1-0\" class=\"so-panel widget widget_sow-image panel-first-child panel-last-child\" data-index=\"46\" ><div\n\t\t\t\n\t\t\tclass=\"so-widget-sow-image so-widget-sow-image-default-a258e6bfa2d8-1925\"\n\t\t\t\n\t\t>\n<div class=\"sow-image-container\">\n\t\t<img \n\tsrc=\"https:\/\/odgovoren-za-zdravje.si\/wp-content\/uploads\/2023\/09\/251251.png\" width=\"343\" height=\"470\" srcset=\"https:\/\/odgovoren-za-zdravje.si\/wp-content\/uploads\/2023\/09\/251251.png 343w, https:\/\/odgovoren-za-zdravje.si\/wp-content\/uploads\/2023\/09\/251251-219x300.png 219w\" sizes=\"(max-width: 343px) 100vw, 343px\" alt=\"\" \t\tclass=\"so-widget-image\"\/>\n\t<\/div>\n\n<\/div><\/div><\/div><\/div><\/div><div id=\"pg-gb1925-69ef6bc992d2c-31\"  class=\"panel-grid panel-has-style\" ><div class=\"so-rounded panel-row-style panel-row-style-for-gb1925-69ef6bc992d2c-31\" ><div id=\"pgc-gb1925-69ef6bc992d2c-31-0\"  class=\"panel-grid-cell\" ><div id=\"panel-gb1925-69ef6bc992d2c-31-0-0\" class=\"so-panel widget widget_sow-image panel-first-child panel-last-child\" data-index=\"47\" ><div\n\t\t\t\n\t\t\tclass=\"so-widget-sow-image so-widget-sow-image-default-8b5b6f678277-1925\"\n\t\t\t\n\t\t>\n<div class=\"sow-image-container\">\n\t\t<img \n\tsrc=\"https:\/\/odgovoren-za-zdravje.si\/wp-content\/uploads\/2024\/01\/Pricanja-spregovori-slika-3.png\" width=\"963\" height=\"597\" srcset=\"https:\/\/odgovoren-za-zdravje.si\/wp-content\/uploads\/2024\/01\/Pricanja-spregovori-slika-3.png 963w, https:\/\/odgovoren-za-zdravje.si\/wp-content\/uploads\/2024\/01\/Pricanja-spregovori-slika-3-300x186.png 300w, https:\/\/odgovoren-za-zdravje.si\/wp-content\/uploads\/2024\/01\/Pricanja-spregovori-slika-3-768x476.png 768w\" sizes=\"(max-width: 963px) 100vw, 963px\" alt=\"\" \t\tclass=\"so-widget-image\"\/>\n\t<\/div>\n\n<\/div><\/div><\/div><div id=\"pgc-gb1925-69ef6bc992d2c-31-1\"  class=\"panel-grid-cell\" ><div id=\"panel-gb1925-69ef6bc992d2c-31-1-0\" class=\"so-panel widget widget_sow-editor panel-first-child\" data-index=\"48\" ><div\n\t\t\t\n\t\t\tclass=\"so-widget-sow-editor so-widget-sow-editor-base\"\n\t\t\t\n\t\t>\n<div class=\"siteorigin-widget-tinymce textwidget\">\n\t<h4>NE BODI TIHO, POVEJ SVOJO ZGODBO TUDI TI!<\/h4>\n<p>\u010ce se je vam ali va\u0161im bli\u017enjim zdravje po cepljenju proti C-19 poslab\u0161alo in ste prepri\u010dani ali sumite, da je prejeto &#8216;cepivo&#8217; (deloma) vzrok za va\u0161e te\u017eave, nam sporo\u010dite. \u010ce boste izrecno dovolili, bomo va\u0161o zgodbo (anonimno) objavili na strani s <a href=\"https:\/\/odgovoren-za-zdravje.si\/pricanja\">Pri\u010danji<\/a>.<\/p>\n<\/div>\n<\/div><\/div><div id=\"panel-gb1925-69ef6bc992d2c-31-1-1\" class=\"so-panel widget widget_sow-button panel-last-child\" data-index=\"49\" ><div\n\t\t\t\n\t\t\tclass=\"so-widget-sow-button so-widget-sow-button-atom-8394d2347c08-1925\"\n\t\t\t\n\t\t><div class=\"ow-button-base ow-button-align-left\"\n>\n\t\t\t<a\n\t\t\t\t\thref=\"https:\/\/odgovoren-za-zdravje.si\/vprasalnik-cepljenje\/\"\n\t\t\t\t\tclass=\"sowb-button ow-icon-placement-left ow-button-hover\" \t>\n\t\t<span>\n\t\t\t\n\t\t\tVpra\u0161alnik o te\u017eavah po cepljenju proti C-19\t\t<\/span>\n\t\t\t<\/a>\n\t<\/div>\n<\/div><\/div><\/div><\/div><\/div><div id=\"pg-gb1925-69ef6bc992d2c-32\"  class=\"panel-grid panel-has-style\" ><div class=\"hiperlink-mini panel-row-style panel-row-style-for-gb1925-69ef6bc992d2c-32\" ><div id=\"pgc-gb1925-69ef6bc992d2c-32-0\"  class=\"panel-grid-cell\" ><div id=\"panel-gb1925-69ef6bc992d2c-32-0-0\" class=\"so-panel widget widget_sow-editor panel-first-child panel-last-child\" data-index=\"50\" ><div\n\t\t\t\n\t\t\tclass=\"so-widget-sow-editor so-widget-sow-editor-base\"\n\t\t\t\n\t\t>\n<div class=\"siteorigin-widget-tinymce textwidget\">\n\t<p style=\"text-align: left;\" align=\"center\"><span style=\"font-family: Times New Roman, serif;\"><span style=\"font-size: small;\"><span style=\"font-family: Helvetica, serif;\"><span style=\"font-size: medium;\"><span lang=\"sl-SI\"><b>\u21d2 Naslednji prispevek: <\/b><\/span><\/span><\/span><a href=\"https:\/\/odgovoren-za-zdravje.si\/nezeleni-ucinki-po-cepljenju\/\"><span style=\"font-family: Helvetica, serif;\"><span style=\"font-size: medium;\"><span lang=\"sl-SI\"><u><b>Ne\u017eeleni u\u010dinki, zdravstvene te\u017eave in po\u0161kodbe po cepljenju<\/b><\/u><\/span><\/span><\/span><\/a><span style=\"font-family: Helvetica, serif;\"><span style=\"font-size: medium;\"><span lang=\"sl-SI\"><b>\u00a0<\/b><\/span><\/span><\/span><\/span><\/span><\/p>\n<\/div>\n<\/div><\/div><\/div><\/div><\/div><div id=\"pg-gb1925-69ef6bc992d2c-33\"  class=\"panel-grid panel-has-style\" ><div class=\"hiperlink-mini panel-row-style panel-row-style-for-gb1925-69ef6bc992d2c-33\" ><div id=\"pgc-gb1925-69ef6bc992d2c-33-0\"  class=\"panel-grid-cell\" ><div id=\"panel-gb1925-69ef6bc992d2c-33-0-0\" class=\"so-panel widget widget_sow-editor panel-first-child panel-last-child\" data-index=\"51\" ><div\n\t\t\t\n\t\t\tclass=\"so-widget-sow-editor so-widget-sow-editor-base\"\n\t\t\t\n\t\t>\n<div class=\"siteorigin-widget-tinymce textwidget\">\n\t<p style=\"text-align: left;\" align=\"center\"><span style=\"font-family: Times New Roman, serif;\"><span style=\"font-size: small;\"><span style=\"font-family: Helvetica, serif;\"><span style=\"font-size: medium;\"><span lang=\"sl-SI\"><b>\u21d0 Prej\u0161nji prispevek: <\/b><\/span><\/span><\/span><a href=\"https:\/\/odgovoren-za-zdravje.si\/ali-so-cepiva-proti-c-19-ucinkovita\/\"><span style=\"font-family: Helvetica, serif;\"><span style=\"font-size: medium;\"><span lang=\"sl-SI\"><u><b>Ali so cepiva proti C-19 u\u010dinkovita?<\/b><\/u><\/span><\/span><\/span><u><b><\/b><\/u><\/a><\/span><\/span><\/p>\n<\/div>\n<\/div><\/div><\/div><\/div><\/div><\/div>","protected":false},"excerpt":{"rendered":"<p>&#8216;Cepiva&#8217; proti Covidu-19 so bila razvita v naglici in pod pritiskom z argumentom re\u0161evanja zdravstva pred preobremenjenostjo in kolapsom. Navadno [&hellip;]<\/p>\n","protected":false},"author":3,"featured_media":0,"parent":0,"menu_order":0,"comment_status":"closed","ping_status":"closed","template":"","meta":{"footnotes":""},"class_list":["post-1925","page","type-page","status-publish","hentry"],"_links":{"self":[{"href":"https:\/\/odgovoren-za-zdravje.si\/index.php?rest_route=\/wp\/v2\/pages\/1925","targetHints":{"allow":["GET"]}}],"collection":[{"href":"https:\/\/odgovoren-za-zdravje.si\/index.php?rest_route=\/wp\/v2\/pages"}],"about":[{"href":"https:\/\/odgovoren-za-zdravje.si\/index.php?rest_route=\/wp\/v2\/types\/page"}],"author":[{"embeddable":true,"href":"https:\/\/odgovoren-za-zdravje.si\/index.php?rest_route=\/wp\/v2\/users\/3"}],"replies":[{"embeddable":true,"href":"https:\/\/odgovoren-za-zdravje.si\/index.php?rest_route=%2Fwp%2Fv2%2Fcomments&post=1925"}],"version-history":[{"count":44,"href":"https:\/\/odgovoren-za-zdravje.si\/index.php?rest_route=\/wp\/v2\/pages\/1925\/revisions"}],"predecessor-version":[{"id":10061,"href":"https:\/\/odgovoren-za-zdravje.si\/index.php?rest_route=\/wp\/v2\/pages\/1925\/revisions\/10061"}],"wp:attachment":[{"href":"https:\/\/odgovoren-za-zdravje.si\/index.php?rest_route=%2Fwp%2Fv2%2Fmedia&parent=1925"}],"curies":[{"name":"wp","href":"https:\/\/api.w.org\/{rel}","templated":true}]}}